{"id":1705,"date":"2026-04-21T13:49:04","date_gmt":"2026-04-21T16:49:04","guid":{"rendered":"https:\/\/midiatica.com\/jornada\/?page_id=1705"},"modified":"2026-04-29T08:11:10","modified_gmt":"2026-04-29T11:11:10","slug":"jornada-o-mercado-o-carbono-e-o-cafe-regenerativo","status":"publish","type":"page","link":"https:\/\/jornadacafecarbononeutro.com.br\/wordpress\/","title":{"rendered":"Jornada O Mercado, o carbono e o caf\u00e9 regenerativo"},"content":{"rendered":"\t\t<div data-elementor-type=\"wp-page\" data-elementor-id=\"1705\" class=\"elementor elementor-1705\" data-elementor-post-type=\"page\">\n\t\t\t\t<div class=\"elementor-element elementor-element-57576768 elementor-hidden-tablet elementor-hidden-mobile e-flex e-con-boxed e-con e-parent\" data-id=\"57576768\" data-element_type=\"container\" data-e-type=\"container\" data-settings=\"{&quot;background_background&quot;:&quot;classic&quot;,&quot;sticky&quot;:&quot;top&quot;,&quot;sticky_on&quot;:[&quot;desktop&quot;,&quot;laptop&quot;,&quot;tablet&quot;,&quot;mobile&quot;],&quot;sticky_offset&quot;:0,&quot;sticky_effects_offset&quot;:0,&quot;sticky_anchor_link_offset&quot;:0}\">\n\t\t\t\t\t<div class=\"e-con-inner\">\n\t\t<div class=\"elementor-element elementor-element-5c24d27b e-con-full e-flex e-con e-child\" data-id=\"5c24d27b\" data-element_type=\"container\" data-e-type=\"container\">\n\t\t\t\t<div class=\"elementor-element elementor-element-1ad1ac26 elementor-widget elementor-widget-image\" data-id=\"1ad1ac26\" data-element_type=\"widget\" data-e-type=\"widget\" data-widget_type=\"image.default\">\n\t\t\t\t<div class=\"elementor-widget-container\">\n\t\t\t\t\t\t\t\t\t\t\t\t\t\t\t\t<a href=\"https:\/\/jornadacafecarbononeutro.com.br\/wordpress\/#inicio\">\n\t\t\t\t\t\t\t<img decoding=\"async\" width=\"208\" height=\"109\" src=\"https:\/\/jornadacafecarbononeutro.com.br\/wordpress\/wp-content\/uploads\/2026\/04\/logo-jornada.webp\" class=\"elementor-animation-grow attachment-large size-large wp-image-1709\" alt=\"\" \/>\t\t\t\t\t\t\t\t<\/a>\n\t\t\t\t\t\t\t\t\t\t\t\t\t\t\t<\/div>\n\t\t\t\t<\/div>\n\t\t\t\t<\/div>\n\t\t<div class=\"elementor-element elementor-element-703fba8a e-con-full e-flex e-con e-child\" data-id=\"703fba8a\" data-element_type=\"container\" data-e-type=\"container\">\n\t\t\t\t<div class=\"elementor-element elementor-element-42180925 elementor-align-start elementor-icon-list--layout-traditional elementor-list-item-link-full_width elementor-widget elementor-widget-icon-list\" data-id=\"42180925\" data-element_type=\"widget\" data-e-type=\"widget\" data-widget_type=\"icon-list.default\">\n\t\t\t\t<div class=\"elementor-widget-container\">\n\t\t\t\t\t\t\t<ul class=\"elementor-icon-list-items\">\n\t\t\t\t\t\t\t<li class=\"elementor-icon-list-item\">\n\t\t\t\t\t\t\t\t\t\t\t<span class=\"elementor-icon-list-icon\">\n\t\t\t\t\t\t\t<svg aria-hidden=\"true\" class=\"e-font-icon-svg e-far-calendar-check\" viewBox=\"0 0 448 512\" xmlns=\"http:\/\/www.w3.org\/2000\/svg\"><path d=\"M400 64h-48V12c0-6.627-5.373-12-12-12h-40c-6.627 0-12 5.373-12 12v52H160V12c0-6.627-5.373-12-12-12h-40c-6.627 0-12 5.373-12 12v52H48C21.49 64 0 85.49 0 112v352c0 26.51 21.49 48 48 48h352c26.51 0 48-21.49 48-48V112c0-26.51-21.49-48-48-48zm-6 400H54a6 6 0 0 1-6-6V160h352v298a6 6 0 0 1-6 6zm-52.849-200.65L198.842 404.519c-4.705 4.667-12.303 4.637-16.971-.068l-75.091-75.699c-4.667-4.705-4.637-12.303.068-16.971l22.719-22.536c4.705-4.667 12.303-4.637 16.97.069l44.104 44.461 111.072-110.181c4.705-4.667 12.303-4.637 16.971.068l22.536 22.718c4.667 4.705 4.636 12.303-.069 16.97z\"><\/path><\/svg>\t\t\t\t\t\t<\/span>\n\t\t\t\t\t\t\t\t\t\t<span class=\"elementor-icon-list-text\"><b>10<\/b> de <b> Junho<\/span>\n\t\t\t\t\t\t\t\t\t<\/li>\n\t\t\t\t\t\t<\/ul>\n\t\t\t\t\t\t<\/div>\n\t\t\t\t<\/div>\n\t\t\t\t<\/div>\n\t\t<div class=\"elementor-element elementor-element-70d8c37e e-flex e-con-boxed e-con e-child\" data-id=\"70d8c37e\" data-element_type=\"container\" data-e-type=\"container\">\n\t\t\t\t\t<div class=\"e-con-inner\">\n\t\t\t\t<div class=\"elementor-element elementor-element-39414671 e-transform elementor-widget elementor-widget-heading\" data-id=\"39414671\" data-element_type=\"widget\" data-e-type=\"widget\" data-settings=\"{&quot;_transform_scale_effect_hover&quot;:{&quot;unit&quot;:&quot;px&quot;,&quot;size&quot;:1.1999999999999999555910790149937383830547332763671875,&quot;sizes&quot;:[]},&quot;_transform_scale_effect_hover_laptop&quot;:{&quot;unit&quot;:&quot;px&quot;,&quot;size&quot;:&quot;&quot;,&quot;sizes&quot;:[]},&quot;_transform_scale_effect_hover_tablet&quot;:{&quot;unit&quot;:&quot;px&quot;,&quot;size&quot;:&quot;&quot;,&quot;sizes&quot;:[]},&quot;_transform_scale_effect_hover_mobile&quot;:{&quot;unit&quot;:&quot;px&quot;,&quot;size&quot;:&quot;&quot;,&quot;sizes&quot;:[]}}\" data-widget_type=\"heading.default\">\n\t\t\t\t<div class=\"elementor-widget-container\">\n\t\t\t\t\t<h4 class=\"elementor-heading-title elementor-size-default\"><a href=\"#top\">In\u00edcio<\/a><\/h4>\t\t\t\t<\/div>\n\t\t\t\t<\/div>\n\t\t\t\t<div class=\"elementor-element elementor-element-12f415ae e-transform elementor-widget elementor-widget-heading\" data-id=\"12f415ae\" data-element_type=\"widget\" data-e-type=\"widget\" data-settings=\"{&quot;_transform_scale_effect_hover&quot;:{&quot;unit&quot;:&quot;px&quot;,&quot;size&quot;:1.1999999999999999555910790149937383830547332763671875,&quot;sizes&quot;:[]},&quot;_transform_scale_effect_hover_laptop&quot;:{&quot;unit&quot;:&quot;px&quot;,&quot;size&quot;:&quot;&quot;,&quot;sizes&quot;:[]},&quot;_transform_scale_effect_hover_tablet&quot;:{&quot;unit&quot;:&quot;px&quot;,&quot;size&quot;:&quot;&quot;,&quot;sizes&quot;:[]},&quot;_transform_scale_effect_hover_mobile&quot;:{&quot;unit&quot;:&quot;px&quot;,&quot;size&quot;:&quot;&quot;,&quot;sizes&quot;:[]}}\" data-widget_type=\"heading.default\">\n\t\t\t\t<div class=\"elementor-widget-container\">\n\t\t\t\t\t<h4 class=\"elementor-heading-title elementor-size-default\"><a href=\"#evento\">O Evento<\/a><\/h4>\t\t\t\t<\/div>\n\t\t\t\t<\/div>\n\t\t\t\t<div class=\"elementor-element elementor-element-14417ffc e-transform elementor-widget elementor-widget-heading\" data-id=\"14417ffc\" data-element_type=\"widget\" data-e-type=\"widget\" data-settings=\"{&quot;_transform_scale_effect_hover&quot;:{&quot;unit&quot;:&quot;px&quot;,&quot;size&quot;:1.1999999999999999555910790149937383830547332763671875,&quot;sizes&quot;:[]},&quot;_transform_scale_effect_hover_laptop&quot;:{&quot;unit&quot;:&quot;px&quot;,&quot;size&quot;:&quot;&quot;,&quot;sizes&quot;:[]},&quot;_transform_scale_effect_hover_tablet&quot;:{&quot;unit&quot;:&quot;px&quot;,&quot;size&quot;:&quot;&quot;,&quot;sizes&quot;:[]},&quot;_transform_scale_effect_hover_mobile&quot;:{&quot;unit&quot;:&quot;px&quot;,&quot;size&quot;:&quot;&quot;,&quot;sizes&quot;:[]}}\" data-widget_type=\"heading.default\">\n\t\t\t\t<div class=\"elementor-widget-container\">\n\t\t\t\t\t<h4 class=\"elementor-heading-title elementor-size-default\"><a href=\"#programacao\">Programa\u00e7\u00e3o<\/a><\/h4>\t\t\t\t<\/div>\n\t\t\t\t<\/div>\n\t\t\t\t<div class=\"elementor-element elementor-element-10c202d6 e-transform elementor-widget elementor-widget-heading\" data-id=\"10c202d6\" data-element_type=\"widget\" data-e-type=\"widget\" data-settings=\"{&quot;_transform_scale_effect_hover&quot;:{&quot;unit&quot;:&quot;px&quot;,&quot;size&quot;:1.1999999999999999555910790149937383830547332763671875,&quot;sizes&quot;:[]},&quot;_transform_scale_effect_hover_laptop&quot;:{&quot;unit&quot;:&quot;px&quot;,&quot;size&quot;:&quot;&quot;,&quot;sizes&quot;:[]},&quot;_transform_scale_effect_hover_tablet&quot;:{&quot;unit&quot;:&quot;px&quot;,&quot;size&quot;:&quot;&quot;,&quot;sizes&quot;:[]},&quot;_transform_scale_effect_hover_mobile&quot;:{&quot;unit&quot;:&quot;px&quot;,&quot;size&quot;:&quot;&quot;,&quot;sizes&quot;:[]}}\" data-widget_type=\"heading.default\">\n\t\t\t\t<div class=\"elementor-widget-container\">\n\t\t\t\t\t<h4 class=\"elementor-heading-title elementor-size-default\"><a href=\"#local\">Local de Realiza\u00e7\u00e3o<\/a><\/h4>\t\t\t\t<\/div>\n\t\t\t\t<\/div>\n\t\t\t\t\t<\/div>\n\t\t\t\t<\/div>\n\t\t\t\t\t<\/div>\n\t\t\t\t<\/div>\n\t\t<div class=\"elementor-element elementor-element-fca723f elementor-hidden-desktop elementor-hidden-laptop elementor-hidden-mobile e-flex e-con-boxed e-con e-parent\" data-id=\"fca723f\" data-element_type=\"container\" data-e-type=\"container\" data-settings=\"{&quot;background_background&quot;:&quot;classic&quot;,&quot;sticky&quot;:&quot;top&quot;,&quot;sticky_on&quot;:[&quot;desktop&quot;,&quot;laptop&quot;,&quot;tablet&quot;,&quot;mobile&quot;],&quot;sticky_offset&quot;:0,&quot;sticky_effects_offset&quot;:0,&quot;sticky_anchor_link_offset&quot;:0}\">\n\t\t\t\t\t<div class=\"e-con-inner\">\n\t\t<div class=\"elementor-element elementor-element-497ad07d e-con-full e-flex e-con e-child\" data-id=\"497ad07d\" data-element_type=\"container\" data-e-type=\"container\">\n\t\t\t\t<div class=\"elementor-element elementor-element-46d01e94 elementor-icon-list--layout-traditional elementor-list-item-link-full_width elementor-widget elementor-widget-icon-list\" data-id=\"46d01e94\" data-element_type=\"widget\" data-e-type=\"widget\" data-widget_type=\"icon-list.default\">\n\t\t\t\t<div class=\"elementor-widget-container\">\n\t\t\t\t\t\t\t<ul class=\"elementor-icon-list-items\">\n\t\t\t\t\t\t\t<li class=\"elementor-icon-list-item\">\n\t\t\t\t\t\t\t\t\t\t\t<span class=\"elementor-icon-list-icon\">\n\t\t\t\t\t\t\t<svg aria-hidden=\"true\" class=\"e-font-icon-svg e-far-calendar-check\" viewBox=\"0 0 448 512\" xmlns=\"http:\/\/www.w3.org\/2000\/svg\"><path d=\"M400 64h-48V12c0-6.627-5.373-12-12-12h-40c-6.627 0-12 5.373-12 12v52H160V12c0-6.627-5.373-12-12-12h-40c-6.627 0-12 5.373-12 12v52H48C21.49 64 0 85.49 0 112v352c0 26.51 21.49 48 48 48h352c26.51 0 48-21.49 48-48V112c0-26.51-21.49-48-48-48zm-6 400H54a6 6 0 0 1-6-6V160h352v298a6 6 0 0 1-6 6zm-52.849-200.65L198.842 404.519c-4.705 4.667-12.303 4.637-16.971-.068l-75.091-75.699c-4.667-4.705-4.637-12.303.068-16.971l22.719-22.536c4.705-4.667 12.303-4.637 16.97.069l44.104 44.461 111.072-110.181c4.705-4.667 12.303-4.637 16.971.068l22.536 22.718c4.667 4.705 4.636 12.303-.069 16.97z\"><\/path><\/svg>\t\t\t\t\t\t<\/span>\n\t\t\t\t\t\t\t\t\t\t<span class=\"elementor-icon-list-text\"><b>15<\/b> de <b> Maio<\/span>\n\t\t\t\t\t\t\t\t\t<\/li>\n\t\t\t\t\t\t<\/ul>\n\t\t\t\t\t\t<\/div>\n\t\t\t\t<\/div>\n\t\t\t\t<\/div>\n\t\t<div class=\"elementor-element elementor-element-4279e234 e-flex e-con-boxed e-con e-child\" data-id=\"4279e234\" data-element_type=\"container\" data-e-type=\"container\">\n\t\t\t\t\t<div class=\"e-con-inner\">\n\t\t\t\t<div class=\"elementor-element elementor-element-1f329763 e-transform elementor-widget elementor-widget-heading\" data-id=\"1f329763\" data-element_type=\"widget\" data-e-type=\"widget\" data-settings=\"{&quot;_transform_scale_effect_hover&quot;:{&quot;unit&quot;:&quot;px&quot;,&quot;size&quot;:1.1999999999999999555910790149937383830547332763671875,&quot;sizes&quot;:[]},&quot;_transform_scale_effect_hover_laptop&quot;:{&quot;unit&quot;:&quot;px&quot;,&quot;size&quot;:&quot;&quot;,&quot;sizes&quot;:[]},&quot;_transform_scale_effect_hover_tablet&quot;:{&quot;unit&quot;:&quot;px&quot;,&quot;size&quot;:&quot;&quot;,&quot;sizes&quot;:[]},&quot;_transform_scale_effect_hover_mobile&quot;:{&quot;unit&quot;:&quot;px&quot;,&quot;size&quot;:&quot;&quot;,&quot;sizes&quot;:[]}}\" data-widget_type=\"heading.default\">\n\t\t\t\t<div class=\"elementor-widget-container\">\n\t\t\t\t\t<h4 class=\"elementor-heading-title elementor-size-default\"><a href=\"#inicio\">In\u00edcio<\/a><\/h4>\t\t\t\t<\/div>\n\t\t\t\t<\/div>\n\t\t\t\t<div class=\"elementor-element elementor-element-748f80f8 e-transform elementor-widget elementor-widget-heading\" data-id=\"748f80f8\" data-element_type=\"widget\" data-e-type=\"widget\" data-settings=\"{&quot;_transform_scale_effect_hover&quot;:{&quot;unit&quot;:&quot;px&quot;,&quot;size&quot;:1.1999999999999999555910790149937383830547332763671875,&quot;sizes&quot;:[]},&quot;_transform_scale_effect_hover_laptop&quot;:{&quot;unit&quot;:&quot;px&quot;,&quot;size&quot;:&quot;&quot;,&quot;sizes&quot;:[]},&quot;_transform_scale_effect_hover_tablet&quot;:{&quot;unit&quot;:&quot;px&quot;,&quot;size&quot;:&quot;&quot;,&quot;sizes&quot;:[]},&quot;_transform_scale_effect_hover_mobile&quot;:{&quot;unit&quot;:&quot;px&quot;,&quot;size&quot;:&quot;&quot;,&quot;sizes&quot;:[]}}\" data-widget_type=\"heading.default\">\n\t\t\t\t<div class=\"elementor-widget-container\">\n\t\t\t\t\t<h4 class=\"elementor-heading-title elementor-size-default\"><a href=\"#evento\">O Evento<\/a><\/h4>\t\t\t\t<\/div>\n\t\t\t\t<\/div>\n\t\t\t\t<div class=\"elementor-element elementor-element-5f5d817f e-transform elementor-widget elementor-widget-heading\" data-id=\"5f5d817f\" data-element_type=\"widget\" data-e-type=\"widget\" data-settings=\"{&quot;_transform_scale_effect_hover&quot;:{&quot;unit&quot;:&quot;px&quot;,&quot;size&quot;:1.1999999999999999555910790149937383830547332763671875,&quot;sizes&quot;:[]},&quot;_transform_scale_effect_hover_laptop&quot;:{&quot;unit&quot;:&quot;px&quot;,&quot;size&quot;:&quot;&quot;,&quot;sizes&quot;:[]},&quot;_transform_scale_effect_hover_tablet&quot;:{&quot;unit&quot;:&quot;px&quot;,&quot;size&quot;:&quot;&quot;,&quot;sizes&quot;:[]},&quot;_transform_scale_effect_hover_mobile&quot;:{&quot;unit&quot;:&quot;px&quot;,&quot;size&quot;:&quot;&quot;,&quot;sizes&quot;:[]}}\" data-widget_type=\"heading.default\">\n\t\t\t\t<div class=\"elementor-widget-container\">\n\t\t\t\t\t<h4 class=\"elementor-heading-title elementor-size-default\"><a href=\"#programacao\">Programa\u00e7\u00e3o<\/a><\/h4>\t\t\t\t<\/div>\n\t\t\t\t<\/div>\n\t\t\t\t<div class=\"elementor-element elementor-element-1cdc1577 e-transform elementor-widget elementor-widget-heading\" data-id=\"1cdc1577\" data-element_type=\"widget\" data-e-type=\"widget\" data-settings=\"{&quot;_transform_scale_effect_hover&quot;:{&quot;unit&quot;:&quot;px&quot;,&quot;size&quot;:1.1999999999999999555910790149937383830547332763671875,&quot;sizes&quot;:[]},&quot;_transform_scale_effect_hover_laptop&quot;:{&quot;unit&quot;:&quot;px&quot;,&quot;size&quot;:&quot;&quot;,&quot;sizes&quot;:[]},&quot;_transform_scale_effect_hover_tablet&quot;:{&quot;unit&quot;:&quot;px&quot;,&quot;size&quot;:&quot;&quot;,&quot;sizes&quot;:[]},&quot;_transform_scale_effect_hover_mobile&quot;:{&quot;unit&quot;:&quot;px&quot;,&quot;size&quot;:&quot;&quot;,&quot;sizes&quot;:[]}}\" data-widget_type=\"heading.default\">\n\t\t\t\t<div class=\"elementor-widget-container\">\n\t\t\t\t\t<h4 class=\"elementor-heading-title elementor-size-default\"><a href=\"#local\">Local de Realiza\u00e7\u00e3o<\/a><\/h4>\t\t\t\t<\/div>\n\t\t\t\t<\/div>\n\t\t\t\t<div class=\"elementor-element elementor-element-1ff83b7f e-transform elementor-widget elementor-widget-heading\" data-id=\"1ff83b7f\" data-element_type=\"widget\" data-e-type=\"widget\" data-settings=\"{&quot;_transform_scale_effect_hover&quot;:{&quot;unit&quot;:&quot;px&quot;,&quot;size&quot;:1.1999999999999999555910790149937383830547332763671875,&quot;sizes&quot;:[]},&quot;_transform_scale_effect_hover_laptop&quot;:{&quot;unit&quot;:&quot;px&quot;,&quot;size&quot;:&quot;&quot;,&quot;sizes&quot;:[]},&quot;_transform_scale_effect_hover_tablet&quot;:{&quot;unit&quot;:&quot;px&quot;,&quot;size&quot;:&quot;&quot;,&quot;sizes&quot;:[]},&quot;_transform_scale_effect_hover_mobile&quot;:{&quot;unit&quot;:&quot;px&quot;,&quot;size&quot;:&quot;&quot;,&quot;sizes&quot;:[]}}\" data-widget_type=\"heading.default\">\n\t\t\t\t<div class=\"elementor-widget-container\">\n\t\t\t\t\t<h4 class=\"elementor-heading-title elementor-size-default\"><a href=\"#patrocinador\">Seja um Patrocinador<\/a><\/h4>\t\t\t\t<\/div>\n\t\t\t\t<\/div>\n\t\t\t\t\t<\/div>\n\t\t\t\t<\/div>\n\t\t\t\t\t<\/div>\n\t\t\t\t<\/div>\n\t\t<div class=\"elementor-element elementor-element-5535c359 e-flex e-con-boxed e-con e-parent\" data-id=\"5535c359\" data-element_type=\"container\" data-e-type=\"container\" data-settings=\"{&quot;background_background&quot;:&quot;classic&quot;}\">\n\t\t\t\t\t<div class=\"e-con-inner\">\n\t\t<div class=\"elementor-element elementor-element-25bd628 e-con-full e-flex e-con e-child\" data-id=\"25bd628\" data-element_type=\"container\" data-e-type=\"container\">\n\t\t\t\t<div class=\"elementor-element elementor-element-286b2b6 elementor-widget elementor-widget-image\" data-id=\"286b2b6\" data-element_type=\"widget\" data-e-type=\"widget\" data-widget_type=\"image.default\">\n\t\t\t\t<div class=\"elementor-widget-container\">\n\t\t\t\t\t\t\t\t\t\t\t\t\t\t\t<img decoding=\"async\" width=\"208\" height=\"109\" src=\"https:\/\/jornadacafecarbononeutro.com.br\/wordpress\/wp-content\/uploads\/2026\/04\/logo-jornada.webp\" class=\"attachment-large size-large wp-image-1709\" alt=\"\" \/>\t\t\t\t\t\t\t\t\t\t\t\t\t\t\t<\/div>\n\t\t\t\t<\/div>\n\t\t\t\t<div class=\"elementor-element elementor-element-2cab0fc elementor-mobile-align-justify elementor-widget elementor-widget-button\" data-id=\"2cab0fc\" data-element_type=\"widget\" data-e-type=\"widget\" data-widget_type=\"button.default\">\n\t\t\t\t<div class=\"elementor-widget-container\">\n\t\t\t\t\t\t\t\t\t<div class=\"elementor-button-wrapper\">\n\t\t\t\t\t<a class=\"elementor-button elementor-button-link elementor-size-sm elementor-animation-pulse\" href=\"#inscricao\">\n\t\t\t\t\t\t<span class=\"elementor-button-content-wrapper\">\n\t\t\t\t\t\t\t\t\t<span class=\"elementor-button-text\">Inscreva-se Agora<\/span>\n\t\t\t\t\t<\/span>\n\t\t\t\t\t<\/a>\n\t\t\t\t<\/div>\n\t\t\t\t\t\t\t\t<\/div>\n\t\t\t\t<\/div>\n\t\t\t\t<div class=\"elementor-element elementor-element-c873083 elementor-widget elementor-widget-image\" data-id=\"c873083\" data-element_type=\"widget\" data-e-type=\"widget\" data-widget_type=\"image.default\">\n\t\t\t\t<div class=\"elementor-widget-container\">\n\t\t\t\t\t\t\t\t\t\t\t\t\t\t\t<img decoding=\"async\" width=\"186\" height=\"54\" src=\"https:\/\/jornadacafecarbononeutro.com.br\/wordpress\/wp-content\/uploads\/2026\/04\/jornada-data.webp\" class=\"attachment-large size-large wp-image-1711\" alt=\"\" \/>\t\t\t\t\t\t\t\t\t\t\t\t\t\t\t<\/div>\n\t\t\t\t<\/div>\n\t\t\t\t<\/div>\n\t\t\t\t\t<\/div>\n\t\t\t\t<\/div>\n\t\t<div class=\"elementor-element elementor-element-f6db5e0 e-flex e-con-boxed e-con e-parent\" data-id=\"f6db5e0\" data-element_type=\"container\" data-e-type=\"container\" data-settings=\"{&quot;background_background&quot;:&quot;classic&quot;}\">\n\t\t\t\t\t<div class=\"e-con-inner\">\n\t\t<div class=\"elementor-element elementor-element-890aa16 e-con-full e-flex e-con e-child\" data-id=\"890aa16\" data-element_type=\"container\" data-e-type=\"container\">\n\t\t\t\t<div class=\"elementor-element elementor-element-101b61f e-transform elementor-widget elementor-widget-image\" data-id=\"101b61f\" data-element_type=\"widget\" data-e-type=\"widget\" data-settings=\"{&quot;motion_fx_motion_fx_scrolling&quot;:&quot;yes&quot;,&quot;motion_fx_translateY_effect&quot;:&quot;yes&quot;,&quot;motion_fx_translateY_speed&quot;:{&quot;unit&quot;:&quot;px&quot;,&quot;size&quot;:1,&quot;sizes&quot;:[]},&quot;motion_fx_translateX_effect&quot;:&quot;yes&quot;,&quot;motion_fx_translateX_speed&quot;:{&quot;unit&quot;:&quot;px&quot;,&quot;size&quot;:2,&quot;sizes&quot;:[]},&quot;_transform_flipX_effect&quot;:&quot;transform&quot;,&quot;motion_fx_translateY_affectedRange&quot;:{&quot;unit&quot;:&quot;%&quot;,&quot;size&quot;:&quot;&quot;,&quot;sizes&quot;:{&quot;start&quot;:0,&quot;end&quot;:100}},&quot;motion_fx_translateX_affectedRange&quot;:{&quot;unit&quot;:&quot;%&quot;,&quot;size&quot;:&quot;&quot;,&quot;sizes&quot;:{&quot;start&quot;:0,&quot;end&quot;:100}},&quot;motion_fx_devices&quot;:[&quot;desktop&quot;,&quot;laptop&quot;,&quot;tablet&quot;,&quot;mobile&quot;]}\" data-widget_type=\"image.default\">\n\t\t\t\t<div class=\"elementor-widget-container\">\n\t\t\t\t\t\t\t\t\t\t\t\t\t\t\t<img loading=\"lazy\" decoding=\"async\" width=\"345\" height=\"228\" src=\"https:\/\/jornadacafecarbononeutro.com.br\/wordpress\/wp-content\/uploads\/2026\/04\/jornada-arara-01.webp\" class=\"attachment-large size-large wp-image-1737\" alt=\"\" srcset=\"https:\/\/jornadacafecarbononeutro.com.br\/wordpress\/wp-content\/uploads\/2026\/04\/jornada-arara-01.webp 345w, https:\/\/jornadacafecarbononeutro.com.br\/wordpress\/wp-content\/uploads\/2026\/04\/jornada-arara-01-300x198.webp 300w\" sizes=\"(max-width: 345px) 100vw, 345px\" \/>\t\t\t\t\t\t\t\t\t\t\t\t\t\t\t<\/div>\n\t\t\t\t<\/div>\n\t\t\t\t<\/div>\n\t\t<div class=\"elementor-element elementor-element-1a30b90 e-con-full e-flex e-con e-child\" data-id=\"1a30b90\" data-element_type=\"container\" data-e-type=\"container\">\n\t\t\t\t<\/div>\n\t\t\t\t\t<\/div>\n\t\t\t\t<\/div>\n\t\t<div class=\"elementor-element elementor-element-365c40ad e-flex e-con-boxed e-con e-parent\" data-id=\"365c40ad\" data-element_type=\"container\" data-e-type=\"container\" id=\"evento\" data-settings=\"{&quot;background_background&quot;:&quot;classic&quot;}\">\n\t\t\t\t\t<div class=\"e-con-inner\">\n\t\t<div class=\"elementor-element elementor-element-350e738d e-con-full e-flex e-con e-child\" data-id=\"350e738d\" data-element_type=\"container\" data-e-type=\"container\">\n\t\t\t\t<div class=\"elementor-element elementor-element-4636ce11 elementor-widget elementor-widget-heading\" data-id=\"4636ce11\" data-element_type=\"widget\" data-e-type=\"widget\" data-widget_type=\"heading.default\">\n\t\t\t\t<div class=\"elementor-widget-container\">\n\t\t\t\t\t<h2 class=\"elementor-heading-title elementor-size-default\">o evento<\/h2>\t\t\t\t<\/div>\n\t\t\t\t<\/div>\n\t\t\t\t<div class=\"elementor-element elementor-element-28637f0d elementor-widget elementor-widget-text-editor\" data-id=\"28637f0d\" data-element_type=\"widget\" data-e-type=\"widget\" data-widget_type=\"text-editor.default\">\n\t\t\t\t<div class=\"elementor-widget-container\">\n\t\t\t\t\t\t\t\t\t<p><span style=\"font-weight: 400;\">A<strong> 3\u00aa Jornada<\/strong> consolida a <strong>monteCCer<\/strong> como protagonista na cafeicultura do futuro. Al\u00e9m da neutralidade de carbono, o foco agora \u00e9 o <strong>Caf\u00e9 Regenerativo: um modelo que prioriza a sa\u00fade do solo, a biodiversidade e a resili\u00eancia clim\u00e1tica.<\/strong><\/span><\/p><p><span style=\"font-weight: 400;\">Em um cen\u00e1rio global onde o mercado exige rastreabilidade e pr\u00e1ticas sustent\u00e1veis comprovadas, a Jornada \u00e9 o ponto de encontro essencial para produtores, especialistas e empresas que buscam transformar desafios em valor agregado, unindo tecnologia de ponta ao equil\u00edbrio do ecossistema cafeeiro.<\/span><\/p>\t\t\t\t\t\t\t\t<\/div>\n\t\t\t\t<\/div>\n\t\t\t\t<div class=\"elementor-element elementor-element-3159ada elementor-mobile-align-justify elementor-align-center elementor-widget elementor-widget-button\" data-id=\"3159ada\" data-element_type=\"widget\" data-e-type=\"widget\" data-widget_type=\"button.default\">\n\t\t\t\t<div class=\"elementor-widget-container\">\n\t\t\t\t\t\t\t\t\t<div class=\"elementor-button-wrapper\">\n\t\t\t\t\t<a class=\"elementor-button elementor-button-link elementor-size-sm elementor-animation-pulse\" href=\"#inscricao\">\n\t\t\t\t\t\t<span class=\"elementor-button-content-wrapper\">\n\t\t\t\t\t\t\t\t\t<span class=\"elementor-button-text\">Inscreva-se Agora<\/span>\n\t\t\t\t\t<\/span>\n\t\t\t\t\t<\/a>\n\t\t\t\t<\/div>\n\t\t\t\t\t\t\t\t<\/div>\n\t\t\t\t<\/div>\n\t\t\t\t<\/div>\n\t\t\t\t\t<\/div>\n\t\t\t\t<\/div>\n\t\t<div class=\"elementor-element elementor-element-91d2b07 e-con-full e-flex e-con e-parent\" data-id=\"91d2b07\" data-element_type=\"container\" data-e-type=\"container\" data-settings=\"{&quot;background_background&quot;:&quot;classic&quot;}\">\n\t\t<div class=\"elementor-element elementor-element-7dbc825 e-flex e-con-boxed e-con e-child\" data-id=\"7dbc825\" data-element_type=\"container\" data-e-type=\"container\">\n\t\t\t\t\t<div class=\"e-con-inner\">\n\t\t\t\t<div class=\"elementor-element elementor-element-3654676 elementor-widget-mobile__width-initial elementor-widget elementor-widget-heading\" data-id=\"3654676\" data-element_type=\"widget\" data-e-type=\"widget\" data-widget_type=\"heading.default\">\n\t\t\t\t<div class=\"elementor-widget-container\">\n\t\t\t\t\t<p class=\"elementor-heading-title elementor-size-default\">Realiza\u00e7\u00e3o<\/p>\t\t\t\t<\/div>\n\t\t\t\t<\/div>\n\t\t\t\t\t<\/div>\n\t\t\t\t<\/div>\n\t\t<div class=\"elementor-element elementor-element-75bee56 e-con-full e-flex e-con e-child\" data-id=\"75bee56\" data-element_type=\"container\" data-e-type=\"container\">\n\t\t\t\t<div class=\"elementor-element elementor-element-dfb40bc elementor-widget-mobile__width-initial elementor-widget elementor-widget-image\" data-id=\"dfb40bc\" data-element_type=\"widget\" data-e-type=\"widget\" data-widget_type=\"image.default\">\n\t\t\t\t<div class=\"elementor-widget-container\">\n\t\t\t\t\t\t\t\t\t\t\t\t\t\t\t<img decoding=\"async\" src=\"https:\/\/jornadacafecarbononeutro.com.br\/wordpress\/wp-content\/uploads\/elementor\/thumbs\/logo-regiao-cerrado-mineiro-wh-rmejdh4zu45cktzcdh2idkjwkyoqvryq30py0x3sle.webp\" title=\"logo-regi\u00e3o-cerrado-mineiro-wh\" alt=\"logo-regi\u00e3o-cerrado-mineiro-wh\" loading=\"lazy\" \/>\t\t\t\t\t\t\t\t\t\t\t\t\t\t\t<\/div>\n\t\t\t\t<\/div>\n\t\t\t\t<div class=\"elementor-element elementor-element-9668691 elementor-widget-mobile__width-initial elementor-widget elementor-widget-image\" data-id=\"9668691\" data-element_type=\"widget\" data-e-type=\"widget\" data-widget_type=\"image.default\">\n\t\t\t\t<div class=\"elementor-widget-container\">\n\t\t\t\t\t\t\t\t\t\t\t\t\t\t\t<img decoding=\"async\" src=\"https:\/\/jornadacafecarbononeutro.com.br\/wordpress\/wp-content\/uploads\/elementor\/thumbs\/MonteCCer_Logo-Negativa2-qmll5scbij8gxxdjj7u7ne9hy511lsiy5hzubjbrpc.png\" title=\"logo monteccer\" alt=\"logo monteccer O mercado e o Caf\u00e9 Carbono Neutro\" loading=\"lazy\" \/>\t\t\t\t\t\t\t\t\t\t\t\t\t\t\t<\/div>\n\t\t\t\t<\/div>\n\t\t\t\t<div class=\"elementor-element elementor-element-5792235 elementor-widget-mobile__width-initial elementor-widget elementor-widget-image\" data-id=\"5792235\" data-element_type=\"widget\" data-e-type=\"widget\" data-widget_type=\"image.default\">\n\t\t\t\t<div class=\"elementor-widget-container\">\n\t\t\t\t\t\t\t\t\t\t\t\t\t\t\t<img decoding=\"async\" src=\"https:\/\/jornadacafecarbononeutro.com.br\/wordpress\/wp-content\/uploads\/elementor\/thumbs\/Sebrae_Logo-Negativa-qmll5scbij8l18ueefkpctfi0wpvuyx6o73eq4mrcw.png\" title=\"logo sebrae O mercado e o Caf\u00e9 Carbono Neutro\" alt=\"logo sebrae O mercado e o Caf\u00e9 Carbono Neutro\" loading=\"lazy\" \/>\t\t\t\t\t\t\t\t\t\t\t\t\t\t\t<\/div>\n\t\t\t\t<\/div>\n\t\t\t\t<div class=\"elementor-element elementor-element-2f79e4c elementor-widget-mobile__width-initial elementor-widget elementor-widget-image\" data-id=\"2f79e4c\" data-element_type=\"widget\" data-e-type=\"widget\" data-widget_type=\"image.default\">\n\t\t\t\t<div class=\"elementor-widget-container\">\n\t\t\t\t\t\t\t\t\t\t\t\t\t\t\t<img decoding=\"async\" src=\"https:\/\/jornadacafecarbononeutro.com.br\/wordpress\/wp-content\/uploads\/elementor\/thumbs\/Imaflora_Logo-Negativa-qmll5scbij8l18ueefkpctfi0wpvuyx6o73eq4mrcw.png\" title=\"logo imaflora O mercado e o Caf\u00e9 Carbono Neutro\" alt=\"logo imaflora O mercado e o Caf\u00e9 Carbono Neutro\" loading=\"lazy\" \/>\t\t\t\t\t\t\t\t\t\t\t\t\t\t\t<\/div>\n\t\t\t\t<\/div>\n\t\t\t\t<div class=\"elementor-element elementor-element-ec0db79 elementor-widget-mobile__width-initial elementor-widget elementor-widget-image\" data-id=\"ec0db79\" data-element_type=\"widget\" data-e-type=\"widget\" data-widget_type=\"image.default\">\n\t\t\t\t<div class=\"elementor-widget-container\">\n\t\t\t\t\t\t\t\t\t\t\t\t\t\t\t<img decoding=\"async\" src=\"https:\/\/jornadacafecarbononeutro.com.br\/wordpress\/wp-content\/uploads\/2024\/03\/logo-cnc.png\" title=\"logo cnc O mercado e o Caf\u00e9 Carbono Neutro\" alt=\"logo cnc O mercado e o Caf\u00e9 Carbono Neutro\" loading=\"lazy\" \/>\t\t\t\t\t\t\t\t\t\t\t\t\t\t\t<\/div>\n\t\t\t\t<\/div>\n\t\t\t\t<\/div>\n\t\t\t\t<\/div>\n\t\t<div class=\"elementor-element elementor-element-0f44a66 e-flex e-con-boxed e-con e-parent\" data-id=\"0f44a66\" data-element_type=\"container\" data-e-type=\"container\" data-settings=\"{&quot;background_background&quot;:&quot;classic&quot;}\">\n\t\t\t\t\t<div class=\"e-con-inner\">\n\t\t<div class=\"elementor-element elementor-element-94f981e e-con-full e-flex e-con e-child\" data-id=\"94f981e\" data-element_type=\"container\" data-e-type=\"container\">\n\t\t\t\t<div class=\"elementor-element elementor-element-9580c01 elementor-widget elementor-widget-image\" data-id=\"9580c01\" data-element_type=\"widget\" data-e-type=\"widget\" data-settings=\"{&quot;motion_fx_motion_fx_scrolling&quot;:&quot;yes&quot;,&quot;motion_fx_translateY_effect&quot;:&quot;yes&quot;,&quot;motion_fx_translateY_direction&quot;:&quot;negative&quot;,&quot;motion_fx_translateY_speed&quot;:{&quot;unit&quot;:&quot;px&quot;,&quot;size&quot;:1,&quot;sizes&quot;:[]},&quot;motion_fx_translateY_affectedRange&quot;:{&quot;unit&quot;:&quot;%&quot;,&quot;size&quot;:&quot;&quot;,&quot;sizes&quot;:{&quot;start&quot;:47,&quot;end&quot;:100}},&quot;motion_fx_translateX_effect&quot;:&quot;yes&quot;,&quot;motion_fx_translateX_speed&quot;:{&quot;unit&quot;:&quot;px&quot;,&quot;size&quot;:2,&quot;sizes&quot;:[]},&quot;motion_fx_translateX_affectedRange&quot;:{&quot;unit&quot;:&quot;%&quot;,&quot;size&quot;:&quot;&quot;,&quot;sizes&quot;:{&quot;start&quot;:0,&quot;end&quot;:100}},&quot;motion_fx_devices&quot;:[&quot;desktop&quot;,&quot;laptop&quot;,&quot;tablet&quot;,&quot;mobile&quot;]}\" data-widget_type=\"image.default\">\n\t\t\t\t<div class=\"elementor-widget-container\">\n\t\t\t\t\t\t\t\t\t\t\t\t\t\t\t<img loading=\"lazy\" decoding=\"async\" width=\"447\" height=\"199\" src=\"https:\/\/jornadacafecarbononeutro.com.br\/wordpress\/wp-content\/uploads\/2026\/04\/jornada-arara-02.webp\" class=\"attachment-large size-large wp-image-1738\" alt=\"\" srcset=\"https:\/\/jornadacafecarbononeutro.com.br\/wordpress\/wp-content\/uploads\/2026\/04\/jornada-arara-02.webp 447w, https:\/\/jornadacafecarbononeutro.com.br\/wordpress\/wp-content\/uploads\/2026\/04\/jornada-arara-02-300x134.webp 300w\" sizes=\"(max-width: 447px) 100vw, 447px\" \/>\t\t\t\t\t\t\t\t\t\t\t\t\t\t\t<\/div>\n\t\t\t\t<\/div>\n\t\t\t\t<\/div>\n\t\t<div class=\"elementor-element elementor-element-45820d8 e-con-full e-flex e-con e-child\" data-id=\"45820d8\" data-element_type=\"container\" data-e-type=\"container\">\n\t\t\t\t<\/div>\n\t\t\t\t\t<\/div>\n\t\t\t\t<\/div>\n\t\t<div class=\"elementor-element elementor-element-3c5cda0 e-flex e-con-boxed e-con e-parent\" data-id=\"3c5cda0\" data-element_type=\"container\" data-e-type=\"container\" id=\"programacao\" data-settings=\"{&quot;background_background&quot;:&quot;classic&quot;}\">\n\t\t\t\t\t<div class=\"e-con-inner\">\n\t\t\t\t<div class=\"elementor-element elementor-element-51269e2 elementor-widget elementor-widget-heading\" data-id=\"51269e2\" data-element_type=\"widget\" data-e-type=\"widget\" data-widget_type=\"heading.default\">\n\t\t\t\t<div class=\"elementor-widget-container\">\n\t\t\t\t\t<h2 class=\"elementor-heading-title elementor-size-default\">programa\u00e7\u00e3o<\/h2>\t\t\t\t<\/div>\n\t\t\t\t<\/div>\n\t\t\t\t\t<\/div>\n\t\t\t\t<\/div>\n\t\t<div class=\"elementor-element elementor-element-7d8b5e96 e-flex e-con-boxed e-con e-parent\" data-id=\"7d8b5e96\" data-element_type=\"container\" data-e-type=\"container\" data-settings=\"{&quot;background_background&quot;:&quot;classic&quot;}\">\n\t\t\t\t\t<div class=\"e-con-inner\">\n\t\t<div class=\"elementor-element elementor-element-1330e071 e-flex e-con-boxed e-con e-child\" data-id=\"1330e071\" data-element_type=\"container\" data-e-type=\"container\">\n\t\t\t\t\t<div class=\"e-con-inner\">\n\t\t<div class=\"elementor-element elementor-element-1e3ae169 e-flex e-con-boxed e-con e-child\" data-id=\"1e3ae169\" data-element_type=\"container\" data-e-type=\"container\" data-settings=\"{&quot;background_background&quot;:&quot;gradient&quot;}\">\n\t\t\t\t\t<div class=\"e-con-inner\">\n\t\t\t\t<div class=\"elementor-element elementor-element-88ec94a elementor-widget__width-initial elementor-widget elementor-widget-heading\" data-id=\"88ec94a\" data-element_type=\"widget\" data-e-type=\"widget\" data-widget_type=\"heading.default\">\n\t\t\t\t<div class=\"elementor-widget-container\">\n\t\t\t\t\t<h2 class=\"elementor-heading-title elementor-size-default\">07:30 \u00e0s 08:30<\/h2>\t\t\t\t<\/div>\n\t\t\t\t<\/div>\n\t\t<div class=\"elementor-element elementor-element-243afb33 e-flex e-con-boxed e-con e-child\" data-id=\"243afb33\" data-element_type=\"container\" data-e-type=\"container\" data-settings=\"{&quot;background_background&quot;:&quot;classic&quot;}\">\n\t\t\t\t\t<div class=\"e-con-inner\">\n\t\t\t\t<div class=\"elementor-element elementor-element-1a540700 elementor-widget__width-initial elementor-widget elementor-widget-heading\" data-id=\"1a540700\" data-element_type=\"widget\" data-e-type=\"widget\" data-widget_type=\"heading.default\">\n\t\t\t\t<div class=\"elementor-widget-container\">\n\t\t\t\t\t<h2 class=\"elementor-heading-title elementor-size-default\"><b>Caf\u00e9 de Boas-vindas<\/br><\/h2>\t\t\t\t<\/div>\n\t\t\t\t<\/div>\n\t\t\t\t\t<\/div>\n\t\t\t\t<\/div>\n\t\t\t\t\t<\/div>\n\t\t\t\t<\/div>\n\t\t<div class=\"elementor-element elementor-element-20afeb22 e-flex e-con-boxed e-con e-child\" data-id=\"20afeb22\" data-element_type=\"container\" data-e-type=\"container\" data-settings=\"{&quot;background_background&quot;:&quot;classic&quot;}\">\n\t\t\t\t\t<div class=\"e-con-inner\">\n\t\t\t\t<div class=\"elementor-element elementor-element-60fc02b1 elementor-widget__width-initial elementor-widget elementor-widget-heading\" data-id=\"60fc02b1\" data-element_type=\"widget\" data-e-type=\"widget\" data-widget_type=\"heading.default\">\n\t\t\t\t<div class=\"elementor-widget-container\">\n\t\t\t\t\t<h2 class=\"elementor-heading-title elementor-size-default\">08:30<\/h2>\t\t\t\t<\/div>\n\t\t\t\t<\/div>\n\t\t<div class=\"elementor-element elementor-element-30532ad e-flex e-con-boxed e-con e-child\" data-id=\"30532ad\" data-element_type=\"container\" data-e-type=\"container\">\n\t\t\t\t\t<div class=\"e-con-inner\">\n\t\t\t\t<div class=\"elementor-element elementor-element-6478210b elementor-widget__width-initial elementor-widget elementor-widget-heading\" data-id=\"6478210b\" data-element_type=\"widget\" data-e-type=\"widget\" data-widget_type=\"heading.default\">\n\t\t\t\t<div class=\"elementor-widget-container\">\n\t\t\t\t\t<h2 class=\"elementor-heading-title elementor-size-default\"><b>In\u00edcio<\/b><\/h2>\t\t\t\t<\/div>\n\t\t\t\t<\/div>\n\t\t\t\t\t<\/div>\n\t\t\t\t<\/div>\n\t\t\t\t\t<\/div>\n\t\t\t\t<\/div>\n\t\t<div class=\"elementor-element elementor-element-5b7e86e0 e-flex e-con-boxed e-con e-child\" data-id=\"5b7e86e0\" data-element_type=\"container\" data-e-type=\"container\" data-settings=\"{&quot;background_background&quot;:&quot;classic&quot;}\">\n\t\t\t\t\t<div class=\"e-con-inner\">\n\t\t\t\t<div class=\"elementor-element elementor-element-6da2cd7f elementor-widget__width-initial elementor-widget elementor-widget-heading\" data-id=\"6da2cd7f\" data-element_type=\"widget\" data-e-type=\"widget\" data-widget_type=\"heading.default\">\n\t\t\t\t<div class=\"elementor-widget-container\">\n\t\t\t\t\t<h2 class=\"elementor-heading-title elementor-size-default\">-<\/h2>\t\t\t\t<\/div>\n\t\t\t\t<\/div>\n\t\t<div class=\"elementor-element elementor-element-396a69dd e-flex e-con-boxed e-con e-child\" data-id=\"396a69dd\" data-element_type=\"container\" data-e-type=\"container\">\n\t\t\t\t\t<div class=\"e-con-inner\">\n\t\t\t\t<div class=\"elementor-element elementor-element-4d4635d3 elementor-widget__width-initial elementor-widget elementor-widget-heading\" data-id=\"4d4635d3\" data-element_type=\"widget\" data-e-type=\"widget\" data-widget_type=\"heading.default\">\n\t\t\t\t<div class=\"elementor-widget-container\">\n\t\t\t\t\t<h2 class=\"elementor-heading-title elementor-size-default\">Painel I: <b>\"Afinal, o que \u00e9 cafeicultura regenerativa?\"<\/h2>\t\t\t\t<\/div>\n\t\t\t\t<\/div>\n\t\t\t\t<div class=\"elementor-element elementor-element-45da8bca elementor-widget__width-initial elementor-widget elementor-widget-heading\" data-id=\"45da8bca\" data-element_type=\"widget\" data-e-type=\"widget\" data-widget_type=\"heading.default\">\n\t\t\t\t<div class=\"elementor-widget-container\">\n\t\t\t\t\t<h2 class=\"elementor-heading-title elementor-size-default\"><b>Mediador:<\/b><br>\nRodolfo Os\u00f3rio de Oliveira - Chefe Geral da Embrapa Caf\u00e9 <br><br>\n\n<b>Painelistas:<\/b><br>\n \n<i>1\u00ba painelista:<\/i> Rainforest Alliance Regenerative <br>\n<i>2\u00ba painelista:<\/i> Comit\u00ea da Bacia Hidrogr\u00e1fica do Rio Parana\u00edba (CBH Parana\u00edba) <br>\n<i>3\u00ba painelista:<\/i> A confirmar <br>\n<i>4\u00ba painelista:<\/i> A confirmar <br><\/h2>\t\t\t\t<\/div>\n\t\t\t\t<\/div>\n\t\t\t\t\t<\/div>\n\t\t\t\t<\/div>\n\t\t\t\t\t<\/div>\n\t\t\t\t<\/div>\n\t\t<div class=\"elementor-element elementor-element-564436fc e-flex e-con-boxed e-con e-child\" data-id=\"564436fc\" data-element_type=\"container\" data-e-type=\"container\" data-settings=\"{&quot;background_background&quot;:&quot;classic&quot;}\">\n\t\t\t\t\t<div class=\"e-con-inner\">\n\t\t\t\t<div class=\"elementor-element elementor-element-4d3ee2b3 elementor-widget__width-initial elementor-widget elementor-widget-heading\" data-id=\"4d3ee2b3\" data-element_type=\"widget\" data-e-type=\"widget\" data-widget_type=\"heading.default\">\n\t\t\t\t<div class=\"elementor-widget-container\">\n\t\t\t\t\t<h2 class=\"elementor-heading-title elementor-size-default\">-<\/h2>\t\t\t\t<\/div>\n\t\t\t\t<\/div>\n\t\t<div class=\"elementor-element elementor-element-10aecf63 e-flex e-con-boxed e-con e-child\" data-id=\"10aecf63\" data-element_type=\"container\" data-e-type=\"container\">\n\t\t\t\t\t<div class=\"e-con-inner\">\n\t\t\t\t<div class=\"elementor-element elementor-element-2aa2409f elementor-widget__width-initial elementor-widget elementor-widget-heading\" data-id=\"2aa2409f\" data-element_type=\"widget\" data-e-type=\"widget\" data-widget_type=\"heading.default\">\n\t\t\t\t<div class=\"elementor-widget-container\">\n\t\t\t\t\t<h2 class=\"elementor-heading-title elementor-size-default\">Painel II: \"<b>Fazenda de Caf\u00e9: Sem marca, Sem valor. Tem Futuro?\n\"<\/b><\/h2>\t\t\t\t<\/div>\n\t\t\t\t<\/div>\n\t\t\t\t<div class=\"elementor-element elementor-element-749b11ee elementor-widget__width-initial elementor-widget elementor-widget-heading\" data-id=\"749b11ee\" data-element_type=\"widget\" data-e-type=\"widget\" data-widget_type=\"heading.default\">\n\t\t\t\t<div class=\"elementor-widget-container\">\n\t\t\t\t\t<h2 class=\"elementor-heading-title elementor-size-default\"><b>Moderador:<\/b><br>\nEm breve<br><br>\n\n<b>Painelistas:<\/b><br>\n<i>1\u00ba painelista:<\/i>  M\u00f4nica Rayol <br>\n<i>2\u00ba painelista:<\/i> A confirmar <br>\n<i>3\u00ba painelista:<\/i> A confirmar <br><\/h2>\t\t\t\t<\/div>\n\t\t\t\t<\/div>\n\t\t\t\t\t<\/div>\n\t\t\t\t<\/div>\n\t\t\t\t\t<\/div>\n\t\t\t\t<\/div>\n\t\t<div class=\"elementor-element elementor-element-42dda2b4 e-flex e-con-boxed e-con e-child\" data-id=\"42dda2b4\" data-element_type=\"container\" data-e-type=\"container\" data-settings=\"{&quot;background_background&quot;:&quot;gradient&quot;}\">\n\t\t\t\t\t<div class=\"e-con-inner\">\n\t\t\t\t<div class=\"elementor-element elementor-element-10a804fd elementor-widget__width-initial elementor-widget elementor-widget-heading\" data-id=\"10a804fd\" data-element_type=\"widget\" data-e-type=\"widget\" data-widget_type=\"heading.default\">\n\t\t\t\t<div class=\"elementor-widget-container\">\n\t\t\t\t\t<h2 class=\"elementor-heading-title elementor-size-default\">12:00 \u00e0s 13:00<\/h2>\t\t\t\t<\/div>\n\t\t\t\t<\/div>\n\t\t<div class=\"elementor-element elementor-element-1096da75 e-flex e-con-boxed e-con e-child\" data-id=\"1096da75\" data-element_type=\"container\" data-e-type=\"container\" data-settings=\"{&quot;background_background&quot;:&quot;classic&quot;}\">\n\t\t\t\t\t<div class=\"e-con-inner\">\n\t\t\t\t<div class=\"elementor-element elementor-element-121efe8f elementor-widget__width-initial elementor-widget elementor-widget-heading\" data-id=\"121efe8f\" data-element_type=\"widget\" data-e-type=\"widget\" data-widget_type=\"heading.default\">\n\t\t\t\t<div class=\"elementor-widget-container\">\n\t\t\t\t\t<h2 class=\"elementor-heading-title elementor-size-default\"><b>Almo\u00e7o<\/h2>\t\t\t\t<\/div>\n\t\t\t\t<\/div>\n\t\t\t\t\t<\/div>\n\t\t\t\t<\/div>\n\t\t\t\t\t<\/div>\n\t\t\t\t<\/div>\n\t\t<div class=\"elementor-element elementor-element-19a0c797 e-flex e-con-boxed e-con e-child\" data-id=\"19a0c797\" data-element_type=\"container\" data-e-type=\"container\" data-settings=\"{&quot;background_background&quot;:&quot;classic&quot;}\">\n\t\t\t\t\t<div class=\"e-con-inner\">\n\t\t\t\t<div class=\"elementor-element elementor-element-698753cd elementor-widget__width-initial elementor-widget elementor-widget-heading\" data-id=\"698753cd\" data-element_type=\"widget\" data-e-type=\"widget\" data-widget_type=\"heading.default\">\n\t\t\t\t<div class=\"elementor-widget-container\">\n\t\t\t\t\t<h2 class=\"elementor-heading-title elementor-size-default\">-<\/h2>\t\t\t\t<\/div>\n\t\t\t\t<\/div>\n\t\t<div class=\"elementor-element elementor-element-12bd3ca7 e-flex e-con-boxed e-con e-child\" data-id=\"12bd3ca7\" data-element_type=\"container\" data-e-type=\"container\">\n\t\t\t\t\t<div class=\"e-con-inner\">\n\t\t\t\t<div class=\"elementor-element elementor-element-76165976 elementor-widget__width-initial elementor-widget elementor-widget-heading\" data-id=\"76165976\" data-element_type=\"widget\" data-e-type=\"widget\" data-widget_type=\"heading.default\">\n\t\t\t\t<div class=\"elementor-widget-container\">\n\t\t\t\t\t<h2 class=\"elementor-heading-title elementor-size-default\">Palestra: <b>\u201cGest\u00e3o do Amanh\u00e3: Como a IA pode te ajudar?\n\u201d<\/h2>\t\t\t\t<\/div>\n\t\t\t\t<\/div>\n\t\t\t\t<div class=\"elementor-element elementor-element-1dd9c8b9 elementor-widget__width-initial elementor-widget elementor-widget-heading\" data-id=\"1dd9c8b9\" data-element_type=\"widget\" data-e-type=\"widget\" data-widget_type=\"heading.default\">\n\t\t\t\t<div class=\"elementor-widget-container\">\n\t\t\t\t\t<h2 class=\"elementor-heading-title elementor-size-default\"><b>Palestrante:<\/b><br>Sandro Magaldi<\/h2>\t\t\t\t<\/div>\n\t\t\t\t<\/div>\n\t\t\t\t\t<\/div>\n\t\t\t\t<\/div>\n\t\t\t\t\t<\/div>\n\t\t\t\t<\/div>\n\t\t<div class=\"elementor-element elementor-element-3be2fd73 e-flex e-con-boxed e-con e-child\" data-id=\"3be2fd73\" data-element_type=\"container\" data-e-type=\"container\" data-settings=\"{&quot;background_background&quot;:&quot;classic&quot;}\">\n\t\t\t\t\t<div class=\"e-con-inner\">\n\t\t\t\t<div class=\"elementor-element elementor-element-4b2f2896 elementor-widget__width-initial elementor-widget elementor-widget-heading\" data-id=\"4b2f2896\" data-element_type=\"widget\" data-e-type=\"widget\" data-widget_type=\"heading.default\">\n\t\t\t\t<div class=\"elementor-widget-container\">\n\t\t\t\t\t<h2 class=\"elementor-heading-title elementor-size-default\">-<\/h2>\t\t\t\t<\/div>\n\t\t\t\t<\/div>\n\t\t<div class=\"elementor-element elementor-element-1eece5af e-flex e-con-boxed e-con e-child\" data-id=\"1eece5af\" data-element_type=\"container\" data-e-type=\"container\">\n\t\t\t\t\t<div class=\"e-con-inner\">\n\t\t\t\t<div class=\"elementor-element elementor-element-7cd1b415 elementor-widget__width-initial elementor-widget elementor-widget-heading\" data-id=\"7cd1b415\" data-element_type=\"widget\" data-e-type=\"widget\" data-widget_type=\"heading.default\">\n\t\t\t\t<div class=\"elementor-widget-container\">\n\t\t\t\t\t<h2 class=\"elementor-heading-title elementor-size-default\">Painel III: <b>\"Gest\u00e3o de Risco, seguro e finan\u00e7as verdes: como lidar com o risco?\n\"<\/b>\n\n\n<\/h2>\t\t\t\t<\/div>\n\t\t\t\t<\/div>\n\t\t\t\t<div class=\"elementor-element elementor-element-4a384e45 elementor-widget__width-initial elementor-widget elementor-widget-heading\" data-id=\"4a384e45\" data-element_type=\"widget\" data-e-type=\"widget\" data-widget_type=\"heading.default\">\n\t\t\t\t<div class=\"elementor-widget-container\">\n\t\t\t\t\t<h2 class=\"elementor-heading-title elementor-size-default\"><b>Moderador:<\/b><br>\nPedro Loyola<br><br>\n\n<b>Painelistas:<\/b><br>\n<i>1\u00aa painelista:<\/i> Cassandra Marcon Giacomazzi <br>\n<i>2\u00ba painelista:<\/i> A confirmar <br>\n<i>3\u00ba painelista:<\/i> A confirmar <br><\/h2>\t\t\t\t<\/div>\n\t\t\t\t<\/div>\n\t\t\t\t\t<\/div>\n\t\t\t\t<\/div>\n\t\t\t\t\t<\/div>\n\t\t\t\t<\/div>\n\t\t<div class=\"elementor-element elementor-element-7cb1d3e9 e-flex e-con-boxed e-con e-child\" data-id=\"7cb1d3e9\" data-element_type=\"container\" data-e-type=\"container\" data-settings=\"{&quot;background_background&quot;:&quot;classic&quot;}\">\n\t\t\t\t\t<div class=\"e-con-inner\">\n\t\t\t\t<div class=\"elementor-element elementor-element-2554007a elementor-widget__width-initial elementor-widget elementor-widget-heading\" data-id=\"2554007a\" data-element_type=\"widget\" data-e-type=\"widget\" data-widget_type=\"heading.default\">\n\t\t\t\t<div class=\"elementor-widget-container\">\n\t\t\t\t\t<h2 class=\"elementor-heading-title elementor-size-default\">-<\/h2>\t\t\t\t<\/div>\n\t\t\t\t<\/div>\n\t\t<div class=\"elementor-element elementor-element-34d34aa7 e-flex e-con-boxed e-con e-child\" data-id=\"34d34aa7\" data-element_type=\"container\" data-e-type=\"container\">\n\t\t\t\t\t<div class=\"e-con-inner\">\n\t\t\t\t<div class=\"elementor-element elementor-element-51c9d6e9 elementor-widget__width-initial elementor-widget elementor-widget-heading\" data-id=\"51c9d6e9\" data-element_type=\"widget\" data-e-type=\"widget\" data-widget_type=\"heading.default\">\n\t\t\t\t<div class=\"elementor-widget-container\">\n\t\t\t\t\t<h2 class=\"elementor-heading-title elementor-size-default\">Painel IV: <b>\"Panorama Mundial da Produ\u00e7\u00e3o do Caf\u00e9: Onde estamos e para onde vamos?\n\"<\/b><\/h2>\t\t\t\t<\/div>\n\t\t\t\t<\/div>\n\t\t\t\t<div class=\"elementor-element elementor-element-78248fe1 elementor-widget__width-initial elementor-widget elementor-widget-heading\" data-id=\"78248fe1\" data-element_type=\"widget\" data-e-type=\"widget\" data-widget_type=\"heading.default\">\n\t\t\t\t<div class=\"elementor-widget-container\">\n\t\t\t\t\t<h2 class=\"elementor-heading-title elementor-size-default\"><b>Moderador:<\/b><br>\nFrancisco S\u00e9rgio de Assis<br><br>\n\n<b>Painelistas:<\/b><br>\n<i>1\u00aa painelista:<\/i> Vanusa Nogueira - Diretora-Executiva Organiza\u00e7\u00e3o Internacional do Caf\u00e9 (OIC) <br>\n<i>2\u00ba painelista:<\/i> A confirmar <br><\/h2>\t\t\t\t<\/div>\n\t\t\t\t<\/div>\n\t\t\t\t\t<\/div>\n\t\t\t\t<\/div>\n\t\t\t\t\t<\/div>\n\t\t\t\t<\/div>\n\t\t<div class=\"elementor-element elementor-element-7326f1b9 e-flex e-con-boxed e-con e-child\" data-id=\"7326f1b9\" data-element_type=\"container\" data-e-type=\"container\" data-settings=\"{&quot;background_background&quot;:&quot;classic&quot;}\">\n\t\t\t\t\t<div class=\"e-con-inner\">\n\t\t\t\t<div class=\"elementor-element elementor-element-443a7649 elementor-widget elementor-widget-heading\" data-id=\"443a7649\" data-element_type=\"widget\" data-e-type=\"widget\" data-widget_type=\"heading.default\">\n\t\t\t\t<div class=\"elementor-widget-container\">\n\t\t\t\t\t<h2 class=\"elementor-heading-title elementor-size-default\">Confraterniza\u00e7\u00e3o<\/h2>\t\t\t\t<\/div>\n\t\t\t\t<\/div>\n\t\t\t\t\t<\/div>\n\t\t\t\t<\/div>\n\t\t\t\t\t<\/div>\n\t\t\t\t<\/div>\n\t\t\t\t<div class=\"elementor-element elementor-element-d7e7393 elementor-mobile-align-justify elementor-align-center elementor-widget elementor-widget-button\" data-id=\"d7e7393\" data-element_type=\"widget\" data-e-type=\"widget\" data-widget_type=\"button.default\">\n\t\t\t\t<div class=\"elementor-widget-container\">\n\t\t\t\t\t\t\t\t\t<div class=\"elementor-button-wrapper\">\n\t\t\t\t\t<a class=\"elementor-button elementor-button-link elementor-size-sm elementor-animation-pulse\" href=\"#inscricao\">\n\t\t\t\t\t\t<span class=\"elementor-button-content-wrapper\">\n\t\t\t\t\t\t\t\t\t<span class=\"elementor-button-text\">Inscreva-se Agora<\/span>\n\t\t\t\t\t<\/span>\n\t\t\t\t\t<\/a>\n\t\t\t\t<\/div>\n\t\t\t\t\t\t\t\t<\/div>\n\t\t\t\t<\/div>\n\t\t\t\t\t<\/div>\n\t\t\t\t<\/div>\n\t\t<div class=\"elementor-element elementor-element-f9d0552 e-con-full e-flex e-con e-parent\" data-id=\"f9d0552\" data-element_type=\"container\" data-e-type=\"container\" data-settings=\"{&quot;background_background&quot;:&quot;classic&quot;}\">\n\t\t<div class=\"elementor-element elementor-element-a37c498 e-con-full e-flex e-con e-child\" data-id=\"a37c498\" data-element_type=\"container\" data-e-type=\"container\">\n\t\t\t\t<div class=\"elementor-element elementor-element-e95ba27 e-transform elementor-widget elementor-widget-image\" data-id=\"e95ba27\" data-element_type=\"widget\" data-e-type=\"widget\" data-settings=\"{&quot;_transform_rotateZ_effect&quot;:{&quot;unit&quot;:&quot;px&quot;,&quot;size&quot;:-18,&quot;sizes&quot;:[]},&quot;_transform_rotateZ_effect_laptop&quot;:{&quot;unit&quot;:&quot;deg&quot;,&quot;size&quot;:&quot;&quot;,&quot;sizes&quot;:[]},&quot;_transform_rotateZ_effect_tablet&quot;:{&quot;unit&quot;:&quot;deg&quot;,&quot;size&quot;:&quot;&quot;,&quot;sizes&quot;:[]},&quot;_transform_rotateZ_effect_mobile&quot;:{&quot;unit&quot;:&quot;deg&quot;,&quot;size&quot;:&quot;&quot;,&quot;sizes&quot;:[]}}\" data-widget_type=\"image.default\">\n\t\t\t\t<div class=\"elementor-widget-container\">\n\t\t\t\t\t\t\t\t\t\t\t\t\t\t\t<img loading=\"lazy\" decoding=\"async\" width=\"399\" height=\"215\" src=\"https:\/\/jornadacafecarbononeutro.com.br\/wordpress\/wp-content\/uploads\/2026\/04\/jornada-cafe-02.webp\" class=\"attachment-large size-large wp-image-1744\" alt=\"\" srcset=\"https:\/\/jornadacafecarbononeutro.com.br\/wordpress\/wp-content\/uploads\/2026\/04\/jornada-cafe-02.webp 399w, https:\/\/jornadacafecarbononeutro.com.br\/wordpress\/wp-content\/uploads\/2026\/04\/jornada-cafe-02-300x162.webp 300w\" sizes=\"(max-width: 399px) 100vw, 399px\" \/>\t\t\t\t\t\t\t\t\t\t\t\t\t\t\t<\/div>\n\t\t\t\t<\/div>\n\t\t\t\t<\/div>\n\t\t<div class=\"elementor-element elementor-element-f5f5262 e-con-full e-flex e-con e-child\" data-id=\"f5f5262\" data-element_type=\"container\" data-e-type=\"container\">\n\t\t\t\t<\/div>\n\t\t\t\t<\/div>\n\t\t<div class=\"elementor-element elementor-element-34f021aa e-con-full elementor-hidden-desktop elementor-hidden-laptop elementor-hidden-tablet elementor-hidden-mobile e-flex e-con e-parent\" data-id=\"34f021aa\" data-element_type=\"container\" data-e-type=\"container\" data-settings=\"{&quot;background_background&quot;:&quot;classic&quot;}\">\n\t\t\t\t<div class=\"elementor-element elementor-element-519f702d elementor-widget elementor-widget-heading\" data-id=\"519f702d\" data-element_type=\"widget\" data-e-type=\"widget\" data-widget_type=\"heading.default\">\n\t\t\t\t<div class=\"elementor-widget-container\">\n\t\t\t\t\t<h2 class=\"elementor-heading-title elementor-size-default\">palestrantes<\/h2>\t\t\t\t<\/div>\n\t\t\t\t<\/div>\n\t\t\t\t<div class=\"elementor-element elementor-element-2d1dd741 elementor-arrows-position-outside elementor-pagination-type-bullets elementor-pagination-position-outside elementor-widget elementor-widget-n-carousel\" data-id=\"2d1dd741\" data-element_type=\"widget\" data-e-type=\"widget\" data-settings=\"{&quot;carousel_items&quot;:[{&quot;slide_title&quot;:&quot;Slide #1&quot;,&quot;_id&quot;:&quot;a64903e&quot;},{&quot;slide_title&quot;:&quot;Slide #1&quot;,&quot;_id&quot;:&quot;b068b3b&quot;},{&quot;slide_title&quot;:&quot;Slide #1&quot;,&quot;_id&quot;:&quot;fdcab02&quot;},{&quot;slide_title&quot;:&quot;Slide #1&quot;,&quot;_id&quot;:&quot;a0fd9a0&quot;},{&quot;slide_title&quot;:&quot;Slide #1&quot;,&quot;_id&quot;:&quot;4f6cf9e&quot;},{&quot;slide_title&quot;:&quot;Slide #1&quot;,&quot;_id&quot;:&quot;4320517&quot;},{&quot;slide_title&quot;:&quot;Slide #1&quot;,&quot;_id&quot;:&quot;09d301c&quot;},{&quot;slide_title&quot;:&quot;Slide #1&quot;,&quot;_id&quot;:&quot;44881e2&quot;},{&quot;slide_title&quot;:&quot;Slide #1&quot;,&quot;_id&quot;:&quot;49a5b9d&quot;},{&quot;slide_title&quot;:&quot;Slide #1&quot;,&quot;_id&quot;:&quot;5869e6f&quot;},{&quot;slide_title&quot;:&quot;Slide #1&quot;,&quot;_id&quot;:&quot;78f8a71&quot;},{&quot;slide_title&quot;:&quot;Slide #1&quot;,&quot;_id&quot;:&quot;76fd4dc&quot;},{&quot;slide_title&quot;:&quot;Slide #1&quot;,&quot;_id&quot;:&quot;436fefb&quot;},{&quot;slide_title&quot;:&quot;Slide #1&quot;,&quot;_id&quot;:&quot;88478d2&quot;},{&quot;slide_title&quot;:&quot;Slide #1&quot;,&quot;_id&quot;:&quot;ef66be6&quot;},{&quot;slide_title&quot;:&quot;Slide #1&quot;,&quot;_id&quot;:&quot;7a1a0a0&quot;},{&quot;slide_title&quot;:&quot;Slide #1&quot;,&quot;_id&quot;:&quot;b86fecf&quot;},{&quot;slide_title&quot;:&quot;Slide #1&quot;,&quot;_id&quot;:&quot;791786e&quot;},{&quot;slide_title&quot;:&quot;Slide #1&quot;,&quot;_id&quot;:&quot;a53209d&quot;},{&quot;slide_title&quot;:&quot;Slide #1&quot;,&quot;_id&quot;:&quot;c202791&quot;},{&quot;slide_title&quot;:&quot;Slide #1&quot;,&quot;_id&quot;:&quot;ab75afd&quot;},{&quot;slide_title&quot;:&quot;Slide #1&quot;,&quot;_id&quot;:&quot;d343d62&quot;},{&quot;slide_title&quot;:&quot;Slide #1&quot;,&quot;_id&quot;:&quot;12ef1d6&quot;}],&quot;slides_to_show&quot;:&quot;4&quot;,&quot;slides_to_scroll&quot;:&quot;1&quot;,&quot;slides_to_show_laptop&quot;:&quot;3&quot;,&quot;slides_to_show_tablet&quot;:&quot;2&quot;,&quot;slides_to_show_mobile&quot;:&quot;1&quot;,&quot;infinite&quot;:&quot;yes&quot;,&quot;speed&quot;:500,&quot;offset_sides&quot;:&quot;none&quot;,&quot;arrows&quot;:&quot;yes&quot;,&quot;pagination&quot;:&quot;bullets&quot;,&quot;image_spacing_custom&quot;:{&quot;unit&quot;:&quot;px&quot;,&quot;size&quot;:10,&quot;sizes&quot;:[]},&quot;image_spacing_custom_laptop&quot;:{&quot;unit&quot;:&quot;px&quot;,&quot;size&quot;:&quot;&quot;,&quot;sizes&quot;:[]},&quot;image_spacing_custom_tablet&quot;:{&quot;unit&quot;:&quot;px&quot;,&quot;size&quot;:&quot;&quot;,&quot;sizes&quot;:[]},&quot;image_spacing_custom_mobile&quot;:{&quot;unit&quot;:&quot;px&quot;,&quot;size&quot;:&quot;&quot;,&quot;sizes&quot;:[]}}\" data-widget_type=\"nested-carousel.default\">\n\t\t\t\t<div class=\"elementor-widget-container\">\n\t\t\t\t\t\t\t<div class=\"e-n-carousel swiper\" role=\"region\" aria-roledescription=\"carousel\" aria-label=\"Carousel\" dir=\"ltr\">\n\t\t\t<div class=\"swiper-wrapper\" aria-live=\"polite\">\n\t\t\t\t\t\t\t\t\t\t<div class=\"swiper-slide\" data-slide=\"1\" role=\"group\" aria-roledescription=\"slide\" aria-label=\"1 of 23\">\n\t\t\t\t\t\t\t<div class=\"elementor-element elementor-element-67e018b0 e-flex e-con-boxed e-con e-child\" data-id=\"67e018b0\" data-element_type=\"container\" data-e-type=\"container\" data-settings=\"{&quot;background_background&quot;:&quot;classic&quot;}\">\n\t\t\t\t\t<div class=\"e-con-inner\">\n\t\t\t\t<div class=\"elementor-element elementor-element-7d54b121 elementor-widget elementor-widget-image\" data-id=\"7d54b121\" data-element_type=\"widget\" data-e-type=\"widget\" data-widget_type=\"image.default\">\n\t\t\t\t<div class=\"elementor-widget-container\">\n\t\t\t\t\t\t\t\t\t\t\t\t\t\t\t<img loading=\"lazy\" decoding=\"async\" width=\"500\" height=\"500\" src=\"https:\/\/jornadacafecarbononeutro.com.br\/wordpress\/wp-content\/uploads\/2024\/05\/Andre-Mesquita.png\" class=\"attachment-large size-large wp-image-1663\" alt=\"\" srcset=\"https:\/\/jornadacafecarbononeutro.com.br\/wordpress\/wp-content\/uploads\/2024\/05\/Andre-Mesquita.png 500w, https:\/\/jornadacafecarbononeutro.com.br\/wordpress\/wp-content\/uploads\/2024\/05\/Andre-Mesquita-300x300.png 300w, https:\/\/jornadacafecarbononeutro.com.br\/wordpress\/wp-content\/uploads\/2024\/05\/Andre-Mesquita-150x150.png 150w\" sizes=\"(max-width: 500px) 100vw, 500px\" \/>\t\t\t\t\t\t\t\t\t\t\t\t\t\t\t<\/div>\n\t\t\t\t<\/div>\n\t\t\t\t<div class=\"elementor-element elementor-element-622fe83 elementor-widget__width-initial elementor-widget elementor-widget-heading\" data-id=\"622fe83\" data-element_type=\"widget\" data-e-type=\"widget\" data-widget_type=\"heading.default\">\n\t\t\t\t<div class=\"elementor-widget-container\">\n\t\t\t\t\t<h2 class=\"elementor-heading-title elementor-size-default\">Andr\u00e9 Mesquita<\/h2>\t\t\t\t<\/div>\n\t\t\t\t<\/div>\n\t\t\t\t<div class=\"elementor-element elementor-element-2deafa0e elementor-widget-divider--view-line elementor-widget elementor-widget-divider\" data-id=\"2deafa0e\" data-element_type=\"widget\" data-e-type=\"widget\" data-widget_type=\"divider.default\">\n\t\t\t\t<div class=\"elementor-widget-container\">\n\t\t\t\t\t\t\t<div class=\"elementor-divider\">\n\t\t\t<span class=\"elementor-divider-separator\">\n\t\t\t\t\t\t<\/span>\n\t\t<\/div>\n\t\t\t\t\t\t<\/div>\n\t\t\t\t<\/div>\n\t\t\t\t<div class=\"elementor-element elementor-element-51a37120 elementor-widget elementor-widget-text-editor\" data-id=\"51a37120\" data-element_type=\"widget\" data-e-type=\"widget\" data-widget_type=\"text-editor.default\">\n\t\t\t\t<div class=\"elementor-widget-container\">\n\t\t\t\t\t\t\t\t\t<p>Administrator e Economista, com vasta experi\u00eancia nas \u00e1reas de finan\u00e7as comerciais e opera\u00e7\u00f5es. Construiu sua carreira em companhias como CPM Braxis, Capgemini e Sertrading. Desde o ano de 2004 atua em opera\u00e7\u00f5es financeiras para a \u00e1rea de commodities especialmente em caf\u00e9. Atualmente diretor de comodities da Invista Cereais.<\/p>\t\t\t\t\t\t\t\t<\/div>\n\t\t\t\t<\/div>\n\t\t\t\t\t<\/div>\n\t\t\t\t<\/div>\n\t\t\t\t\t\t\t\t<\/div>\n\t\t\t\t\t\t\t\t\t\t\t<div class=\"swiper-slide\" data-slide=\"2\" role=\"group\" aria-roledescription=\"slide\" aria-label=\"2 of 23\">\n\t\t\t\t\t\t\t<div class=\"elementor-element elementor-element-2abec706 e-flex e-con-boxed e-con e-child\" data-id=\"2abec706\" data-element_type=\"container\" data-e-type=\"container\" data-settings=\"{&quot;background_background&quot;:&quot;classic&quot;}\">\n\t\t\t\t\t<div class=\"e-con-inner\">\n\t\t\t\t<div class=\"elementor-element elementor-element-4ae9ccc5 elementor-widget elementor-widget-image\" data-id=\"4ae9ccc5\" data-element_type=\"widget\" data-e-type=\"widget\" data-widget_type=\"image.default\">\n\t\t\t\t<div class=\"elementor-widget-container\">\n\t\t\t\t\t\t\t\t\t\t\t\t\t\t\t<img loading=\"lazy\" decoding=\"async\" width=\"500\" height=\"500\" src=\"https:\/\/jornadacafecarbononeutro.com.br\/wordpress\/wp-content\/uploads\/2024\/04\/Alfredo-Nicastro.png\" class=\"attachment-large size-large wp-image-891\" alt=\"\" srcset=\"https:\/\/jornadacafecarbononeutro.com.br\/wordpress\/wp-content\/uploads\/2024\/04\/Alfredo-Nicastro.png 500w, https:\/\/jornadacafecarbononeutro.com.br\/wordpress\/wp-content\/uploads\/2024\/04\/Alfredo-Nicastro-300x300.png 300w, https:\/\/jornadacafecarbononeutro.com.br\/wordpress\/wp-content\/uploads\/2024\/04\/Alfredo-Nicastro-150x150.png 150w\" sizes=\"(max-width: 500px) 100vw, 500px\" \/>\t\t\t\t\t\t\t\t\t\t\t\t\t\t\t<\/div>\n\t\t\t\t<\/div>\n\t\t\t\t<div class=\"elementor-element elementor-element-26330d0 elementor-widget__width-initial elementor-widget elementor-widget-heading\" data-id=\"26330d0\" data-element_type=\"widget\" data-e-type=\"widget\" data-widget_type=\"heading.default\">\n\t\t\t\t<div class=\"elementor-widget-container\">\n\t\t\t\t\t<h2 class=\"elementor-heading-title elementor-size-default\">Alfredo Nicastro<\/h2>\t\t\t\t<\/div>\n\t\t\t\t<\/div>\n\t\t\t\t<div class=\"elementor-element elementor-element-1e2a43a elementor-widget-divider--view-line elementor-widget elementor-widget-divider\" data-id=\"1e2a43a\" data-element_type=\"widget\" data-e-type=\"widget\" data-widget_type=\"divider.default\">\n\t\t\t\t<div class=\"elementor-widget-container\">\n\t\t\t\t\t\t\t<div class=\"elementor-divider\">\n\t\t\t<span class=\"elementor-divider-separator\">\n\t\t\t\t\t\t<\/span>\n\t\t<\/div>\n\t\t\t\t\t\t<\/div>\n\t\t\t\t<\/div>\n\t\t\t\t<div class=\"elementor-element elementor-element-3e78df43 elementor-widget elementor-widget-text-editor\" data-id=\"3e78df43\" data-element_type=\"widget\" data-e-type=\"widget\" data-widget_type=\"text-editor.default\">\n\t\t\t\t<div class=\"elementor-widget-container\">\n\t\t\t\t\t\t\t\t\t<p>Vice-Presidente S\u00eanior e Diretor de Mercados de Carbono na StoneX, com mais de 35 anos de experi\u00eancia em gest\u00e3o ambiental e clim\u00e1tica. Anteriormente, foi Vice-Presidente Executivo do Grupo MGM Innova, comercializando mais de 120M tCO2 em mais de 40 pa\u00edses. \u00c9 engenheiro civil e ambiental, especializado em finan\u00e7as clim\u00e1ticas e projetos de mitiga\u00e7\u00e3o e adapta\u00e7\u00e3o clim\u00e1tica.<\/p>\t\t\t\t\t\t\t\t<\/div>\n\t\t\t\t<\/div>\n\t\t\t\t\t<\/div>\n\t\t\t\t<\/div>\n\t\t\t\t\t\t\t\t<\/div>\n\t\t\t\t\t\t\t\t\t\t\t<div class=\"swiper-slide\" data-slide=\"3\" role=\"group\" aria-roledescription=\"slide\" aria-label=\"3 of 23\">\n\t\t\t\t\t\t\t<div class=\"elementor-element elementor-element-530c865e e-flex e-con-boxed e-con e-child\" data-id=\"530c865e\" data-element_type=\"container\" data-e-type=\"container\" data-settings=\"{&quot;background_background&quot;:&quot;classic&quot;}\">\n\t\t\t\t\t<div class=\"e-con-inner\">\n\t\t\t\t<div class=\"elementor-element elementor-element-184c8083 elementor-widget elementor-widget-image\" data-id=\"184c8083\" data-element_type=\"widget\" data-e-type=\"widget\" data-widget_type=\"image.default\">\n\t\t\t\t<div class=\"elementor-widget-container\">\n\t\t\t\t\t\t\t\t\t\t\t\t\t\t\t<img loading=\"lazy\" decoding=\"async\" width=\"500\" height=\"500\" src=\"https:\/\/jornadacafecarbononeutro.com.br\/wordpress\/wp-content\/uploads\/2024\/04\/Alessandro-Rodrigues.png\" class=\"attachment-large size-large wp-image-1512\" alt=\"\" srcset=\"https:\/\/jornadacafecarbononeutro.com.br\/wordpress\/wp-content\/uploads\/2024\/04\/Alessandro-Rodrigues.png 500w, https:\/\/jornadacafecarbononeutro.com.br\/wordpress\/wp-content\/uploads\/2024\/04\/Alessandro-Rodrigues-300x300.png 300w, https:\/\/jornadacafecarbononeutro.com.br\/wordpress\/wp-content\/uploads\/2024\/04\/Alessandro-Rodrigues-150x150.png 150w\" sizes=\"(max-width: 500px) 100vw, 500px\" \/>\t\t\t\t\t\t\t\t\t\t\t\t\t\t\t<\/div>\n\t\t\t\t<\/div>\n\t\t\t\t<div class=\"elementor-element elementor-element-10af4b21 elementor-widget__width-initial elementor-widget elementor-widget-heading\" data-id=\"10af4b21\" data-element_type=\"widget\" data-e-type=\"widget\" data-widget_type=\"heading.default\">\n\t\t\t\t<div class=\"elementor-widget-container\">\n\t\t\t\t\t<h2 class=\"elementor-heading-title elementor-size-default\">Alessandro Rodrigues<\/h2>\t\t\t\t<\/div>\n\t\t\t\t<\/div>\n\t\t\t\t<div class=\"elementor-element elementor-element-7e42e5f6 elementor-widget-divider--view-line elementor-widget elementor-widget-divider\" data-id=\"7e42e5f6\" data-element_type=\"widget\" data-e-type=\"widget\" data-widget_type=\"divider.default\">\n\t\t\t\t<div class=\"elementor-widget-container\">\n\t\t\t\t\t\t\t<div class=\"elementor-divider\">\n\t\t\t<span class=\"elementor-divider-separator\">\n\t\t\t\t\t\t<\/span>\n\t\t<\/div>\n\t\t\t\t\t\t<\/div>\n\t\t\t\t<\/div>\n\t\t\t\t<div class=\"elementor-element elementor-element-6320d6c3 elementor-widget elementor-widget-text-editor\" data-id=\"6320d6c3\" data-element_type=\"widget\" data-e-type=\"widget\" data-widget_type=\"text-editor.default\">\n\t\t\t\t<div class=\"elementor-widget-container\">\n\t\t\t\t\t\t\t\t\t<p>Gerente de Projetos e Servi\u00e7os ESG e Carbon on Track Agr\u00edcola no Imaflora. Engenheiro Agr\u00f4nomo, com Mestrado e Doutorado em Fitotecnia pela ESALQ\/USP, acumula quinze anos de experi\u00eancia profissional em iniciativas na agropecu\u00e1ria, atuando para promover e valorizar a agropecu\u00e1ria sustent\u00e1vel e de baixo carbono atrav\u00e9s de estudos de balan\u00e7os de gases de efeito estufa (GEE), implanta\u00e7\u00e3o de pr\u00e1ticas de agricultura regenerativa, e envolvimento com sistemas de certifica\u00e7\u00f5es e verifica\u00e7\u00f5es como Rainforest Alliance, UTZ Certified; Global G.A.P, FSA SAI Platform; C.A.F.E Practices Starbucks e ELOs\/Ra\u00edzen.<\/p>\t\t\t\t\t\t\t\t<\/div>\n\t\t\t\t<\/div>\n\t\t\t\t\t<\/div>\n\t\t\t\t<\/div>\n\t\t\t\t\t\t\t\t<\/div>\n\t\t\t\t\t\t\t\t\t\t\t<div class=\"swiper-slide\" data-slide=\"4\" role=\"group\" aria-roledescription=\"slide\" aria-label=\"4 of 23\">\n\t\t\t\t\t\t\t<div class=\"elementor-element elementor-element-699b9c42 e-flex e-con-boxed e-con e-child\" data-id=\"699b9c42\" data-element_type=\"container\" data-e-type=\"container\" data-settings=\"{&quot;background_background&quot;:&quot;classic&quot;}\">\n\t\t\t\t\t<div class=\"e-con-inner\">\n\t\t\t\t<div class=\"elementor-element elementor-element-4307f3f4 elementor-widget elementor-widget-image\" data-id=\"4307f3f4\" data-element_type=\"widget\" data-e-type=\"widget\" data-widget_type=\"image.default\">\n\t\t\t\t<div class=\"elementor-widget-container\">\n\t\t\t\t\t\t\t\t\t\t\t\t\t\t\t<img loading=\"lazy\" decoding=\"async\" width=\"500\" height=\"500\" src=\"https:\/\/jornadacafecarbononeutro.com.br\/wordpress\/wp-content\/uploads\/2024\/03\/Bruno-Galvao.png\" class=\"attachment-large size-large wp-image-320\" alt=\"\" srcset=\"https:\/\/jornadacafecarbononeutro.com.br\/wordpress\/wp-content\/uploads\/2024\/03\/Bruno-Galvao.png 500w, https:\/\/jornadacafecarbononeutro.com.br\/wordpress\/wp-content\/uploads\/2024\/03\/Bruno-Galvao-300x300.png 300w, https:\/\/jornadacafecarbononeutro.com.br\/wordpress\/wp-content\/uploads\/2024\/03\/Bruno-Galvao-150x150.png 150w\" sizes=\"(max-width: 500px) 100vw, 500px\" \/>\t\t\t\t\t\t\t\t\t\t\t\t\t\t\t<\/div>\n\t\t\t\t<\/div>\n\t\t\t\t<div class=\"elementor-element elementor-element-7a908055 elementor-widget__width-initial elementor-widget elementor-widget-heading\" data-id=\"7a908055\" data-element_type=\"widget\" data-e-type=\"widget\" data-widget_type=\"heading.default\">\n\t\t\t\t<div class=\"elementor-widget-container\">\n\t\t\t\t\t<h2 class=\"elementor-heading-title elementor-size-default\">Bruno Galv\u00e3o<\/h2>\t\t\t\t<\/div>\n\t\t\t\t<\/div>\n\t\t\t\t<div class=\"elementor-element elementor-element-5a12ae91 elementor-widget-divider--view-line elementor-widget elementor-widget-divider\" data-id=\"5a12ae91\" data-element_type=\"widget\" data-e-type=\"widget\" data-widget_type=\"divider.default\">\n\t\t\t\t<div class=\"elementor-widget-container\">\n\t\t\t\t\t\t\t<div class=\"elementor-divider\">\n\t\t\t<span class=\"elementor-divider-separator\">\n\t\t\t\t\t\t<\/span>\n\t\t<\/div>\n\t\t\t\t\t\t<\/div>\n\t\t\t\t<\/div>\n\t\t\t\t<div class=\"elementor-element elementor-element-46ac210a elementor-widget elementor-widget-text-editor\" data-id=\"46ac210a\" data-element_type=\"widget\" data-e-type=\"widget\" data-widget_type=\"text-editor.default\">\n\t\t\t\t<div class=\"elementor-widget-container\">\n\t\t\t\t\t\t\t\t\t<p>Advogado do escrit\u00f3rio alem\u00e3o BLOMSTEIN, especialista em ESG, com\u00e9rcio exterior e compliance. Mestrado pela Freie Universit\u00e4t Berlin, especializa\u00e7\u00e3o em ESG e investimento de impacto pela Frankfurt School of Finance &amp; Management.<\/p>\t\t\t\t\t\t\t\t<\/div>\n\t\t\t\t<\/div>\n\t\t\t\t\t<\/div>\n\t\t\t\t<\/div>\n\t\t\t\t\t\t\t\t<\/div>\n\t\t\t\t\t\t\t\t\t\t\t<div class=\"swiper-slide\" data-slide=\"5\" role=\"group\" aria-roledescription=\"slide\" aria-label=\"5 of 23\">\n\t\t\t\t\t\t\t<div class=\"elementor-element elementor-element-467aed82 e-flex e-con-boxed e-con e-child\" data-id=\"467aed82\" data-element_type=\"container\" data-e-type=\"container\" data-settings=\"{&quot;background_background&quot;:&quot;classic&quot;}\">\n\t\t\t\t\t<div class=\"e-con-inner\">\n\t\t\t\t<div class=\"elementor-element elementor-element-2b5dd600 elementor-widget elementor-widget-image\" data-id=\"2b5dd600\" data-element_type=\"widget\" data-e-type=\"widget\" data-widget_type=\"image.default\">\n\t\t\t\t<div class=\"elementor-widget-container\">\n\t\t\t\t\t\t\t\t\t\t\t\t\t\t\t<img loading=\"lazy\" decoding=\"async\" width=\"500\" height=\"500\" src=\"https:\/\/jornadacafecarbononeutro.com.br\/wordpress\/wp-content\/uploads\/2024\/04\/Camila-Souza-Ramos-r.png\" class=\"attachment-large size-large wp-image-1571\" alt=\"\" srcset=\"https:\/\/jornadacafecarbononeutro.com.br\/wordpress\/wp-content\/uploads\/2024\/04\/Camila-Souza-Ramos-r.png 500w, https:\/\/jornadacafecarbononeutro.com.br\/wordpress\/wp-content\/uploads\/2024\/04\/Camila-Souza-Ramos-r-300x300.png 300w, https:\/\/jornadacafecarbononeutro.com.br\/wordpress\/wp-content\/uploads\/2024\/04\/Camila-Souza-Ramos-r-150x150.png 150w\" sizes=\"(max-width: 500px) 100vw, 500px\" \/>\t\t\t\t\t\t\t\t\t\t\t\t\t\t\t<\/div>\n\t\t\t\t<\/div>\n\t\t\t\t<div class=\"elementor-element elementor-element-157fb3c1 elementor-widget__width-initial elementor-widget elementor-widget-heading\" data-id=\"157fb3c1\" data-element_type=\"widget\" data-e-type=\"widget\" data-widget_type=\"heading.default\">\n\t\t\t\t<div class=\"elementor-widget-container\">\n\t\t\t\t\t<h2 class=\"elementor-heading-title elementor-size-default\">Camila Souza Ramos<\/h2>\t\t\t\t<\/div>\n\t\t\t\t<\/div>\n\t\t\t\t<div class=\"elementor-element elementor-element-226cbc33 elementor-widget-divider--view-line elementor-widget elementor-widget-divider\" data-id=\"226cbc33\" data-element_type=\"widget\" data-e-type=\"widget\" data-widget_type=\"divider.default\">\n\t\t\t\t<div class=\"elementor-widget-container\">\n\t\t\t\t\t\t\t<div class=\"elementor-divider\">\n\t\t\t<span class=\"elementor-divider-separator\">\n\t\t\t\t\t\t<\/span>\n\t\t<\/div>\n\t\t\t\t\t\t<\/div>\n\t\t\t\t<\/div>\n\t\t\t\t<div class=\"elementor-element elementor-element-3dd26290 elementor-widget elementor-widget-text-editor\" data-id=\"3dd26290\" data-element_type=\"widget\" data-e-type=\"widget\" data-widget_type=\"text-editor.default\">\n\t\t\t\t<div class=\"elementor-widget-container\">\n\t\t\t\t\t\t\t\t\t<p><a name=\"_GoBack\"><\/a> Camila Souza Ramos \u00e9 editora assistente da Globo Rural e do Valor Econ\u00f4mico e cobre agroneg\u00f3cios h\u00e1 11 anos. J\u00e1 foi rep\u00f3rter setorista de commodities agr\u00edcolas e escreve sobre os setores de cana-de-a\u00e7\u00facar e bioenergia h\u00e1 8 anos. Come\u00e7ou a escrever sobre sustentabilidade no agroneg\u00f3cio h\u00e1 6 anos e atualmente tamb\u00e9m escreve sobre mercados de carbono e finan\u00e7as clim\u00e1ticas no agroneg\u00f3cio.<\/p>\t\t\t\t\t\t\t\t<\/div>\n\t\t\t\t<\/div>\n\t\t\t\t\t<\/div>\n\t\t\t\t<\/div>\n\t\t\t\t\t\t\t\t<\/div>\n\t\t\t\t\t\t\t\t\t\t\t<div class=\"swiper-slide\" data-slide=\"6\" role=\"group\" aria-roledescription=\"slide\" aria-label=\"6 of 23\">\n\t\t\t\t\t\t\t<div class=\"elementor-element elementor-element-503c339e e-flex e-con-boxed e-con e-child\" data-id=\"503c339e\" data-element_type=\"container\" data-e-type=\"container\" data-settings=\"{&quot;background_background&quot;:&quot;classic&quot;}\">\n\t\t\t\t\t<div class=\"e-con-inner\">\n\t\t\t\t<div class=\"elementor-element elementor-element-501ba737 elementor-widget elementor-widget-image\" data-id=\"501ba737\" data-element_type=\"widget\" data-e-type=\"widget\" data-widget_type=\"image.default\">\n\t\t\t\t<div class=\"elementor-widget-container\">\n\t\t\t\t\t\t\t\t\t\t\t\t\t\t\t<img loading=\"lazy\" decoding=\"async\" width=\"500\" height=\"500\" src=\"https:\/\/jornadacafecarbononeutro.com.br\/wordpress\/wp-content\/uploads\/2024\/03\/Daniel-Vargas.png\" class=\"attachment-large size-large wp-image-321\" alt=\"\" srcset=\"https:\/\/jornadacafecarbononeutro.com.br\/wordpress\/wp-content\/uploads\/2024\/03\/Daniel-Vargas.png 500w, https:\/\/jornadacafecarbononeutro.com.br\/wordpress\/wp-content\/uploads\/2024\/03\/Daniel-Vargas-300x300.png 300w, https:\/\/jornadacafecarbononeutro.com.br\/wordpress\/wp-content\/uploads\/2024\/03\/Daniel-Vargas-150x150.png 150w\" sizes=\"(max-width: 500px) 100vw, 500px\" \/>\t\t\t\t\t\t\t\t\t\t\t\t\t\t\t<\/div>\n\t\t\t\t<\/div>\n\t\t\t\t<div class=\"elementor-element elementor-element-5eb6a388 elementor-widget__width-initial elementor-widget elementor-widget-heading\" data-id=\"5eb6a388\" data-element_type=\"widget\" data-e-type=\"widget\" data-widget_type=\"heading.default\">\n\t\t\t\t<div class=\"elementor-widget-container\">\n\t\t\t\t\t<h2 class=\"elementor-heading-title elementor-size-default\">Daniel Vargas<\/h2>\t\t\t\t<\/div>\n\t\t\t\t<\/div>\n\t\t\t\t<div class=\"elementor-element elementor-element-102455e2 elementor-widget-divider--view-line elementor-widget elementor-widget-divider\" data-id=\"102455e2\" data-element_type=\"widget\" data-e-type=\"widget\" data-widget_type=\"divider.default\">\n\t\t\t\t<div class=\"elementor-widget-container\">\n\t\t\t\t\t\t\t<div class=\"elementor-divider\">\n\t\t\t<span class=\"elementor-divider-separator\">\n\t\t\t\t\t\t<\/span>\n\t\t<\/div>\n\t\t\t\t\t\t<\/div>\n\t\t\t\t<\/div>\n\t\t\t\t<div class=\"elementor-element elementor-element-45325ac7 elementor-widget elementor-widget-text-editor\" data-id=\"45325ac7\" data-element_type=\"widget\" data-e-type=\"widget\" data-widget_type=\"text-editor.default\">\n\t\t\t\t<div class=\"elementor-widget-container\">\n\t\t\t\t\t\t\t\t\t<p>Professor da Funda\u00e7\u00e3o Get\u00falio Vargas, Escola de Economia de S\u00e3o Paulo e Direito Rio. Coordena o Observat\u00f3rio de Bioeconomia da FGV. \u00c9 doutor e mestre em direito pela Universidade de Harvard. Ocupou cargos no Governo Federal, tais como Secret\u00e1rio de Desenvolvimento Sustent\u00e1vel e Secret\u00e1rio Executivo da Secretaria de Assuntos Estrat\u00e9gicos (SAE\/PR).<\/p>\t\t\t\t\t\t\t\t<\/div>\n\t\t\t\t<\/div>\n\t\t\t\t\t<\/div>\n\t\t\t\t<\/div>\n\t\t\t\t\t\t\t\t<\/div>\n\t\t\t\t\t\t\t\t\t\t\t<div class=\"swiper-slide\" data-slide=\"7\" role=\"group\" aria-roledescription=\"slide\" aria-label=\"7 of 23\">\n\t\t\t\t\t\t\t<div class=\"elementor-element elementor-element-547b64e1 e-flex e-con-boxed e-con e-child\" data-id=\"547b64e1\" data-element_type=\"container\" data-e-type=\"container\" data-settings=\"{&quot;background_background&quot;:&quot;classic&quot;}\">\n\t\t\t\t\t<div class=\"e-con-inner\">\n\t\t\t\t<div class=\"elementor-element elementor-element-474a22ac elementor-widget elementor-widget-image\" data-id=\"474a22ac\" data-element_type=\"widget\" data-e-type=\"widget\" data-widget_type=\"image.default\">\n\t\t\t\t<div class=\"elementor-widget-container\">\n\t\t\t\t\t\t\t\t\t\t\t\t\t\t\t<img loading=\"lazy\" decoding=\"async\" width=\"500\" height=\"500\" src=\"https:\/\/jornadacafecarbononeutro.com.br\/wordpress\/wp-content\/uploads\/2024\/03\/Eduardo-Bastos2.png\" class=\"attachment-large size-large wp-image-859\" alt=\"\" srcset=\"https:\/\/jornadacafecarbononeutro.com.br\/wordpress\/wp-content\/uploads\/2024\/03\/Eduardo-Bastos2.png 500w, https:\/\/jornadacafecarbononeutro.com.br\/wordpress\/wp-content\/uploads\/2024\/03\/Eduardo-Bastos2-300x300.png 300w, https:\/\/jornadacafecarbononeutro.com.br\/wordpress\/wp-content\/uploads\/2024\/03\/Eduardo-Bastos2-150x150.png 150w\" sizes=\"(max-width: 500px) 100vw, 500px\" \/>\t\t\t\t\t\t\t\t\t\t\t\t\t\t\t<\/div>\n\t\t\t\t<\/div>\n\t\t\t\t<div class=\"elementor-element elementor-element-785550f1 elementor-widget__width-initial elementor-widget elementor-widget-heading\" data-id=\"785550f1\" data-element_type=\"widget\" data-e-type=\"widget\" data-widget_type=\"heading.default\">\n\t\t\t\t<div class=\"elementor-widget-container\">\n\t\t\t\t\t<h2 class=\"elementor-heading-title elementor-size-default\">Eduardo Bastos<\/h2>\t\t\t\t<\/div>\n\t\t\t\t<\/div>\n\t\t\t\t<div class=\"elementor-element elementor-element-b64bb94 elementor-widget-divider--view-line elementor-widget elementor-widget-divider\" data-id=\"b64bb94\" data-element_type=\"widget\" data-e-type=\"widget\" data-widget_type=\"divider.default\">\n\t\t\t\t<div class=\"elementor-widget-container\">\n\t\t\t\t\t\t\t<div class=\"elementor-divider\">\n\t\t\t<span class=\"elementor-divider-separator\">\n\t\t\t\t\t\t<\/span>\n\t\t<\/div>\n\t\t\t\t\t\t<\/div>\n\t\t\t\t<\/div>\n\t\t\t\t<div class=\"elementor-element elementor-element-3470adad elementor-widget elementor-widget-text-editor\" data-id=\"3470adad\" data-element_type=\"widget\" data-e-type=\"widget\" data-widget_type=\"text-editor.default\">\n\t\t\t\t<div class=\"elementor-widget-container\">\n\t\t\t\t\t\t\t\t\t<div class=\"react-scroll-to-bottom--css-qneqq-1n7m0yu\"><div class=\"flex flex-col text-sm pb-9\"><div class=\"w-full text-token-text-primary sm:AIPRM__conversation__response\" data-testid=\"conversation-turn-163\"><div class=\"px-4 py-2 justify-center text-base md:gap-6 m-auto\"><div class=\"flex flex-1 text-base mx-auto gap-3 md:px-5 lg:px-1 xl:px-5 md:max-w-3xl lg:max-w-[40rem] xl:max-w-[48rem] group final-completion\"><div class=\"relative flex w-full flex-col agent-turn\"><div class=\"flex-col gap-1 md:gap-3\"><div class=\"flex flex-grow flex-col max-w-full\"><div class=\"min-h-[20px] text-message flex flex-col items-start gap-3 whitespace-pre-wrap break-words [.text-message+&amp;]:mt-5 overflow-x-auto\" data-message-author-role=\"assistant\" data-message-id=\"5b053e7c-2b7f-4ebc-893c-37d6e9d330e7\"><div class=\"markdown prose w-full break-words dark:prose-invert dark AIPRM__conversation__response\"><p>Engenheiro Agr\u00f4nomo pela ESALQ\/USP, com MBA em Gest\u00e3o de Neg\u00f3cios pela FDC e Marketing pela FGV. S\u00f3cio no Fundo de investimentos 10B e Presidente da C\u00e2mara do AgroCarbono no MAPA, preside o Comit\u00ea de Inova\u00e7\u00e3o do CCarbon (USP) e o Comit\u00ea de Sustentabilidade da ABAG. Atuou como CEO da Minerva, Diretor na Bayer CropSciences e Dow Chemical, e liderou a AIPC e o GTPS.<\/p><\/div><\/div><\/div><\/div><\/div><\/div><\/div><\/div><\/div><\/div>\t\t\t\t\t\t\t\t<\/div>\n\t\t\t\t<\/div>\n\t\t\t\t\t<\/div>\n\t\t\t\t<\/div>\n\t\t\t\t\t\t\t\t<\/div>\n\t\t\t\t\t\t\t\t\t\t\t<div class=\"swiper-slide\" data-slide=\"8\" role=\"group\" aria-roledescription=\"slide\" aria-label=\"8 of 23\">\n\t\t\t\t\t\t\t<div class=\"elementor-element elementor-element-685313d3 e-flex e-con-boxed e-con e-child\" data-id=\"685313d3\" data-element_type=\"container\" data-e-type=\"container\" data-settings=\"{&quot;background_background&quot;:&quot;classic&quot;}\">\n\t\t\t\t\t<div class=\"e-con-inner\">\n\t\t\t\t<div class=\"elementor-element elementor-element-4ac1a80e elementor-widget elementor-widget-image\" data-id=\"4ac1a80e\" data-element_type=\"widget\" data-e-type=\"widget\" data-widget_type=\"image.default\">\n\t\t\t\t<div class=\"elementor-widget-container\">\n\t\t\t\t\t\t\t\t\t\t\t\t\t\t\t<img loading=\"lazy\" decoding=\"async\" width=\"500\" height=\"500\" src=\"https:\/\/jornadacafecarbononeutro.com.br\/wordpress\/wp-content\/uploads\/2024\/05\/Fabricio-Delgado-do-Nascimento.png\" class=\"attachment-large size-large wp-image-1649\" alt=\"\" srcset=\"https:\/\/jornadacafecarbononeutro.com.br\/wordpress\/wp-content\/uploads\/2024\/05\/Fabricio-Delgado-do-Nascimento.png 500w, https:\/\/jornadacafecarbononeutro.com.br\/wordpress\/wp-content\/uploads\/2024\/05\/Fabricio-Delgado-do-Nascimento-300x300.png 300w, https:\/\/jornadacafecarbononeutro.com.br\/wordpress\/wp-content\/uploads\/2024\/05\/Fabricio-Delgado-do-Nascimento-150x150.png 150w\" sizes=\"(max-width: 500px) 100vw, 500px\" \/>\t\t\t\t\t\t\t\t\t\t\t\t\t\t\t<\/div>\n\t\t\t\t<\/div>\n\t\t\t\t<div class=\"elementor-element elementor-element-493daa55 elementor-widget__width-initial elementor-widget elementor-widget-heading\" data-id=\"493daa55\" data-element_type=\"widget\" data-e-type=\"widget\" data-widget_type=\"heading.default\">\n\t\t\t\t<div class=\"elementor-widget-container\">\n\t\t\t\t\t<h2 class=\"elementor-heading-title elementor-size-default\">Fabr\u00edcio Delgado do Nascimento<\/h2>\t\t\t\t<\/div>\n\t\t\t\t<\/div>\n\t\t\t\t<div class=\"elementor-element elementor-element-316a6b84 elementor-widget-divider--view-line elementor-widget elementor-widget-divider\" data-id=\"316a6b84\" data-element_type=\"widget\" data-e-type=\"widget\" data-widget_type=\"divider.default\">\n\t\t\t\t<div class=\"elementor-widget-container\">\n\t\t\t\t\t\t\t<div class=\"elementor-divider\">\n\t\t\t<span class=\"elementor-divider-separator\">\n\t\t\t\t\t\t<\/span>\n\t\t<\/div>\n\t\t\t\t\t\t<\/div>\n\t\t\t\t<\/div>\n\t\t\t\t<div class=\"elementor-element elementor-element-11df0b2d elementor-widget elementor-widget-text-editor\" data-id=\"11df0b2d\" data-element_type=\"widget\" data-e-type=\"widget\" data-widget_type=\"text-editor.default\">\n\t\t\t\t<div class=\"elementor-widget-container\">\n\t\t\t\t\t\t\t\t\t<div class=\"react-scroll-to-bottom--css-qneqq-1n7m0yu\"><div class=\"flex flex-col text-sm pb-9\"><div class=\"w-full text-token-text-primary sm:AIPRM__conversation__response\" data-testid=\"conversation-turn-163\"><div class=\"px-4 py-2 justify-center text-base md:gap-6 m-auto\"><div class=\"flex flex-1 text-base mx-auto gap-3 md:px-5 lg:px-1 xl:px-5 md:max-w-3xl lg:max-w-[40rem] xl:max-w-[48rem] group final-completion\"><div class=\"relative flex w-full flex-col agent-turn\"><div class=\"flex-col gap-1 md:gap-3\"><div class=\"flex flex-grow flex-col max-w-full\"><div class=\"min-h-[20px] text-message flex flex-col items-start gap-3 whitespace-pre-wrap break-words [.text-message+&amp;]:mt-5 overflow-x-auto\" data-message-author-role=\"assistant\" data-message-id=\"5b053e7c-2b7f-4ebc-893c-37d6e9d330e7\"><div class=\"markdown prose w-full break-words dark:prose-invert dark AIPRM__conversation__response\"><p>Engenheiro Agr\u00f4nomo com MBA em Agroneg\u00f3cios e Especialista em Prote\u00e7\u00e3o de Plantas.<br \/>Atua hoje como respons\u00e1vel pela gest\u00e3o estrat\u00e9gica do agroneg\u00f3cio no Sicoob Central Crediminas.<\/p><\/div><\/div><\/div><\/div><\/div><\/div><\/div><\/div><\/div><\/div>\t\t\t\t\t\t\t\t<\/div>\n\t\t\t\t<\/div>\n\t\t\t\t\t<\/div>\n\t\t\t\t<\/div>\n\t\t\t\t\t\t\t\t<\/div>\n\t\t\t\t\t\t\t\t\t\t\t<div class=\"swiper-slide\" data-slide=\"9\" role=\"group\" aria-roledescription=\"slide\" aria-label=\"9 of 23\">\n\t\t\t\t\t\t\t<div class=\"elementor-element elementor-element-63b8ee20 e-flex e-con-boxed e-con e-child\" data-id=\"63b8ee20\" data-element_type=\"container\" data-e-type=\"container\" data-settings=\"{&quot;background_background&quot;:&quot;classic&quot;}\">\n\t\t\t\t\t<div class=\"e-con-inner\">\n\t\t\t\t<div class=\"elementor-element elementor-element-5f19081 elementor-widget elementor-widget-image\" data-id=\"5f19081\" data-element_type=\"widget\" data-e-type=\"widget\" data-widget_type=\"image.default\">\n\t\t\t\t<div class=\"elementor-widget-container\">\n\t\t\t\t\t\t\t\t\t\t\t\t\t\t\t<img loading=\"lazy\" decoding=\"async\" width=\"500\" height=\"500\" src=\"https:\/\/jornadacafecarbononeutro.com.br\/wordpress\/wp-content\/uploads\/2024\/05\/Gustavo-Ranzani-Herrmann.png\" class=\"attachment-large size-large wp-image-1633\" alt=\"\" srcset=\"https:\/\/jornadacafecarbononeutro.com.br\/wordpress\/wp-content\/uploads\/2024\/05\/Gustavo-Ranzani-Herrmann.png 500w, https:\/\/jornadacafecarbononeutro.com.br\/wordpress\/wp-content\/uploads\/2024\/05\/Gustavo-Ranzani-Herrmann-300x300.png 300w, https:\/\/jornadacafecarbononeutro.com.br\/wordpress\/wp-content\/uploads\/2024\/05\/Gustavo-Ranzani-Herrmann-150x150.png 150w\" sizes=\"(max-width: 500px) 100vw, 500px\" \/>\t\t\t\t\t\t\t\t\t\t\t\t\t\t\t<\/div>\n\t\t\t\t<\/div>\n\t\t\t\t<div class=\"elementor-element elementor-element-1576ff1f elementor-widget__width-initial elementor-widget elementor-widget-heading\" data-id=\"1576ff1f\" data-element_type=\"widget\" data-e-type=\"widget\" data-widget_type=\"heading.default\">\n\t\t\t\t<div class=\"elementor-widget-container\">\n\t\t\t\t\t<h2 class=\"elementor-heading-title elementor-size-default\">Gustavo Ranzani Herrmann<\/h2>\t\t\t\t<\/div>\n\t\t\t\t<\/div>\n\t\t\t\t<div class=\"elementor-element elementor-element-5a85998b elementor-widget-divider--view-line elementor-widget elementor-widget-divider\" data-id=\"5a85998b\" data-element_type=\"widget\" data-e-type=\"widget\" data-widget_type=\"divider.default\">\n\t\t\t\t<div class=\"elementor-widget-container\">\n\t\t\t\t\t\t\t<div class=\"elementor-divider\">\n\t\t\t<span class=\"elementor-divider-separator\">\n\t\t\t\t\t\t<\/span>\n\t\t<\/div>\n\t\t\t\t\t\t<\/div>\n\t\t\t\t<\/div>\n\t\t\t\t<div class=\"elementor-element elementor-element-1e78a8a0 elementor-widget elementor-widget-text-editor\" data-id=\"1e78a8a0\" data-element_type=\"widget\" data-e-type=\"widget\" data-widget_type=\"text-editor.default\">\n\t\t\t\t<div class=\"elementor-widget-container\">\n\t\t\t\t\t\t\t\t\t<div class=\"react-scroll-to-bottom--css-qneqq-1n7m0yu\"><div class=\"flex flex-col text-sm pb-9\"><div class=\"w-full text-token-text-primary sm:AIPRM__conversation__response\" data-testid=\"conversation-turn-163\"><div class=\"px-4 py-2 justify-center text-base md:gap-6 m-auto\"><div class=\"flex flex-1 text-base mx-auto gap-3 md:px-5 lg:px-1 xl:px-5 md:max-w-3xl lg:max-w-[40rem] xl:max-w-[48rem] group final-completion\"><div class=\"relative flex w-full flex-col agent-turn\"><div class=\"flex-col gap-1 md:gap-3\"><div class=\"flex flex-grow flex-col max-w-full\"><div class=\"min-h-[20px] text-message flex flex-col items-start gap-3 whitespace-pre-wrap break-words [.text-message+&amp;]:mt-5 overflow-x-auto\" data-message-author-role=\"assistant\" data-message-id=\"5b053e7c-2b7f-4ebc-893c-37d6e9d330e7\"><div class=\"markdown prose w-full break-words dark:prose-invert dark AIPRM__conversation__response\"><p>Bacharel em Engenharia Agron\u00f4mica pela Universidade de S\u00e3o Paulo(ESALQ \/ USP); MBA em Investimento, Gest\u00e3o e Planejamento na Ind\u00fastria de CanaPECEGE \/ ESALQ \/ USP; Vice-presidente da ABCBio (Associa\u00e7\u00e3o Nacional da Ind\u00fastria deBiocontrole-2015\/2016 e 2019\/2020); Presidente ABCBio (Associa\u00e7\u00e3o Nacional da Ind\u00fastria de Biocontrole-2013\/2014 e 2017\/2018); Membro do conselho CropLife Brasil (2020\/2022); Diretor Comercial Koppert do Brasil (2011-presente).<\/p><\/div><\/div><\/div><\/div><\/div><\/div><\/div><\/div><\/div><\/div>\t\t\t\t\t\t\t\t<\/div>\n\t\t\t\t<\/div>\n\t\t\t\t\t<\/div>\n\t\t\t\t<\/div>\n\t\t\t\t\t\t\t\t<\/div>\n\t\t\t\t\t\t\t\t\t\t\t<div class=\"swiper-slide\" data-slide=\"10\" role=\"group\" aria-roledescription=\"slide\" aria-label=\"10 of 23\">\n\t\t\t\t\t\t\t<div class=\"elementor-element elementor-element-70bfc823 e-flex e-con-boxed e-con e-child\" data-id=\"70bfc823\" data-element_type=\"container\" data-e-type=\"container\" data-settings=\"{&quot;background_background&quot;:&quot;classic&quot;}\">\n\t\t\t\t\t<div class=\"e-con-inner\">\n\t\t\t\t<div class=\"elementor-element elementor-element-79f6a4de elementor-widget elementor-widget-image\" data-id=\"79f6a4de\" data-element_type=\"widget\" data-e-type=\"widget\" data-widget_type=\"image.default\">\n\t\t\t\t<div class=\"elementor-widget-container\">\n\t\t\t\t\t\t\t\t\t\t\t\t\t\t\t<img loading=\"lazy\" decoding=\"async\" width=\"500\" height=\"500\" src=\"https:\/\/jornadacafecarbononeutro.com.br\/wordpress\/wp-content\/uploads\/2024\/04\/Fernando-Nogues-Beloni.png\" class=\"attachment-large size-large wp-image-1084\" alt=\"\" srcset=\"https:\/\/jornadacafecarbononeutro.com.br\/wordpress\/wp-content\/uploads\/2024\/04\/Fernando-Nogues-Beloni.png 500w, https:\/\/jornadacafecarbononeutro.com.br\/wordpress\/wp-content\/uploads\/2024\/04\/Fernando-Nogues-Beloni-300x300.png 300w, https:\/\/jornadacafecarbononeutro.com.br\/wordpress\/wp-content\/uploads\/2024\/04\/Fernando-Nogues-Beloni-150x150.png 150w\" sizes=\"(max-width: 500px) 100vw, 500px\" \/>\t\t\t\t\t\t\t\t\t\t\t\t\t\t\t<\/div>\n\t\t\t\t<\/div>\n\t\t\t\t<div class=\"elementor-element elementor-element-93a93f4 elementor-widget__width-initial elementor-widget elementor-widget-heading\" data-id=\"93a93f4\" data-element_type=\"widget\" data-e-type=\"widget\" data-widget_type=\"heading.default\">\n\t\t\t\t<div class=\"elementor-widget-container\">\n\t\t\t\t\t<h2 class=\"elementor-heading-title elementor-size-default\">Fernando Nogues Beloni<\/h2>\t\t\t\t<\/div>\n\t\t\t\t<\/div>\n\t\t\t\t<div class=\"elementor-element elementor-element-63925243 elementor-widget-divider--view-line elementor-widget elementor-widget-divider\" data-id=\"63925243\" data-element_type=\"widget\" data-e-type=\"widget\" data-widget_type=\"divider.default\">\n\t\t\t\t<div class=\"elementor-widget-container\">\n\t\t\t\t\t\t\t<div class=\"elementor-divider\">\n\t\t\t<span class=\"elementor-divider-separator\">\n\t\t\t\t\t\t<\/span>\n\t\t<\/div>\n\t\t\t\t\t\t<\/div>\n\t\t\t\t<\/div>\n\t\t\t\t<div class=\"elementor-element elementor-element-6784cd02 elementor-widget elementor-widget-text-editor\" data-id=\"6784cd02\" data-element_type=\"widget\" data-e-type=\"widget\" data-widget_type=\"text-editor.default\">\n\t\t\t\t<div class=\"elementor-widget-container\">\n\t\t\t\t\t\t\t\t\t<div class=\"react-scroll-to-bottom--css-qneqq-1n7m0yu\"><div class=\"flex flex-col text-sm pb-9\"><div class=\"w-full text-token-text-primary sm:AIPRM__conversation__response\" data-testid=\"conversation-turn-163\"><div class=\"px-4 py-2 justify-center text-base md:gap-6 m-auto\"><div class=\"flex flex-1 text-base mx-auto gap-3 md:px-5 lg:px-1 xl:px-5 md:max-w-3xl lg:max-w-[40rem] xl:max-w-[48rem] group final-completion\"><div class=\"relative flex w-full flex-col agent-turn\"><div class=\"flex-col gap-1 md:gap-3\"><div class=\"flex flex-grow flex-col max-w-full\"><div class=\"min-h-[20px] text-message flex flex-col items-start gap-3 whitespace-pre-wrap break-words [.text-message+&amp;]:mt-5 overflow-x-auto\" data-message-author-role=\"assistant\" data-message-id=\"5b053e7c-2b7f-4ebc-893c-37d6e9d330e7\"><div class=\"markdown prose w-full break-words dark:prose-invert dark AIPRM__conversation__response\"><p>Administrador de empresas, atua na gest\u00e3o da AgroBeloni onde \u00e9 respons\u00e1vel pelo cultivo de caf\u00e9, batata, eucalipto, cebola, laranja, milho, trigo, soja e sorgo. <br \/>Destaca-se pela produ\u00e7\u00e3o de qualidade com sustentabilidade, sendo reconhecido pela ado\u00e7\u00e3o respons\u00e1vel de pr\u00e1ticas agr\u00edcolas visando a conserva\u00e7\u00e3o do meio ambiente e o bem-estar das comunidades locais, reconhecimento internacionalmente com o primeiro selo de cafeicultura regenerativa do mundo. <br \/>Presidente do Conselho de Administra\u00e7\u00e3o da Expocacer.<\/p><\/div><\/div><\/div><\/div><\/div><\/div><\/div><\/div><\/div><\/div>\t\t\t\t\t\t\t\t<\/div>\n\t\t\t\t<\/div>\n\t\t\t\t\t<\/div>\n\t\t\t\t<\/div>\n\t\t\t\t\t\t\t\t<\/div>\n\t\t\t\t\t\t\t\t\t\t\t<div class=\"swiper-slide\" data-slide=\"11\" role=\"group\" aria-roledescription=\"slide\" aria-label=\"11 of 23\">\n\t\t\t\t\t\t\t<div class=\"elementor-element elementor-element-1a95249b e-flex e-con-boxed e-con e-child\" data-id=\"1a95249b\" data-element_type=\"container\" data-e-type=\"container\" data-settings=\"{&quot;background_background&quot;:&quot;classic&quot;}\">\n\t\t\t\t\t<div class=\"e-con-inner\">\n\t\t\t\t<div class=\"elementor-element elementor-element-7511b506 elementor-widget elementor-widget-image\" data-id=\"7511b506\" data-element_type=\"widget\" data-e-type=\"widget\" data-widget_type=\"image.default\">\n\t\t\t\t<div class=\"elementor-widget-container\">\n\t\t\t\t\t\t\t\t\t\t\t\t\t\t\t<img loading=\"lazy\" decoding=\"async\" width=\"500\" height=\"500\" src=\"https:\/\/jornadacafecarbononeutro.com.br\/wordpress\/wp-content\/uploads\/2024\/03\/Francisco-Sergio.png\" class=\"attachment-large size-large wp-image-322\" alt=\"\" srcset=\"https:\/\/jornadacafecarbononeutro.com.br\/wordpress\/wp-content\/uploads\/2024\/03\/Francisco-Sergio.png 500w, https:\/\/jornadacafecarbononeutro.com.br\/wordpress\/wp-content\/uploads\/2024\/03\/Francisco-Sergio-300x300.png 300w, https:\/\/jornadacafecarbononeutro.com.br\/wordpress\/wp-content\/uploads\/2024\/03\/Francisco-Sergio-150x150.png 150w\" sizes=\"(max-width: 500px) 100vw, 500px\" \/>\t\t\t\t\t\t\t\t\t\t\t\t\t\t\t<\/div>\n\t\t\t\t<\/div>\n\t\t\t\t<div class=\"elementor-element elementor-element-6aabcf28 elementor-widget__width-initial elementor-widget elementor-widget-heading\" data-id=\"6aabcf28\" data-element_type=\"widget\" data-e-type=\"widget\" data-widget_type=\"heading.default\">\n\t\t\t\t<div class=\"elementor-widget-container\">\n\t\t\t\t\t<h2 class=\"elementor-heading-title elementor-size-default\">Francisco S\u00e9rgio de Assis<\/h2>\t\t\t\t<\/div>\n\t\t\t\t<\/div>\n\t\t\t\t<div class=\"elementor-element elementor-element-24068d03 elementor-widget-divider--view-line elementor-widget elementor-widget-divider\" data-id=\"24068d03\" data-element_type=\"widget\" data-e-type=\"widget\" data-widget_type=\"divider.default\">\n\t\t\t\t<div class=\"elementor-widget-container\">\n\t\t\t\t\t\t\t<div class=\"elementor-divider\">\n\t\t\t<span class=\"elementor-divider-separator\">\n\t\t\t\t\t\t<\/span>\n\t\t<\/div>\n\t\t\t\t\t\t<\/div>\n\t\t\t\t<\/div>\n\t\t\t\t<div class=\"elementor-element elementor-element-48a66897 elementor-widget elementor-widget-text-editor\" data-id=\"48a66897\" data-element_type=\"widget\" data-e-type=\"widget\" data-widget_type=\"text-editor.default\">\n\t\t\t\t<div class=\"elementor-widget-container\">\n\t\t\t\t\t\t\t\t\t<p>Presidente da monteCCer e da Fundaccer &#8211; Funda\u00e7\u00e3o de Desenvolvimento do Cerrado Mineiro. Diretor do Conselho Nacional do Caf\u00e9 e Membro do Conselho Deliberativo da Pol\u00edtica do Caf\u00e9, al\u00e9m de integrar o Conselho Deliberativo da Funda\u00e7\u00e3o Neumann.<\/p>\t\t\t\t\t\t\t\t<\/div>\n\t\t\t\t<\/div>\n\t\t\t\t\t<\/div>\n\t\t\t\t<\/div>\n\t\t\t\t\t\t\t\t<\/div>\n\t\t\t\t\t\t\t\t\t\t\t<div class=\"swiper-slide\" data-slide=\"12\" role=\"group\" aria-roledescription=\"slide\" aria-label=\"12 of 23\">\n\t\t\t\t\t\t\t<div class=\"elementor-element elementor-element-266df8f4 e-flex e-con-boxed e-con e-child\" data-id=\"266df8f4\" data-element_type=\"container\" data-e-type=\"container\" data-settings=\"{&quot;background_background&quot;:&quot;classic&quot;}\">\n\t\t\t\t\t<div class=\"e-con-inner\">\n\t\t\t\t<div class=\"elementor-element elementor-element-5a61ba74 elementor-widget elementor-widget-image\" data-id=\"5a61ba74\" data-element_type=\"widget\" data-e-type=\"widget\" data-widget_type=\"image.default\">\n\t\t\t\t<div class=\"elementor-widget-container\">\n\t\t\t\t\t\t\t\t\t\t\t\t\t\t\t<img loading=\"lazy\" decoding=\"async\" width=\"500\" height=\"500\" src=\"https:\/\/jornadacafecarbononeutro.com.br\/wordpress\/wp-content\/uploads\/2024\/03\/Jose-Pugas.png\" class=\"attachment-large size-large wp-image-323\" alt=\"\" srcset=\"https:\/\/jornadacafecarbononeutro.com.br\/wordpress\/wp-content\/uploads\/2024\/03\/Jose-Pugas.png 500w, https:\/\/jornadacafecarbononeutro.com.br\/wordpress\/wp-content\/uploads\/2024\/03\/Jose-Pugas-300x300.png 300w, https:\/\/jornadacafecarbononeutro.com.br\/wordpress\/wp-content\/uploads\/2024\/03\/Jose-Pugas-150x150.png 150w\" sizes=\"(max-width: 500px) 100vw, 500px\" \/>\t\t\t\t\t\t\t\t\t\t\t\t\t\t\t<\/div>\n\t\t\t\t<\/div>\n\t\t\t\t<div class=\"elementor-element elementor-element-1134df6e elementor-widget__width-initial elementor-widget elementor-widget-heading\" data-id=\"1134df6e\" data-element_type=\"widget\" data-e-type=\"widget\" data-widget_type=\"heading.default\">\n\t\t\t\t<div class=\"elementor-widget-container\">\n\t\t\t\t\t<h2 class=\"elementor-heading-title elementor-size-default\">Jos\u00e9 Pugas<\/h2>\t\t\t\t<\/div>\n\t\t\t\t<\/div>\n\t\t\t\t<div class=\"elementor-element elementor-element-6cffdfa2 elementor-widget-divider--view-line elementor-widget elementor-widget-divider\" data-id=\"6cffdfa2\" data-element_type=\"widget\" data-e-type=\"widget\" data-widget_type=\"divider.default\">\n\t\t\t\t<div class=\"elementor-widget-container\">\n\t\t\t\t\t\t\t<div class=\"elementor-divider\">\n\t\t\t<span class=\"elementor-divider-separator\">\n\t\t\t\t\t\t<\/span>\n\t\t<\/div>\n\t\t\t\t\t\t<\/div>\n\t\t\t\t<\/div>\n\t\t\t\t<div class=\"elementor-element elementor-element-3c4d3819 elementor-widget elementor-widget-text-editor\" data-id=\"3c4d3819\" data-element_type=\"widget\" data-e-type=\"widget\" data-widget_type=\"text-editor.default\">\n\t\t\t\t<div class=\"elementor-widget-container\">\n\t\t\t\t\t\t\t\t\t<p>S\u00f3cio e Head de Investimentos Respons\u00e1veis e Engajamento na JGP Asset Management. Cientista pol\u00edtico com mais de 15 anos de experi\u00eancia em sustentabilidade e finan\u00e7as, liderando projetos no Brasil e Am\u00e9rica Latina. Membro ativo de think tanks e f\u00f3runs internacionais sobre finan\u00e7as regenerativas e transi\u00e7\u00e3o justa.<\/p>\t\t\t\t\t\t\t\t<\/div>\n\t\t\t\t<\/div>\n\t\t\t\t\t<\/div>\n\t\t\t\t<\/div>\n\t\t\t\t\t\t\t\t<\/div>\n\t\t\t\t\t\t\t\t\t\t\t<div class=\"swiper-slide\" data-slide=\"13\" role=\"group\" aria-roledescription=\"slide\" aria-label=\"13 of 23\">\n\t\t\t\t\t\t\t<div class=\"elementor-element elementor-element-4ae5b446 e-flex e-con-boxed e-con e-child\" data-id=\"4ae5b446\" data-element_type=\"container\" data-e-type=\"container\" data-settings=\"{&quot;background_background&quot;:&quot;classic&quot;}\">\n\t\t\t\t\t<div class=\"e-con-inner\">\n\t\t\t\t<div class=\"elementor-element elementor-element-5a988398 elementor-widget elementor-widget-image\" data-id=\"5a988398\" data-element_type=\"widget\" data-e-type=\"widget\" data-widget_type=\"image.default\">\n\t\t\t\t<div class=\"elementor-widget-container\">\n\t\t\t\t\t\t\t\t\t\t\t\t\t\t\t<img loading=\"lazy\" decoding=\"async\" width=\"500\" height=\"500\" src=\"https:\/\/jornadacafecarbononeutro.com.br\/wordpress\/wp-content\/uploads\/2024\/03\/Marcio-Candido.png\" class=\"attachment-large size-large wp-image-726\" alt=\"\" srcset=\"https:\/\/jornadacafecarbononeutro.com.br\/wordpress\/wp-content\/uploads\/2024\/03\/Marcio-Candido.png 500w, https:\/\/jornadacafecarbononeutro.com.br\/wordpress\/wp-content\/uploads\/2024\/03\/Marcio-Candido-300x300.png 300w, https:\/\/jornadacafecarbononeutro.com.br\/wordpress\/wp-content\/uploads\/2024\/03\/Marcio-Candido-150x150.png 150w\" sizes=\"(max-width: 500px) 100vw, 500px\" \/>\t\t\t\t\t\t\t\t\t\t\t\t\t\t\t<\/div>\n\t\t\t\t<\/div>\n\t\t\t\t<div class=\"elementor-element elementor-element-7f69be4c elementor-widget__width-initial elementor-widget elementor-widget-heading\" data-id=\"7f69be4c\" data-element_type=\"widget\" data-e-type=\"widget\" data-widget_type=\"heading.default\">\n\t\t\t\t<div class=\"elementor-widget-container\">\n\t\t\t\t\t<h2 class=\"elementor-heading-title elementor-size-default\">Marcio C\u00e2ndido Ferreira<\/h2>\t\t\t\t<\/div>\n\t\t\t\t<\/div>\n\t\t\t\t<div class=\"elementor-element elementor-element-9bc401a elementor-widget-divider--view-line elementor-widget elementor-widget-divider\" data-id=\"9bc401a\" data-element_type=\"widget\" data-e-type=\"widget\" data-widget_type=\"divider.default\">\n\t\t\t\t<div class=\"elementor-widget-container\">\n\t\t\t\t\t\t\t<div class=\"elementor-divider\">\n\t\t\t<span class=\"elementor-divider-separator\">\n\t\t\t\t\t\t<\/span>\n\t\t<\/div>\n\t\t\t\t\t\t<\/div>\n\t\t\t\t<\/div>\n\t\t\t\t<div class=\"elementor-element elementor-element-1811b636 elementor-widget elementor-widget-text-editor\" data-id=\"1811b636\" data-element_type=\"widget\" data-e-type=\"widget\" data-widget_type=\"text-editor.default\">\n\t\t\t\t<div class=\"elementor-widget-container\">\n\t\t\t\t\t\t\t\t\t<p>Superintendente na Trist\u00e3o Cia de Com\u00e9rcio Exterior \/ Presidente do Conselho Deliberativo do CECAFE &#8211; Conselho dos Exportadores de Caf\u00e9 do Brasil. Ingressou no caf\u00e9 h\u00e1 45 anos, nas empresas Trist\u00e3o, no Rio de Janeiro, galgando posi\u00e7\u00f5es estrat\u00e9gicas na empresa e alcan\u00e7ando o posto de Diretor Superintendente de um dos maiores grupos empresariais do Brasil em neg\u00f3cios\u00a0com\u00a0caf\u00e9.<\/p>\t\t\t\t\t\t\t\t<\/div>\n\t\t\t\t<\/div>\n\t\t\t\t\t<\/div>\n\t\t\t\t<\/div>\n\t\t\t\t\t\t\t\t<\/div>\n\t\t\t\t\t\t\t\t\t\t\t<div class=\"swiper-slide\" data-slide=\"14\" role=\"group\" aria-roledescription=\"slide\" aria-label=\"14 of 23\">\n\t\t\t\t\t\t\t<div class=\"elementor-element elementor-element-151857ef e-flex e-con-boxed e-con e-child\" data-id=\"151857ef\" data-element_type=\"container\" data-e-type=\"container\" data-settings=\"{&quot;background_background&quot;:&quot;classic&quot;}\">\n\t\t\t\t\t<div class=\"e-con-inner\">\n\t\t\t\t<div class=\"elementor-element elementor-element-2a15a340 elementor-widget elementor-widget-image\" data-id=\"2a15a340\" data-element_type=\"widget\" data-e-type=\"widget\" data-widget_type=\"image.default\">\n\t\t\t\t<div class=\"elementor-widget-container\">\n\t\t\t\t\t\t\t\t\t\t\t\t\t\t\t<img loading=\"lazy\" decoding=\"async\" width=\"500\" height=\"500\" src=\"https:\/\/jornadacafecarbononeutro.com.br\/wordpress\/wp-content\/uploads\/2024\/03\/Marco-Antonio.png\" class=\"attachment-large size-large wp-image-324\" alt=\"\" srcset=\"https:\/\/jornadacafecarbononeutro.com.br\/wordpress\/wp-content\/uploads\/2024\/03\/Marco-Antonio.png 500w, https:\/\/jornadacafecarbononeutro.com.br\/wordpress\/wp-content\/uploads\/2024\/03\/Marco-Antonio-300x300.png 300w, https:\/\/jornadacafecarbononeutro.com.br\/wordpress\/wp-content\/uploads\/2024\/03\/Marco-Antonio-150x150.png 150w\" sizes=\"(max-width: 500px) 100vw, 500px\" \/>\t\t\t\t\t\t\t\t\t\t\t\t\t\t\t<\/div>\n\t\t\t\t<\/div>\n\t\t\t\t<div class=\"elementor-element elementor-element-794d6eae elementor-widget__width-initial elementor-widget elementor-widget-heading\" data-id=\"794d6eae\" data-element_type=\"widget\" data-e-type=\"widget\" data-widget_type=\"heading.default\">\n\t\t\t\t<div class=\"elementor-widget-container\">\n\t\t\t\t\t<h2 class=\"elementor-heading-title elementor-size-default\">Marco Ant\u00f4nio dos Santos<\/h2>\t\t\t\t<\/div>\n\t\t\t\t<\/div>\n\t\t\t\t<div class=\"elementor-element elementor-element-5ee16e1b elementor-widget-divider--view-line elementor-widget elementor-widget-divider\" data-id=\"5ee16e1b\" data-element_type=\"widget\" data-e-type=\"widget\" data-widget_type=\"divider.default\">\n\t\t\t\t<div class=\"elementor-widget-container\">\n\t\t\t\t\t\t\t<div class=\"elementor-divider\">\n\t\t\t<span class=\"elementor-divider-separator\">\n\t\t\t\t\t\t<\/span>\n\t\t<\/div>\n\t\t\t\t\t\t<\/div>\n\t\t\t\t<\/div>\n\t\t\t\t<div class=\"elementor-element elementor-element-619dd55e elementor-widget elementor-widget-text-editor\" data-id=\"619dd55e\" data-element_type=\"widget\" data-e-type=\"widget\" data-widget_type=\"text-editor.default\">\n\t\t\t\t<div class=\"elementor-widget-container\">\n\t\t\t\t\t\t\t\t\t<p>Agrometeorologista e s\u00f3cio fundador da Rural Clima. Possui mestrado e doutorado em Agrometeorologia pelo IAC, com foco em Tecnologia da Produ\u00e7\u00e3o Agr\u00edcola e impactos do clima na produ\u00e7\u00e3o cafeeira.<\/p>\t\t\t\t\t\t\t\t<\/div>\n\t\t\t\t<\/div>\n\t\t\t\t\t<\/div>\n\t\t\t\t<\/div>\n\t\t\t\t\t\t\t\t<\/div>\n\t\t\t\t\t\t\t\t\t\t\t<div class=\"swiper-slide\" data-slide=\"15\" role=\"group\" aria-roledescription=\"slide\" aria-label=\"15 of 23\">\n\t\t\t\t\t\t\t<div class=\"elementor-element elementor-element-1547dfa0 e-flex e-con-boxed e-con e-child\" data-id=\"1547dfa0\" data-element_type=\"container\" data-e-type=\"container\" data-settings=\"{&quot;background_background&quot;:&quot;classic&quot;}\">\n\t\t\t\t\t<div class=\"e-con-inner\">\n\t\t\t\t<div class=\"elementor-element elementor-element-65007ada elementor-widget elementor-widget-image\" data-id=\"65007ada\" data-element_type=\"widget\" data-e-type=\"widget\" data-widget_type=\"image.default\">\n\t\t\t\t<div class=\"elementor-widget-container\">\n\t\t\t\t\t\t\t\t\t\t\t\t\t\t\t<img loading=\"lazy\" decoding=\"async\" width=\"500\" height=\"500\" src=\"https:\/\/jornadacafecarbononeutro.com.br\/wordpress\/wp-content\/uploads\/2024\/03\/Martha-Gabriel.png\" class=\"attachment-large size-large wp-image-314\" alt=\"\" srcset=\"https:\/\/jornadacafecarbononeutro.com.br\/wordpress\/wp-content\/uploads\/2024\/03\/Martha-Gabriel.png 500w, https:\/\/jornadacafecarbononeutro.com.br\/wordpress\/wp-content\/uploads\/2024\/03\/Martha-Gabriel-300x300.png 300w, https:\/\/jornadacafecarbononeutro.com.br\/wordpress\/wp-content\/uploads\/2024\/03\/Martha-Gabriel-150x150.png 150w\" sizes=\"(max-width: 500px) 100vw, 500px\" \/>\t\t\t\t\t\t\t\t\t\t\t\t\t\t\t<\/div>\n\t\t\t\t<\/div>\n\t\t\t\t<div class=\"elementor-element elementor-element-49e95326 elementor-widget__width-initial elementor-widget elementor-widget-heading\" data-id=\"49e95326\" data-element_type=\"widget\" data-e-type=\"widget\" data-widget_type=\"heading.default\">\n\t\t\t\t<div class=\"elementor-widget-container\">\n\t\t\t\t\t<h2 class=\"elementor-heading-title elementor-size-default\">Martha Gabriel<\/h2>\t\t\t\t<\/div>\n\t\t\t\t<\/div>\n\t\t\t\t<div class=\"elementor-element elementor-element-69af42dc elementor-widget-divider--view-line elementor-widget elementor-widget-divider\" data-id=\"69af42dc\" data-element_type=\"widget\" data-e-type=\"widget\" data-widget_type=\"divider.default\">\n\t\t\t\t<div class=\"elementor-widget-container\">\n\t\t\t\t\t\t\t<div class=\"elementor-divider\">\n\t\t\t<span class=\"elementor-divider-separator\">\n\t\t\t\t\t\t<\/span>\n\t\t<\/div>\n\t\t\t\t\t\t<\/div>\n\t\t\t\t<\/div>\n\t\t\t\t<div class=\"elementor-element elementor-element-1572ddf elementor-widget elementor-widget-text-editor\" data-id=\"1572ddf\" data-element_type=\"widget\" data-e-type=\"widget\" data-widget_type=\"text-editor.default\">\n\t\t\t\t<div class=\"elementor-widget-container\">\n\t\t\t\t\t\t\t\t\t<p>P\u00f3s-Graduada em Marketing e Design, Mestre e P\u00f3s-Doutora em artes pela Escola de Comunica\u00e7\u00f5es e Artes (ECA\/USP), futurista pelo Institute for the Future (IFTF) e possui Forma\u00e7\u00e3o Executiva pelo Massachusetts Institute of Technology (MIT) Sloan. <br \/>Professora de Intelig\u00eancia Artificial na P\u00f3s-Gradua\u00e7\u00e3o da Pontif\u00edcia Universidade Cat\u00f3lica de S\u00e3o Paulo e Faculty Internacional da CrossKnowledge. Palestrante keynote internacional premiada, 8 TEDx. Embaixadora no Brasil da Geek Girls LatAm.<\/p>\t\t\t\t\t\t\t\t<\/div>\n\t\t\t\t<\/div>\n\t\t\t\t\t<\/div>\n\t\t\t\t<\/div>\n\t\t\t\t\t\t\t\t<\/div>\n\t\t\t\t\t\t\t\t\t\t\t<div class=\"swiper-slide\" data-slide=\"16\" role=\"group\" aria-roledescription=\"slide\" aria-label=\"16 of 23\">\n\t\t\t\t\t\t\t<div class=\"elementor-element elementor-element-298906dd e-flex e-con-boxed e-con e-child\" data-id=\"298906dd\" data-element_type=\"container\" data-e-type=\"container\" data-settings=\"{&quot;background_background&quot;:&quot;classic&quot;}\">\n\t\t\t\t\t<div class=\"e-con-inner\">\n\t\t\t\t<div class=\"elementor-element elementor-element-17189a46 elementor-widget elementor-widget-image\" data-id=\"17189a46\" data-element_type=\"widget\" data-e-type=\"widget\" data-widget_type=\"image.default\">\n\t\t\t\t<div class=\"elementor-widget-container\">\n\t\t\t\t\t\t\t\t\t\t\t\t\t\t\t<img loading=\"lazy\" decoding=\"async\" width=\"500\" height=\"500\" src=\"https:\/\/jornadacafecarbononeutro.com.br\/wordpress\/wp-content\/uploads\/2024\/03\/Melina-Costa.png\" class=\"attachment-large size-large wp-image-315\" alt=\"\" srcset=\"https:\/\/jornadacafecarbononeutro.com.br\/wordpress\/wp-content\/uploads\/2024\/03\/Melina-Costa.png 500w, https:\/\/jornadacafecarbononeutro.com.br\/wordpress\/wp-content\/uploads\/2024\/03\/Melina-Costa-300x300.png 300w, https:\/\/jornadacafecarbononeutro.com.br\/wordpress\/wp-content\/uploads\/2024\/03\/Melina-Costa-150x150.png 150w\" sizes=\"(max-width: 500px) 100vw, 500px\" \/>\t\t\t\t\t\t\t\t\t\t\t\t\t\t\t<\/div>\n\t\t\t\t<\/div>\n\t\t\t\t<div class=\"elementor-element elementor-element-7d6065cd elementor-widget__width-initial elementor-widget elementor-widget-heading\" data-id=\"7d6065cd\" data-element_type=\"widget\" data-e-type=\"widget\" data-widget_type=\"heading.default\">\n\t\t\t\t<div class=\"elementor-widget-container\">\n\t\t\t\t\t<h2 class=\"elementor-heading-title elementor-size-default\">Melina Costa<\/h2>\t\t\t\t<\/div>\n\t\t\t\t<\/div>\n\t\t\t\t<div class=\"elementor-element elementor-element-1457a4f2 elementor-widget-divider--view-line elementor-widget elementor-widget-divider\" data-id=\"1457a4f2\" data-element_type=\"widget\" data-e-type=\"widget\" data-widget_type=\"divider.default\">\n\t\t\t\t<div class=\"elementor-widget-container\">\n\t\t\t\t\t\t\t<div class=\"elementor-divider\">\n\t\t\t<span class=\"elementor-divider-separator\">\n\t\t\t\t\t\t<\/span>\n\t\t<\/div>\n\t\t\t\t\t\t<\/div>\n\t\t\t\t<\/div>\n\t\t\t\t<div class=\"elementor-element elementor-element-293c1d46 elementor-widget elementor-widget-text-editor\" data-id=\"293c1d46\" data-element_type=\"widget\" data-e-type=\"widget\" data-widget_type=\"text-editor.default\">\n\t\t\t\t<div class=\"elementor-widget-container\">\n\t\t\t\t\t\t\t\t\t<p>Jornalista brasileira radicada em Berlim h\u00e1 10 anos. Produz e apresenta o podcast &#8220;Economia do Futuro&#8221; sobre transi\u00e7\u00e3o para economia de carbono zero. Professora universit\u00e1ria em Berlim, com mestrado em globaliza\u00e7\u00e3o e desenvolvimento pela Universidade de Londres. Experi\u00eancia em reda\u00e7\u00f5es brasileiras como Exame e O Estado de S. Paulo.<\/p>\t\t\t\t\t\t\t\t<\/div>\n\t\t\t\t<\/div>\n\t\t\t\t\t<\/div>\n\t\t\t\t<\/div>\n\t\t\t\t\t\t\t\t<\/div>\n\t\t\t\t\t\t\t\t\t\t\t<div class=\"swiper-slide\" data-slide=\"17\" role=\"group\" aria-roledescription=\"slide\" aria-label=\"17 of 23\">\n\t\t\t\t\t\t\t<div class=\"elementor-element elementor-element-1b93484a e-flex e-con-boxed e-con e-child\" data-id=\"1b93484a\" data-element_type=\"container\" data-e-type=\"container\" data-settings=\"{&quot;background_background&quot;:&quot;classic&quot;}\">\n\t\t\t\t\t<div class=\"e-con-inner\">\n\t\t\t\t<div class=\"elementor-element elementor-element-51f36fd2 elementor-widget elementor-widget-image\" data-id=\"51f36fd2\" data-element_type=\"widget\" data-e-type=\"widget\" data-widget_type=\"image.default\">\n\t\t\t\t<div class=\"elementor-widget-container\">\n\t\t\t\t\t\t\t\t\t\t\t\t\t\t\t<img loading=\"lazy\" decoding=\"async\" width=\"500\" height=\"500\" src=\"https:\/\/jornadacafecarbononeutro.com.br\/wordpress\/wp-content\/uploads\/2024\/03\/Michael-von-Luehrt.png\" class=\"attachment-large size-large wp-image-316\" alt=\"\" srcset=\"https:\/\/jornadacafecarbononeutro.com.br\/wordpress\/wp-content\/uploads\/2024\/03\/Michael-von-Luehrt.png 500w, https:\/\/jornadacafecarbononeutro.com.br\/wordpress\/wp-content\/uploads\/2024\/03\/Michael-von-Luehrt-300x300.png 300w, https:\/\/jornadacafecarbononeutro.com.br\/wordpress\/wp-content\/uploads\/2024\/03\/Michael-von-Luehrt-150x150.png 150w\" sizes=\"(max-width: 500px) 100vw, 500px\" \/>\t\t\t\t\t\t\t\t\t\t\t\t\t\t\t<\/div>\n\t\t\t\t<\/div>\n\t\t\t\t<div class=\"elementor-element elementor-element-919aa20 elementor-widget__width-initial elementor-widget elementor-widget-heading\" data-id=\"919aa20\" data-element_type=\"widget\" data-e-type=\"widget\" data-widget_type=\"heading.default\">\n\t\t\t\t<div class=\"elementor-widget-container\">\n\t\t\t\t\t<h2 class=\"elementor-heading-title elementor-size-default\">Michael Von Luehrte<\/h2>\t\t\t\t<\/div>\n\t\t\t\t<\/div>\n\t\t\t\t<div class=\"elementor-element elementor-element-54f7532f elementor-widget-divider--view-line elementor-widget elementor-widget-divider\" data-id=\"54f7532f\" data-element_type=\"widget\" data-e-type=\"widget\" data-widget_type=\"divider.default\">\n\t\t\t\t<div class=\"elementor-widget-container\">\n\t\t\t\t\t\t\t<div class=\"elementor-divider\">\n\t\t\t<span class=\"elementor-divider-separator\">\n\t\t\t\t\t\t<\/span>\n\t\t<\/div>\n\t\t\t\t\t\t<\/div>\n\t\t\t\t<\/div>\n\t\t\t\t<div class=\"elementor-element elementor-element-30884522 elementor-widget elementor-widget-text-editor\" data-id=\"30884522\" data-element_type=\"widget\" data-e-type=\"widget\" data-widget_type=\"text-editor.default\">\n\t\t\t\t<div class=\"elementor-widget-container\">\n\t\t\t\t\t\t\t\t\t<p>Ex-secret\u00e1rio-geral da Associa\u00e7\u00e3o Su\u00ed\u00e7a do Com\u00e9rcio de Caf\u00e9, representando interesses do com\u00e9rcio de caf\u00e9 verde. Experi\u00eancia na equipe executiva da Federa\u00e7\u00e3o Europeia do Caf\u00e9, interagindo com autoridades da UE e da Su\u00ed\u00e7a sobre regulamenta\u00e7\u00f5es. Consultor independente de commodities.<\/p>\t\t\t\t\t\t\t\t<\/div>\n\t\t\t\t<\/div>\n\t\t\t\t\t<\/div>\n\t\t\t\t<\/div>\n\t\t\t\t\t\t\t\t<\/div>\n\t\t\t\t\t\t\t\t\t\t\t<div class=\"swiper-slide\" data-slide=\"18\" role=\"group\" aria-roledescription=\"slide\" aria-label=\"18 of 23\">\n\t\t\t\t\t\t\t<div class=\"elementor-element elementor-element-731851a2 e-flex e-con-boxed e-con e-child\" data-id=\"731851a2\" data-element_type=\"container\" data-e-type=\"container\" data-settings=\"{&quot;background_background&quot;:&quot;classic&quot;}\">\n\t\t\t\t\t<div class=\"e-con-inner\">\n\t\t\t\t<div class=\"elementor-element elementor-element-6c8de6d6 elementor-widget elementor-widget-image\" data-id=\"6c8de6d6\" data-element_type=\"widget\" data-e-type=\"widget\" data-widget_type=\"image.default\">\n\t\t\t\t<div class=\"elementor-widget-container\">\n\t\t\t\t\t\t\t\t\t\t\t\t\t\t\t<img loading=\"lazy\" decoding=\"async\" width=\"500\" height=\"500\" src=\"https:\/\/jornadacafecarbononeutro.com.br\/wordpress\/wp-content\/uploads\/2024\/03\/Octavio.png\" class=\"attachment-large size-large wp-image-317\" alt=\"\" srcset=\"https:\/\/jornadacafecarbononeutro.com.br\/wordpress\/wp-content\/uploads\/2024\/03\/Octavio.png 500w, https:\/\/jornadacafecarbononeutro.com.br\/wordpress\/wp-content\/uploads\/2024\/03\/Octavio-300x300.png 300w, https:\/\/jornadacafecarbononeutro.com.br\/wordpress\/wp-content\/uploads\/2024\/03\/Octavio-150x150.png 150w\" sizes=\"(max-width: 500px) 100vw, 500px\" \/>\t\t\t\t\t\t\t\t\t\t\t\t\t\t\t<\/div>\n\t\t\t\t<\/div>\n\t\t\t\t<div class=\"elementor-element elementor-element-69222d17 elementor-widget__width-initial elementor-widget elementor-widget-heading\" data-id=\"69222d17\" data-element_type=\"widget\" data-e-type=\"widget\" data-widget_type=\"heading.default\">\n\t\t\t\t<div class=\"elementor-widget-container\">\n\t\t\t\t\t<h2 class=\"elementor-heading-title elementor-size-default\">Oct\u00e1vio Pires<\/h2>\t\t\t\t<\/div>\n\t\t\t\t<\/div>\n\t\t\t\t<div class=\"elementor-element elementor-element-55227e88 elementor-widget-divider--view-line elementor-widget elementor-widget-divider\" data-id=\"55227e88\" data-element_type=\"widget\" data-e-type=\"widget\" data-widget_type=\"divider.default\">\n\t\t\t\t<div class=\"elementor-widget-container\">\n\t\t\t\t\t\t\t<div class=\"elementor-divider\">\n\t\t\t<span class=\"elementor-divider-separator\">\n\t\t\t\t\t\t<\/span>\n\t\t<\/div>\n\t\t\t\t\t\t<\/div>\n\t\t\t\t<\/div>\n\t\t\t\t<div class=\"elementor-element elementor-element-1df98d3a elementor-widget elementor-widget-text-editor\" data-id=\"1df98d3a\" data-element_type=\"widget\" data-e-type=\"widget\" data-widget_type=\"text-editor.default\">\n\t\t\t\t<div class=\"elementor-widget-container\">\n\t\t\t\t\t\t\t\t\t<p>Administrador com dois MBAs em Recursos Humanos e Marketing, al\u00e9m de curso de doc\u00eancia pela FGV. Experiente no mercado de caf\u00e9, com d\u00e9cadas de atua\u00e7\u00e3o em empresas nacionais e multinacionais, em diversos pap\u00e9is, como produtor, provador, comprador, trader e chefe da qualidade.<\/p>\t\t\t\t\t\t\t\t<\/div>\n\t\t\t\t<\/div>\n\t\t\t\t\t<\/div>\n\t\t\t\t<\/div>\n\t\t\t\t\t\t\t\t<\/div>\n\t\t\t\t\t\t\t\t\t\t\t<div class=\"swiper-slide\" data-slide=\"19\" role=\"group\" aria-roledescription=\"slide\" aria-label=\"19 of 23\">\n\t\t\t\t\t\t\t<div class=\"elementor-element elementor-element-1aea6ab9 e-flex e-con-boxed e-con e-child\" data-id=\"1aea6ab9\" data-element_type=\"container\" data-e-type=\"container\" data-settings=\"{&quot;background_background&quot;:&quot;classic&quot;}\">\n\t\t\t\t\t<div class=\"e-con-inner\">\n\t\t\t\t<div class=\"elementor-element elementor-element-116872f9 elementor-widget elementor-widget-image\" data-id=\"116872f9\" data-element_type=\"widget\" data-e-type=\"widget\" data-widget_type=\"image.default\">\n\t\t\t\t<div class=\"elementor-widget-container\">\n\t\t\t\t\t\t\t\t\t\t\t\t\t\t\t<img loading=\"lazy\" decoding=\"async\" width=\"500\" height=\"500\" src=\"https:\/\/jornadacafecarbononeutro.com.br\/wordpress\/wp-content\/uploads\/2024\/04\/Pavel-Cardoso.png\" class=\"attachment-large size-large wp-image-1335\" alt=\"\" srcset=\"https:\/\/jornadacafecarbononeutro.com.br\/wordpress\/wp-content\/uploads\/2024\/04\/Pavel-Cardoso.png 500w, https:\/\/jornadacafecarbononeutro.com.br\/wordpress\/wp-content\/uploads\/2024\/04\/Pavel-Cardoso-300x300.png 300w, https:\/\/jornadacafecarbononeutro.com.br\/wordpress\/wp-content\/uploads\/2024\/04\/Pavel-Cardoso-150x150.png 150w\" sizes=\"(max-width: 500px) 100vw, 500px\" \/>\t\t\t\t\t\t\t\t\t\t\t\t\t\t\t<\/div>\n\t\t\t\t<\/div>\n\t\t\t\t<div class=\"elementor-element elementor-element-5b75340e elementor-widget__width-initial elementor-widget elementor-widget-heading\" data-id=\"5b75340e\" data-element_type=\"widget\" data-e-type=\"widget\" data-widget_type=\"heading.default\">\n\t\t\t\t<div class=\"elementor-widget-container\">\n\t\t\t\t\t<h2 class=\"elementor-heading-title elementor-size-default\">Pavel Cardoso<\/h2>\t\t\t\t<\/div>\n\t\t\t\t<\/div>\n\t\t\t\t<div class=\"elementor-element elementor-element-7d146660 elementor-widget-divider--view-line elementor-widget elementor-widget-divider\" data-id=\"7d146660\" data-element_type=\"widget\" data-e-type=\"widget\" data-widget_type=\"divider.default\">\n\t\t\t\t<div class=\"elementor-widget-container\">\n\t\t\t\t\t\t\t<div class=\"elementor-divider\">\n\t\t\t<span class=\"elementor-divider-separator\">\n\t\t\t\t\t\t<\/span>\n\t\t<\/div>\n\t\t\t\t\t\t<\/div>\n\t\t\t\t<\/div>\n\t\t\t\t<div class=\"elementor-element elementor-element-7185f5d6 elementor-widget elementor-widget-text-editor\" data-id=\"7185f5d6\" data-element_type=\"widget\" data-e-type=\"widget\" data-widget_type=\"text-editor.default\">\n\t\t\t\t<div class=\"elementor-widget-container\">\n\t\t\t\t\t\t\t\t\t<p>Bacharel em Direito, empres\u00e1rio, s\u00f3cio gestor da empresa SOB\u00c9SA Ind\u00fastria de Alimentos Santanense e atua no caf\u00e9 h\u00e1 26 anos. Desde 2006, tem sido uma figura ativa na Associa\u00e7\u00e3o Brasileira da Ind\u00fastria de Caf\u00e9 (ABIC), uma das principais entidades do setor. Em 2011, foi nomeado membro do Conselho Deliberativo da institui\u00e7\u00e3o, posteriormente, ocupou os cargos de Vice-Presidente de Qualidade e Certifica\u00e7\u00f5es da ABIC e Vice-Presidente Jur\u00eddico. Seu compromisso com o aprimoramento da ind\u00fastria do caf\u00e9 e sua vasta experi\u00eancia o levaram a ser eleito Presidente da ABIC em 2022.<\/p>\t\t\t\t\t\t\t\t<\/div>\n\t\t\t\t<\/div>\n\t\t\t\t\t<\/div>\n\t\t\t\t<\/div>\n\t\t\t\t\t\t\t\t<\/div>\n\t\t\t\t\t\t\t\t\t\t\t<div class=\"swiper-slide\" data-slide=\"20\" role=\"group\" aria-roledescription=\"slide\" aria-label=\"20 of 23\">\n\t\t\t\t\t\t\t<div class=\"elementor-element elementor-element-42c433b2 e-flex e-con-boxed e-con e-child\" data-id=\"42c433b2\" data-element_type=\"container\" data-e-type=\"container\" data-settings=\"{&quot;background_background&quot;:&quot;classic&quot;}\">\n\t\t\t\t\t<div class=\"e-con-inner\">\n\t\t\t\t<div class=\"elementor-element elementor-element-2cb7381 elementor-widget elementor-widget-image\" data-id=\"2cb7381\" data-element_type=\"widget\" data-e-type=\"widget\" data-widget_type=\"image.default\">\n\t\t\t\t<div class=\"elementor-widget-container\">\n\t\t\t\t\t\t\t\t\t\t\t\t\t\t\t<img loading=\"lazy\" decoding=\"async\" width=\"500\" height=\"500\" src=\"https:\/\/jornadacafecarbononeutro.com.br\/wordpress\/wp-content\/uploads\/2024\/03\/Paula-Packer.png\" class=\"attachment-large size-large wp-image-318\" alt=\"\" srcset=\"https:\/\/jornadacafecarbononeutro.com.br\/wordpress\/wp-content\/uploads\/2024\/03\/Paula-Packer.png 500w, https:\/\/jornadacafecarbononeutro.com.br\/wordpress\/wp-content\/uploads\/2024\/03\/Paula-Packer-300x300.png 300w, https:\/\/jornadacafecarbononeutro.com.br\/wordpress\/wp-content\/uploads\/2024\/03\/Paula-Packer-150x150.png 150w\" sizes=\"(max-width: 500px) 100vw, 500px\" \/>\t\t\t\t\t\t\t\t\t\t\t\t\t\t\t<\/div>\n\t\t\t\t<\/div>\n\t\t\t\t<div class=\"elementor-element elementor-element-acbb43d elementor-widget__width-initial elementor-widget elementor-widget-heading\" data-id=\"acbb43d\" data-element_type=\"widget\" data-e-type=\"widget\" data-widget_type=\"heading.default\">\n\t\t\t\t<div class=\"elementor-widget-container\">\n\t\t\t\t\t<h2 class=\"elementor-heading-title elementor-size-default\">Paula Packer<\/h2>\t\t\t\t<\/div>\n\t\t\t\t<\/div>\n\t\t\t\t<div class=\"elementor-element elementor-element-758d5b21 elementor-widget-divider--view-line elementor-widget elementor-widget-divider\" data-id=\"758d5b21\" data-element_type=\"widget\" data-e-type=\"widget\" data-widget_type=\"divider.default\">\n\t\t\t\t<div class=\"elementor-widget-container\">\n\t\t\t\t\t\t\t<div class=\"elementor-divider\">\n\t\t\t<span class=\"elementor-divider-separator\">\n\t\t\t\t\t\t<\/span>\n\t\t<\/div>\n\t\t\t\t\t\t<\/div>\n\t\t\t\t<\/div>\n\t\t\t\t<div class=\"elementor-element elementor-element-528d74d9 elementor-widget elementor-widget-text-editor\" data-id=\"528d74d9\" data-element_type=\"widget\" data-e-type=\"widget\" data-widget_type=\"text-editor.default\">\n\t\t\t\t<div class=\"elementor-widget-container\">\n\t\t\t\t\t\t\t\t\t<p>Chefe Geral da Embrapa Meio Ambiente e pesquisadora desde 2010. Especialista em Agricultura e Meio Ambiente, com foco em Mudan\u00e7as Clim\u00e1ticas. Experiente em Transfer\u00eancia de Tecnologia e Inova\u00e7\u00e3o. Presidente do conselho gestor do AgNest, um hub de inova\u00e7\u00e3o para agtechs.<\/p>\t\t\t\t\t\t\t\t<\/div>\n\t\t\t\t<\/div>\n\t\t\t\t\t<\/div>\n\t\t\t\t<\/div>\n\t\t\t\t\t\t\t\t<\/div>\n\t\t\t\t\t\t\t\t\t\t\t<div class=\"swiper-slide\" data-slide=\"21\" role=\"group\" aria-roledescription=\"slide\" aria-label=\"21 of 23\">\n\t\t\t\t\t\t\t<div class=\"elementor-element elementor-element-3cf905ca e-flex e-con-boxed e-con e-child\" data-id=\"3cf905ca\" data-element_type=\"container\" data-e-type=\"container\" data-settings=\"{&quot;background_background&quot;:&quot;classic&quot;}\">\n\t\t\t\t\t<div class=\"e-con-inner\">\n\t\t\t\t<div class=\"elementor-element elementor-element-3c82b179 elementor-widget elementor-widget-image\" data-id=\"3c82b179\" data-element_type=\"widget\" data-e-type=\"widget\" data-widget_type=\"image.default\">\n\t\t\t\t<div class=\"elementor-widget-container\">\n\t\t\t\t\t\t\t\t\t\t\t\t\t\t\t<img loading=\"lazy\" decoding=\"async\" width=\"500\" height=\"500\" src=\"https:\/\/jornadacafecarbononeutro.com.br\/wordpress\/wp-content\/uploads\/2024\/04\/Peter-Lerch.png\" class=\"attachment-large size-large wp-image-1029\" alt=\"\" srcset=\"https:\/\/jornadacafecarbononeutro.com.br\/wordpress\/wp-content\/uploads\/2024\/04\/Peter-Lerch.png 500w, https:\/\/jornadacafecarbononeutro.com.br\/wordpress\/wp-content\/uploads\/2024\/04\/Peter-Lerch-300x300.png 300w, https:\/\/jornadacafecarbononeutro.com.br\/wordpress\/wp-content\/uploads\/2024\/04\/Peter-Lerch-150x150.png 150w\" sizes=\"(max-width: 500px) 100vw, 500px\" \/>\t\t\t\t\t\t\t\t\t\t\t\t\t\t\t<\/div>\n\t\t\t\t<\/div>\n\t\t\t\t<div class=\"elementor-element elementor-element-861b8cc elementor-widget__width-initial elementor-widget elementor-widget-heading\" data-id=\"861b8cc\" data-element_type=\"widget\" data-e-type=\"widget\" data-widget_type=\"heading.default\">\n\t\t\t\t<div class=\"elementor-widget-container\">\n\t\t\t\t\t<h2 class=\"elementor-heading-title elementor-size-default\">Peter Lerch<\/h2>\t\t\t\t<\/div>\n\t\t\t\t<\/div>\n\t\t\t\t<div class=\"elementor-element elementor-element-af66a06 elementor-widget-divider--view-line elementor-widget elementor-widget-divider\" data-id=\"af66a06\" data-element_type=\"widget\" data-e-type=\"widget\" data-widget_type=\"divider.default\">\n\t\t\t\t<div class=\"elementor-widget-container\">\n\t\t\t\t\t\t\t<div class=\"elementor-divider\">\n\t\t\t<span class=\"elementor-divider-separator\">\n\t\t\t\t\t\t<\/span>\n\t\t<\/div>\n\t\t\t\t\t\t<\/div>\n\t\t\t\t<\/div>\n\t\t\t\t<div class=\"elementor-element elementor-element-341eade4 elementor-widget elementor-widget-text-editor\" data-id=\"341eade4\" data-element_type=\"widget\" data-e-type=\"widget\" data-widget_type=\"text-editor.default\">\n\t\t\t\t<div class=\"elementor-widget-container\">\n\t\t\t\t\t\t\t\t\t<p>Gerente de contas de caf\u00e9s da Rainforest Alliance nos pa\u00edses n\u00f3rdicos, \u00e9 especialista em caf\u00e9 da \u00e1rvore \u00e0 x\u00edcara, com 3 d\u00e9cadas de experi\u00eancia profissional em fun\u00e7\u00f5es de negocia\u00e7\u00e3o, gerenciamento da cadeia de suprimentos, gerenciamento de contas-chave, garantia de qualidade e consultoria de neg\u00f3cios. Em seu hist\u00f3rico passou por empresas como Algrano, SINSCOM e Volcaf\u00e9.<\/p>\t\t\t\t\t\t\t\t<\/div>\n\t\t\t\t<\/div>\n\t\t\t\t\t<\/div>\n\t\t\t\t<\/div>\n\t\t\t\t\t\t\t\t<\/div>\n\t\t\t\t\t\t\t\t\t\t\t<div class=\"swiper-slide\" data-slide=\"22\" role=\"group\" aria-roledescription=\"slide\" aria-label=\"22 of 23\">\n\t\t\t\t\t\t\t<div class=\"elementor-element elementor-element-5cdb88eb e-flex e-con-boxed e-con e-child\" data-id=\"5cdb88eb\" data-element_type=\"container\" data-e-type=\"container\" data-settings=\"{&quot;background_background&quot;:&quot;classic&quot;}\">\n\t\t\t\t\t<div class=\"e-con-inner\">\n\t\t\t\t<div class=\"elementor-element elementor-element-1cfdb9fb elementor-widget elementor-widget-image\" data-id=\"1cfdb9fb\" data-element_type=\"widget\" data-e-type=\"widget\" data-widget_type=\"image.default\">\n\t\t\t\t<div class=\"elementor-widget-container\">\n\t\t\t\t\t\t\t\t\t\t\t\t\t\t\t<img loading=\"lazy\" decoding=\"async\" width=\"500\" height=\"500\" src=\"https:\/\/jornadacafecarbononeutro.com.br\/wordpress\/wp-content\/uploads\/2024\/03\/Silas-Brasileiro.png\" class=\"attachment-large size-large wp-image-319\" alt=\"\" srcset=\"https:\/\/jornadacafecarbononeutro.com.br\/wordpress\/wp-content\/uploads\/2024\/03\/Silas-Brasileiro.png 500w, https:\/\/jornadacafecarbononeutro.com.br\/wordpress\/wp-content\/uploads\/2024\/03\/Silas-Brasileiro-300x300.png 300w, https:\/\/jornadacafecarbononeutro.com.br\/wordpress\/wp-content\/uploads\/2024\/03\/Silas-Brasileiro-150x150.png 150w\" sizes=\"(max-width: 500px) 100vw, 500px\" \/>\t\t\t\t\t\t\t\t\t\t\t\t\t\t\t<\/div>\n\t\t\t\t<\/div>\n\t\t\t\t<div class=\"elementor-element elementor-element-6a3d24a7 elementor-widget__width-initial elementor-widget elementor-widget-heading\" data-id=\"6a3d24a7\" data-element_type=\"widget\" data-e-type=\"widget\" data-widget_type=\"heading.default\">\n\t\t\t\t<div class=\"elementor-widget-container\">\n\t\t\t\t\t<h2 class=\"elementor-heading-title elementor-size-default\">Silas Brasileiro<\/h2>\t\t\t\t<\/div>\n\t\t\t\t<\/div>\n\t\t\t\t<div class=\"elementor-element elementor-element-68df5baf elementor-widget-divider--view-line elementor-widget elementor-widget-divider\" data-id=\"68df5baf\" data-element_type=\"widget\" data-e-type=\"widget\" data-widget_type=\"divider.default\">\n\t\t\t\t<div class=\"elementor-widget-container\">\n\t\t\t\t\t\t\t<div class=\"elementor-divider\">\n\t\t\t<span class=\"elementor-divider-separator\">\n\t\t\t\t\t\t<\/span>\n\t\t<\/div>\n\t\t\t\t\t\t<\/div>\n\t\t\t\t<\/div>\n\t\t\t\t<div class=\"elementor-element elementor-element-4174676 elementor-widget elementor-widget-text-editor\" data-id=\"4174676\" data-element_type=\"widget\" data-e-type=\"widget\" data-widget_type=\"text-editor.default\">\n\t\t\t\t<div class=\"elementor-widget-container\">\n\t\t\t\t\t\t\t\t\t<p>Presidente Executivo do Conselho Nacional do Caf\u00e9 (CNC), produtor rural e empres\u00e1rio. Ex-deputado federal e experiente em lideran\u00e7a parlamentar, com vasto curr\u00edculo em agricultura e pol\u00edticas p\u00fablicas. Condecorado com diversas medalhas e t\u00edtulos honor\u00edficos, reconhecido por suas contribui\u00e7\u00f5es ao setor.<\/p>\t\t\t\t\t\t\t\t<\/div>\n\t\t\t\t<\/div>\n\t\t\t\t\t<\/div>\n\t\t\t\t<\/div>\n\t\t\t\t\t\t\t\t<\/div>\n\t\t\t\t\t\t\t\t\t\t\t<div class=\"swiper-slide\" data-slide=\"23\" role=\"group\" aria-roledescription=\"slide\" aria-label=\"23 of 23\">\n\t\t\t\t\t\t\t<div class=\"elementor-element elementor-element-427b98d e-flex e-con-boxed e-con e-child\" data-id=\"427b98d\" data-element_type=\"container\" data-e-type=\"container\" data-settings=\"{&quot;background_background&quot;:&quot;classic&quot;}\">\n\t\t\t\t\t<div class=\"e-con-inner\">\n\t\t\t\t<div class=\"elementor-element elementor-element-7d7e957e elementor-widget elementor-widget-image\" data-id=\"7d7e957e\" data-element_type=\"widget\" data-e-type=\"widget\" data-widget_type=\"image.default\">\n\t\t\t\t<div class=\"elementor-widget-container\">\n\t\t\t\t\t\t\t\t\t\t\t\t\t\t\t<img loading=\"lazy\" decoding=\"async\" width=\"500\" height=\"500\" src=\"https:\/\/jornadacafecarbononeutro.com.br\/wordpress\/wp-content\/uploads\/2024\/05\/Thomas-Altmann.png\" class=\"attachment-large size-large wp-image-1642\" alt=\"\" srcset=\"https:\/\/jornadacafecarbononeutro.com.br\/wordpress\/wp-content\/uploads\/2024\/05\/Thomas-Altmann.png 500w, https:\/\/jornadacafecarbononeutro.com.br\/wordpress\/wp-content\/uploads\/2024\/05\/Thomas-Altmann-300x300.png 300w, https:\/\/jornadacafecarbononeutro.com.br\/wordpress\/wp-content\/uploads\/2024\/05\/Thomas-Altmann-150x150.png 150w\" sizes=\"(max-width: 500px) 100vw, 500px\" \/>\t\t\t\t\t\t\t\t\t\t\t\t\t\t\t<\/div>\n\t\t\t\t<\/div>\n\t\t\t\t<div class=\"elementor-element elementor-element-3cbacadd elementor-widget__width-initial elementor-widget elementor-widget-heading\" data-id=\"3cbacadd\" data-element_type=\"widget\" data-e-type=\"widget\" data-widget_type=\"heading.default\">\n\t\t\t\t<div class=\"elementor-widget-container\">\n\t\t\t\t\t<h2 class=\"elementor-heading-title elementor-size-default\">Thomas Altmann<\/h2>\t\t\t\t<\/div>\n\t\t\t\t<\/div>\n\t\t\t\t<div class=\"elementor-element elementor-element-29b4c30f elementor-widget-divider--view-line elementor-widget elementor-widget-divider\" data-id=\"29b4c30f\" data-element_type=\"widget\" data-e-type=\"widget\" data-widget_type=\"divider.default\">\n\t\t\t\t<div class=\"elementor-widget-container\">\n\t\t\t\t\t\t\t<div class=\"elementor-divider\">\n\t\t\t<span class=\"elementor-divider-separator\">\n\t\t\t\t\t\t<\/span>\n\t\t<\/div>\n\t\t\t\t\t\t<\/div>\n\t\t\t\t<\/div>\n\t\t\t\t<div class=\"elementor-element elementor-element-3f63d4f6 elementor-widget elementor-widget-text-editor\" data-id=\"3f63d4f6\" data-element_type=\"widget\" data-e-type=\"widget\" data-widget_type=\"text-editor.default\">\n\t\t\t\t<div class=\"elementor-widget-container\">\n\t\t\t\t\t\t\t\t\t<p>Engenheiro Agr\u00f4nomo e Bacharel em Administra\u00e7\u00e3o de Empresas; Possui Mestrado em Ci\u00eancia de Sementes, Especializa\u00e7\u00e3o em Prote\u00e7\u00e3o de Cultivos e Especializa\u00e7\u00e3o em Marketing; Mais de 30 anos de experi\u00eancia no mercado do agroneg\u00f3cio; L\u00edder de Marketing e Desenvolvimento de Neg\u00f3cios Biol\u00f3gicos na Syngenta para o Brasil e Latam.<\/p>\t\t\t\t\t\t\t\t<\/div>\n\t\t\t\t<\/div>\n\t\t\t\t\t<\/div>\n\t\t\t\t<\/div>\n\t\t\t\t\t\t\t\t<\/div>\n\t\t\t\t\t\t\t\t<\/div>\n\t\t<\/div>\n\t\t\t\t\t<div class=\"elementor-swiper-button elementor-swiper-button-prev\" role=\"button\" tabindex=\"0\" aria-label=\"Previous\">\n\t\t\t\t<svg aria-hidden=\"true\" class=\"e-font-icon-svg e-eicon-chevron-left\" viewBox=\"0 0 1000 1000\" xmlns=\"http:\/\/www.w3.org\/2000\/svg\"><path d=\"M646 125C629 125 613 133 604 142L308 442C296 454 292 471 292 487 292 504 296 521 308 533L604 854C617 867 629 875 646 875 663 875 679 871 692 858 704 846 713 829 713 812 713 796 708 779 692 767L438 487 692 225C700 217 708 204 708 187 708 171 704 154 692 142 675 129 663 125 646 125Z\"><\/path><\/svg>\t\t\t<\/div>\n\t\t\t<div class=\"elementor-swiper-button elementor-swiper-button-next\" role=\"button\" tabindex=\"0\" aria-label=\"Next\">\n\t\t\t\t<svg aria-hidden=\"true\" class=\"e-font-icon-svg e-eicon-chevron-right\" viewBox=\"0 0 1000 1000\" xmlns=\"http:\/\/www.w3.org\/2000\/svg\"><path d=\"M696 533C708 521 713 504 713 487 713 471 708 454 696 446L400 146C388 133 375 125 354 125 338 125 325 129 313 142 300 154 292 171 292 187 292 204 296 221 308 233L563 492 304 771C292 783 288 800 288 817 288 833 296 850 308 863 321 871 338 875 354 875 371 875 388 867 400 854L696 533Z\"><\/path><\/svg>\t\t\t<\/div>\n\t\t\t\t\t<div class=\"swiper-pagination\"><\/div>\n\t\t\t\t\t\t<\/div>\n\t\t\t\t<\/div>\n\t\t\t\t<\/div>\n\t\t<div class=\"elementor-element elementor-element-7cae594 e-flex e-con-boxed e-con e-parent\" data-id=\"7cae594\" data-element_type=\"container\" data-e-type=\"container\" id=\"local\" data-settings=\"{&quot;background_background&quot;:&quot;classic&quot;}\">\n\t\t\t\t\t<div class=\"e-con-inner\">\n\t\t\t\t<div class=\"elementor-element elementor-element-e6ab45d elementor-widget elementor-widget-heading\" data-id=\"e6ab45d\" data-element_type=\"widget\" data-e-type=\"widget\" data-widget_type=\"heading.default\">\n\t\t\t\t<div class=\"elementor-widget-container\">\n\t\t\t\t\t<h2 class=\"elementor-heading-title elementor-size-default\">local de realiza\u00e7\u00e3o<\/h2>\t\t\t\t<\/div>\n\t\t\t\t<\/div>\n\t\t\t\t<div class=\"elementor-element elementor-element-267b8327 elementor-widget__width-initial elementor-widget elementor-widget-text-editor\" data-id=\"267b8327\" data-element_type=\"widget\" data-e-type=\"widget\" data-widget_type=\"text-editor.default\">\n\t\t\t\t<div class=\"elementor-widget-container\">\n\t\t\t\t\t\t\t\t\t<p data-pm-slice=\"1 1 []\">A 2\u00aa Jornada acontecer\u00e1 em <b>Monte Carmelo<\/b>, na Regi\u00e3o do <b>Cerrado Mineiro<\/b>, a apenas 100 km de Uberl\u00e2ndia. Uma regi\u00e3o que lidera o caminho da sustentabilidade na cafeicultura, sendo reconhecida mundialmente por suas pr\u00e1ticas ambientais e governan\u00e7a.<\/p>\t\t\t\t\t\t\t\t<\/div>\n\t\t\t\t<\/div>\n\t\t\t\t<div class=\"elementor-element elementor-element-59d08915 elementor-widget__width-initial elementor-widget elementor-widget-text-editor\" data-id=\"59d08915\" data-element_type=\"widget\" data-e-type=\"widget\" data-widget_type=\"text-editor.default\">\n\t\t\t\t<div class=\"elementor-widget-container\">\n\t\t\t\t\t\t\t\t\t<p data-pm-slice=\"1 1 []\">O Cerrado Mineiro \u00e9 pioneiro no tema, abrigando a\u00a0<strong>1\u00aa Cooperativa<\/strong> de caf\u00e9 do mundo (monteCCer) certificada pela <strong>Preferred by Nature<\/strong>, al\u00e9m da primeira cooperativa com certifica\u00e7\u00e3o regenerativa pela <strong>Regenagri\u00ae <\/strong>(Expocacer).<\/p>\t\t\t\t\t\t\t\t<\/div>\n\t\t\t\t<\/div>\n\t\t\t\t<div class=\"elementor-element elementor-element-b06b261 elementor-widget elementor-widget-image\" data-id=\"b06b261\" data-element_type=\"widget\" data-e-type=\"widget\" data-widget_type=\"image.default\">\n\t\t\t\t<div class=\"elementor-widget-container\">\n\t\t\t\t\t\t\t\t\t\t\t\t\t\t\t<img loading=\"lazy\" decoding=\"async\" width=\"800\" height=\"659\" src=\"https:\/\/jornadacafecarbononeutro.com.br\/wordpress\/wp-content\/uploads\/2026\/04\/jornada-cafe-mapa-1024x844.webp\" class=\"attachment-large size-large wp-image-1803\" alt=\"\" srcset=\"https:\/\/jornadacafecarbononeutro.com.br\/wordpress\/wp-content\/uploads\/2026\/04\/jornada-cafe-mapa-1024x844.webp 1024w, https:\/\/jornadacafecarbononeutro.com.br\/wordpress\/wp-content\/uploads\/2026\/04\/jornada-cafe-mapa-300x247.webp 300w, https:\/\/jornadacafecarbononeutro.com.br\/wordpress\/wp-content\/uploads\/2026\/04\/jornada-cafe-mapa-768x633.webp 768w, https:\/\/jornadacafecarbononeutro.com.br\/wordpress\/wp-content\/uploads\/2026\/04\/jornada-cafe-mapa.webp 1310w\" sizes=\"(max-width: 800px) 100vw, 800px\" \/>\t\t\t\t\t\t\t\t\t\t\t\t\t\t\t<\/div>\n\t\t\t\t<\/div>\n\t\t\t\t\t<\/div>\n\t\t\t\t<\/div>\n\t\t<div class=\"elementor-element elementor-element-276f4714 e-flex e-con-boxed e-con e-parent\" data-id=\"276f4714\" data-element_type=\"container\" data-e-type=\"container\" data-settings=\"{&quot;background_background&quot;:&quot;classic&quot;}\">\n\t\t\t\t\t<div class=\"e-con-inner\">\n\t\t\t\t<div class=\"elementor-element elementor-element-7bb7865a elementor-widget elementor-widget-heading\" data-id=\"7bb7865a\" data-element_type=\"widget\" data-e-type=\"widget\" data-widget_type=\"heading.default\">\n\t\t\t\t<div class=\"elementor-widget-container\">\n\t\t\t\t\t<h2 class=\"elementor-heading-title elementor-size-default\">a \u00faltima edi\u00e7\u00e3o<\/h2>\t\t\t\t<\/div>\n\t\t\t\t<\/div>\n\t\t\t\t<div class=\"elementor-element elementor-element-f368a42 elementor-widget__width-initial elementor-widget-mobile__width-inherit elementor-widget elementor-widget-video\" data-id=\"f368a42\" data-element_type=\"widget\" data-e-type=\"widget\" data-settings=\"{&quot;youtube_url&quot;:&quot;https:\\\/\\\/youtu.be\\\/XOJVJfo_IW8&quot;,&quot;video_type&quot;:&quot;youtube&quot;,&quot;controls&quot;:&quot;yes&quot;}\" data-widget_type=\"video.default\">\n\t\t\t\t<div class=\"elementor-widget-container\">\n\t\t\t\t\t\t\t<div class=\"elementor-wrapper elementor-open-inline\">\n\t\t\t<div class=\"elementor-video\"><\/div>\t\t<\/div>\n\t\t\t\t\t\t<\/div>\n\t\t\t\t<\/div>\n\t\t\t\t<div class=\"elementor-element elementor-element-22791b0 elementor-widget elementor-widget-html\" data-id=\"22791b0\" data-element_type=\"widget\" data-e-type=\"widget\" data-widget_type=\"html.default\">\n\t\t\t\t<div class=\"elementor-widget-container\">\n\t\t\t\t\t<script>\r\n(function () {\r\n  var header = document.querySelector('.elementor-element'); \/\/ ajuste o seletor se necess\u00e1rio\r\n\r\n  window.addEventListener('scroll', function () {\r\n    if (window.scrollY >= 60) {\r\n      header.classList.add('scrolled');\r\n    } else {\r\n      header.classList.remove('scrolled');\r\n    }\r\n  }, { passive: true });\r\n})();\r\n<\/script>\t\t\t\t<\/div>\n\t\t\t\t<\/div>\n\t\t\t\t\t<\/div>\n\t\t\t\t<\/div>\n\t\t<div class=\"elementor-element elementor-element-34301f66 e-flex e-con-boxed e-con e-parent\" data-id=\"34301f66\" data-element_type=\"container\" data-e-type=\"container\" id=\"patrocinador\" data-settings=\"{&quot;background_background&quot;:&quot;classic&quot;}\">\n\t\t\t\t\t<div class=\"e-con-inner\">\n\t\t<div class=\"elementor-element elementor-element-7589b165 e-flex e-con-boxed e-con e-child\" data-id=\"7589b165\" data-element_type=\"container\" data-e-type=\"container\">\n\t\t\t\t\t<div class=\"e-con-inner\">\n\t\t\t\t<div class=\"elementor-element elementor-element-4b9e805e elementor-widget elementor-widget-heading\" data-id=\"4b9e805e\" data-element_type=\"widget\" data-e-type=\"widget\" data-widget_type=\"heading.default\">\n\t\t\t\t<div class=\"elementor-widget-container\">\n\t\t\t\t\t<h2 class=\"elementor-heading-title elementor-size-default\">seja um<\/h2>\t\t\t\t<\/div>\n\t\t\t\t<\/div>\n\t\t\t\t<div class=\"elementor-element elementor-element-65bf233 elementor-widget elementor-widget-heading\" data-id=\"65bf233\" data-element_type=\"widget\" data-e-type=\"widget\" data-widget_type=\"heading.default\">\n\t\t\t\t<div class=\"elementor-widget-container\">\n\t\t\t\t\t<h2 class=\"elementor-heading-title elementor-size-default\">patrocinador<\/h2>\t\t\t\t<\/div>\n\t\t\t\t<\/div>\n\t\t\t\t<div class=\"elementor-element elementor-element-7bbfdba elementor-widget elementor-widget-image\" data-id=\"7bbfdba\" data-element_type=\"widget\" data-e-type=\"widget\" data-widget_type=\"image.default\">\n\t\t\t\t<div class=\"elementor-widget-container\">\n\t\t\t\t\t\t\t\t\t\t\t\t\t\t\t<img loading=\"lazy\" decoding=\"async\" width=\"800\" height=\"515\" src=\"https:\/\/jornadacafecarbononeutro.com.br\/wordpress\/wp-content\/uploads\/2026\/04\/jornada-patrocine-2.webp\" class=\"attachment-large size-large wp-image-1773\" alt=\"\" srcset=\"https:\/\/jornadacafecarbononeutro.com.br\/wordpress\/wp-content\/uploads\/2026\/04\/jornada-patrocine-2.webp 850w, https:\/\/jornadacafecarbononeutro.com.br\/wordpress\/wp-content\/uploads\/2026\/04\/jornada-patrocine-2-300x193.webp 300w, https:\/\/jornadacafecarbononeutro.com.br\/wordpress\/wp-content\/uploads\/2026\/04\/jornada-patrocine-2-768x494.webp 768w\" sizes=\"(max-width: 800px) 100vw, 800px\" \/>\t\t\t\t\t\t\t\t\t\t\t\t\t\t\t<\/div>\n\t\t\t\t<\/div>\n\t\t\t\t\t<\/div>\n\t\t\t\t<\/div>\n\t\t<div class=\"elementor-element elementor-element-4d193c15 e-flex e-con-boxed e-con e-child\" data-id=\"4d193c15\" data-element_type=\"container\" data-e-type=\"container\">\n\t\t\t\t\t<div class=\"e-con-inner\">\n\t\t\t\t<div class=\"elementor-element elementor-element-645bc45d elementor-widget elementor-widget-text-editor\" data-id=\"645bc45d\" data-element_type=\"widget\" data-e-type=\"widget\" data-widget_type=\"text-editor.default\">\n\t\t\t\t<div class=\"elementor-widget-container\">\n\t\t\t\t\t\t\t\t\t<p data-pm-slice=\"1 1 []\">Seja parte deste movimento transformador! Para mais informa\u00e7\u00f5es sobre cotas de patroc\u00ednio, entre em contato conosco.<\/p>\t\t\t\t\t\t\t\t<\/div>\n\t\t\t\t<\/div>\n\t\t<div class=\"elementor-element elementor-element-6ac6d783 e-flex e-con-boxed e-con e-child\" data-id=\"6ac6d783\" data-element_type=\"container\" data-e-type=\"container\" data-settings=\"{&quot;background_background&quot;:&quot;classic&quot;}\">\n\t\t\t\t\t<div class=\"e-con-inner\">\n\t\t\t\t<div class=\"elementor-element elementor-element-745cc187 elementor-widget elementor-widget-heading\" data-id=\"745cc187\" data-element_type=\"widget\" data-e-type=\"widget\" data-widget_type=\"heading.default\">\n\t\t\t\t<div class=\"elementor-widget-container\">\n\t\t\t\t\t<h2 class=\"elementor-heading-title elementor-size-default\"><b>Mais informa\u00e7\u00f5es:<\/h2>\t\t\t\t<\/div>\n\t\t\t\t<\/div>\n\t\t\t\t<div class=\"elementor-element elementor-element-252cbe8c elementor-icon-list--layout-traditional elementor-list-item-link-full_width elementor-widget elementor-widget-icon-list\" data-id=\"252cbe8c\" data-element_type=\"widget\" data-e-type=\"widget\" data-widget_type=\"icon-list.default\">\n\t\t\t\t<div class=\"elementor-widget-container\">\n\t\t\t\t\t\t\t<ul class=\"elementor-icon-list-items\">\n\t\t\t\t\t\t\t<li class=\"elementor-icon-list-item\">\n\t\t\t\t\t\t\t\t\t\t\t<span class=\"elementor-icon-list-icon\">\n\t\t\t\t\t\t\t<svg aria-hidden=\"true\" class=\"e-font-icon-svg e-far-envelope\" viewBox=\"0 0 512 512\" xmlns=\"http:\/\/www.w3.org\/2000\/svg\"><path d=\"M464 64H48C21.49 64 0 85.49 0 112v288c0 26.51 21.49 48 48 48h416c26.51 0 48-21.49 48-48V112c0-26.51-21.49-48-48-48zm0 48v40.805c-22.422 18.259-58.168 46.651-134.587 106.49-16.841 13.247-50.201 45.072-73.413 44.701-23.208.375-56.579-31.459-73.413-44.701C106.18 199.465 70.425 171.067 48 152.805V112h416zM48 400V214.398c22.914 18.251 55.409 43.862 104.938 82.646 21.857 17.205 60.134 55.186 103.062 54.955 42.717.231 80.509-37.199 103.053-54.947 49.528-38.783 82.032-64.401 104.947-82.653V400H48z\"><\/path><\/svg>\t\t\t\t\t\t<\/span>\n\t\t\t\t\t\t\t\t\t\t<span class=\"elementor-icon-list-text\">comunicacao01@monteccer.com.br<\/span>\n\t\t\t\t\t\t\t\t\t<\/li>\n\t\t\t\t\t\t\t\t<li class=\"elementor-icon-list-item\">\n\t\t\t\t\t\t\t\t\t\t\t<span class=\"elementor-icon-list-icon\">\n\t\t\t\t\t\t\t<svg aria-hidden=\"true\" class=\"e-font-icon-svg e-fas-phone-alt\" viewBox=\"0 0 512 512\" xmlns=\"http:\/\/www.w3.org\/2000\/svg\"><path d=\"M497.39 361.8l-112-48a24 24 0 0 0-28 6.9l-49.6 60.6A370.66 370.66 0 0 1 130.6 204.11l60.6-49.6a23.94 23.94 0 0 0 6.9-28l-48-112A24.16 24.16 0 0 0 122.6.61l-104 24A24 24 0 0 0 0 48c0 256.5 207.9 464 464 464a24 24 0 0 0 23.4-18.6l24-104a24.29 24.29 0 0 0-14.01-27.6z\"><\/path><\/svg>\t\t\t\t\t\t<\/span>\n\t\t\t\t\t\t\t\t\t\t<span class=\"elementor-icon-list-text\">(34) 9 9904-8409<\/span>\n\t\t\t\t\t\t\t\t\t<\/li>\n\t\t\t\t\t\t<\/ul>\n\t\t\t\t\t\t<\/div>\n\t\t\t\t<\/div>\n\t\t\t\t\t<\/div>\n\t\t\t\t<\/div>\n\t\t\t\t<div class=\"elementor-element elementor-element-0ef5a8b elementor-align-left elementor-widget elementor-widget-button\" data-id=\"0ef5a8b\" data-element_type=\"widget\" data-e-type=\"widget\" data-widget_type=\"button.default\">\n\t\t\t\t<div class=\"elementor-widget-container\">\n\t\t\t\t\t\t\t\t\t<div class=\"elementor-button-wrapper\">\n\t\t\t\t\t<a class=\"elementor-button elementor-button-link elementor-size-sm elementor-animation-pulse\" href=\"#elementor-action%3Aaction%3Dpopup%3Aopen%26settings%3DeyJpZCI6IjM3NyIsInRvZ2dsZSI6ZmFsc2V9\">\n\t\t\t\t\t\t<span class=\"elementor-button-content-wrapper\">\n\t\t\t\t\t\t\t\t\t<span class=\"elementor-button-text\">Seja um Patrocinador<\/span>\n\t\t\t\t\t<\/span>\n\t\t\t\t\t<\/a>\n\t\t\t\t<\/div>\n\t\t\t\t\t\t\t\t<\/div>\n\t\t\t\t<\/div>\n\t\t\t\t\t<\/div>\n\t\t\t\t<\/div>\n\t\t\t\t\t<\/div>\n\t\t\t\t<\/div>\n\t\t<div class=\"elementor-element elementor-element-7bc75752 e-con-full e-flex e-con e-parent\" data-id=\"7bc75752\" data-element_type=\"container\" data-e-type=\"container\" id=\"inscricao\" data-settings=\"{&quot;background_background&quot;:&quot;classic&quot;}\">\n\t\t<div class=\"elementor-element elementor-element-51d81f00 e-flex e-con-boxed e-con e-child\" data-id=\"51d81f00\" data-element_type=\"container\" data-e-type=\"container\" data-settings=\"{&quot;background_background&quot;:&quot;classic&quot;}\">\n\t\t\t\t\t<div class=\"e-con-inner\">\n\t\t<div class=\"elementor-element elementor-element-77ea33e e-flex e-con-boxed e-con e-child\" data-id=\"77ea33e\" data-element_type=\"container\" data-e-type=\"container\" data-settings=\"{&quot;background_background&quot;:&quot;classic&quot;}\">\n\t\t\t\t\t<div class=\"e-con-inner\">\n\t\t<div class=\"elementor-element elementor-element-13491d69 e-flex e-con-boxed e-con e-child\" data-id=\"13491d69\" data-element_type=\"container\" data-e-type=\"container\" data-settings=\"{&quot;background_background&quot;:&quot;gradient&quot;}\">\n\t\t\t\t\t<div class=\"e-con-inner\">\n\t\t\t\t<div class=\"elementor-element elementor-element-4797d291 elementor-widget elementor-widget-heading\" data-id=\"4797d291\" data-element_type=\"widget\" data-e-type=\"widget\" data-widget_type=\"heading.default\">\n\t\t\t\t<div class=\"elementor-widget-container\">\n\t\t\t\t\t<h4 class=\"elementor-heading-title elementor-size-default\">2\u00aa Jornada Caf\u00e9 Carbono Neutro<\/h4>\t\t\t\t<\/div>\n\t\t\t\t<\/div>\n\t\t\t\t<div class=\"elementor-element elementor-element-7279ecd2 elementor-widget elementor-widget-heading\" data-id=\"7279ecd2\" data-element_type=\"widget\" data-e-type=\"widget\" data-widget_type=\"heading.default\">\n\t\t\t\t<div class=\"elementor-widget-container\">\n\t\t\t\t\t<p class=\"elementor-heading-title elementor-size-default\">Junte-se a n\u00f3s!<\/p>\t\t\t\t<\/div>\n\t\t\t\t<\/div>\n\t\t\t\t\t<\/div>\n\t\t\t\t<\/div>\n\t\t<div class=\"elementor-element elementor-element-6c6e1143 e-flex e-con-boxed e-con e-child\" data-id=\"6c6e1143\" data-element_type=\"container\" data-e-type=\"container\">\n\t\t\t\t\t<div class=\"e-con-inner\">\n\t\t\t\t<div class=\"elementor-element elementor-element-45ccc2b2 elementor-widget elementor-widget-heading\" data-id=\"45ccc2b2\" data-element_type=\"widget\" data-e-type=\"widget\" data-widget_type=\"heading.default\">\n\t\t\t\t<div class=\"elementor-widget-container\">\n\t\t\t\t\t<h2 class=\"elementor-heading-title elementor-size-default\">Ingresso Solid\u00e1rio<\/h2>\t\t\t\t<\/div>\n\t\t\t\t<\/div>\n\t\t\t\t\t<\/div>\n\t\t\t\t<\/div>\n\t\t\t\t<div class=\"elementor-element elementor-element-30d26b2b elementor-widget elementor-widget-heading\" data-id=\"30d26b2b\" data-element_type=\"widget\" data-e-type=\"widget\" data-widget_type=\"heading.default\">\n\t\t\t\t<div class=\"elementor-widget-container\">\n\t\t\t\t\t<p class=\"elementor-heading-title elementor-size-default\">**O valor arrecadado ser\u00e1 destinado a uma institui\u00e7\u00e3o filantr\u00f3pica a ser definida.<\/p>\t\t\t\t<\/div>\n\t\t\t\t<\/div>\n\t\t\t\t<div class=\"elementor-element elementor-element-3a3989f5 elementor-align-center elementor-icon-list--layout-traditional elementor-list-item-link-full_width elementor-widget elementor-widget-icon-list\" data-id=\"3a3989f5\" data-element_type=\"widget\" data-e-type=\"widget\" data-widget_type=\"icon-list.default\">\n\t\t\t\t<div class=\"elementor-widget-container\">\n\t\t\t\t\t\t\t<ul class=\"elementor-icon-list-items\">\n\t\t\t\t\t\t\t<li class=\"elementor-icon-list-item\">\n\t\t\t\t\t\t\t\t\t\t\t<span class=\"elementor-icon-list-icon\">\n\t\t\t\t\t\t\t<svg aria-hidden=\"true\" class=\"e-font-icon-svg e-far-check-circle\" viewBox=\"0 0 512 512\" xmlns=\"http:\/\/www.w3.org\/2000\/svg\"><path d=\"M256 8C119.033 8 8 119.033 8 256s111.033 248 248 248 248-111.033 248-248S392.967 8 256 8zm0 48c110.532 0 200 89.451 200 200 0 110.532-89.451 200-200 200-110.532 0-200-89.451-200-200 0-110.532 89.451-200 200-200m140.204 130.267l-22.536-22.718c-4.667-4.705-12.265-4.736-16.97-.068L215.346 303.697l-59.792-60.277c-4.667-4.705-12.265-4.736-16.97-.069l-22.719 22.536c-4.705 4.667-4.736 12.265-.068 16.971l90.781 91.516c4.667 4.705 12.265 4.736 16.97.068l172.589-171.204c4.704-4.668 4.734-12.266.067-16.971z\"><\/path><\/svg>\t\t\t\t\t\t<\/span>\n\t\t\t\t\t\t\t\t\t\t<span class=\"elementor-icon-list-text\">Palestras<\/span>\n\t\t\t\t\t\t\t\t\t<\/li>\n\t\t\t\t\t\t\t\t<li class=\"elementor-icon-list-item\">\n\t\t\t\t\t\t\t\t\t\t\t<span class=\"elementor-icon-list-icon\">\n\t\t\t\t\t\t\t<svg aria-hidden=\"true\" class=\"e-font-icon-svg e-far-check-circle\" viewBox=\"0 0 512 512\" xmlns=\"http:\/\/www.w3.org\/2000\/svg\"><path d=\"M256 8C119.033 8 8 119.033 8 256s111.033 248 248 248 248-111.033 248-248S392.967 8 256 8zm0 48c110.532 0 200 89.451 200 200 0 110.532-89.451 200-200 200-110.532 0-200-89.451-200-200 0-110.532 89.451-200 200-200m140.204 130.267l-22.536-22.718c-4.667-4.705-12.265-4.736-16.97-.068L215.346 303.697l-59.792-60.277c-4.667-4.705-12.265-4.736-16.97-.069l-22.719 22.536c-4.705 4.667-4.736 12.265-.068 16.971l90.781 91.516c4.667 4.705 12.265 4.736 16.97.068l172.589-171.204c4.704-4.668 4.734-12.266.067-16.971z\"><\/path><\/svg>\t\t\t\t\t\t<\/span>\n\t\t\t\t\t\t\t\t\t\t<span class=\"elementor-icon-list-text\">Pain\u00e9is<\/span>\n\t\t\t\t\t\t\t\t\t<\/li>\n\t\t\t\t\t\t\t\t<li class=\"elementor-icon-list-item\">\n\t\t\t\t\t\t\t\t\t\t\t<span class=\"elementor-icon-list-icon\">\n\t\t\t\t\t\t\t<svg aria-hidden=\"true\" class=\"e-font-icon-svg e-far-check-circle\" viewBox=\"0 0 512 512\" xmlns=\"http:\/\/www.w3.org\/2000\/svg\"><path d=\"M256 8C119.033 8 8 119.033 8 256s111.033 248 248 248 248-111.033 248-248S392.967 8 256 8zm0 48c110.532 0 200 89.451 200 200 0 110.532-89.451 200-200 200-110.532 0-200-89.451-200-200 0-110.532 89.451-200 200-200m140.204 130.267l-22.536-22.718c-4.667-4.705-12.265-4.736-16.97-.068L215.346 303.697l-59.792-60.277c-4.667-4.705-12.265-4.736-16.97-.069l-22.719 22.536c-4.705 4.667-4.736 12.265-.068 16.971l90.781 91.516c4.667 4.705 12.265 4.736 16.97.068l172.589-171.204c4.704-4.668 4.734-12.266.067-16.971z\"><\/path><\/svg>\t\t\t\t\t\t<\/span>\n\t\t\t\t\t\t\t\t\t\t<span class=\"elementor-icon-list-text\">Networking<\/span>\n\t\t\t\t\t\t\t\t\t<\/li>\n\t\t\t\t\t\t<\/ul>\n\t\t\t\t\t\t<\/div>\n\t\t\t\t<\/div>\n\t\t\t\t<div class=\"elementor-element elementor-element-9d3219f elementor-mobile-align-justify elementor-align-center elementor-widget elementor-widget-button\" data-id=\"9d3219f\" data-element_type=\"widget\" data-e-type=\"widget\" data-widget_type=\"button.default\">\n\t\t\t\t<div class=\"elementor-widget-container\">\n\t\t\t\t\t\t\t\t\t<div class=\"elementor-button-wrapper\">\n\t\t\t\t\t<a class=\"elementor-button elementor-button-link elementor-size-sm elementor-animation-pulse\" href=\"#elementor-action%3Aaction%3Dpopup%3Aopen%26settings%3DeyJpZCI6IjE3NCIsInRvZ2dsZSI6ZmFsc2V9\" target=\"_blank\">\n\t\t\t\t\t\t<span class=\"elementor-button-content-wrapper\">\n\t\t\t\t\t\t\t\t\t<span class=\"elementor-button-text\">Inscreva-se Agora<\/span>\n\t\t\t\t\t<\/span>\n\t\t\t\t\t<\/a>\n\t\t\t\t<\/div>\n\t\t\t\t\t\t\t\t<\/div>\n\t\t\t\t<\/div>\n\t\t\t\t\t<\/div>\n\t\t\t\t<\/div>\n\t\t\t\t\t<\/div>\n\t\t\t\t<\/div>\n\t\t\t\t<\/div>\n\t\t<div class=\"elementor-element elementor-element-f7e6a86 e-flex e-con-boxed e-con e-parent\" data-id=\"f7e6a86\" data-element_type=\"container\" data-e-type=\"container\" data-settings=\"{&quot;background_background&quot;:&quot;classic&quot;}\">\n\t\t\t\t\t<div class=\"e-con-inner\">\n\t\t\t\t<div class=\"elementor-element elementor-element-177e02d0 elementor-widget elementor-widget-heading\" data-id=\"177e02d0\" data-element_type=\"widget\" data-e-type=\"widget\" data-widget_type=\"heading.default\">\n\t\t\t\t<div class=\"elementor-widget-container\">\n\t\t\t\t\t<p class=\"elementor-heading-title elementor-size-default\"><a href=\"https:\/\/jornadacafecarbononeutro.com.br\/wordpress\/politica-de-privacidade\/\">Pol\u00edtica de Privacidade<\/a><\/p>\t\t\t\t<\/div>\n\t\t\t\t<\/div>\n\t\t\t\t<div class=\"elementor-element elementor-element-571768e6 elementor-widget elementor-widget-heading\" data-id=\"571768e6\" data-element_type=\"widget\" data-e-type=\"widget\" data-widget_type=\"heading.default\">\n\t\t\t\t<div class=\"elementor-widget-container\">\n\t\t\t\t\t<p class=\"elementor-heading-title elementor-size-default\">2026, Jornada Caf\u00e9 Carbono Neutro. Todos os Direitos Reservados\u00a9<\/p>\t\t\t\t<\/div>\n\t\t\t\t<\/div>\n\t\t\t\t<div class=\"elementor-element elementor-element-35856f6 elementor-shape-rounded elementor-grid-0 e-grid-align-center elementor-widget elementor-widget-social-icons\" data-id=\"35856f6\" data-element_type=\"widget\" data-e-type=\"widget\" data-widget_type=\"social-icons.default\">\n\t\t\t\t<div class=\"elementor-widget-container\">\n\t\t\t\t\t\t\t<div class=\"elementor-social-icons-wrapper elementor-grid\" role=\"list\">\n\t\t\t\t\t\t\t<span class=\"elementor-grid-item\" role=\"listitem\">\n\t\t\t\t\t<a class=\"elementor-icon elementor-social-icon elementor-social-icon-instagram elementor-repeater-item-7b3ee0e\" href=\"https:\/\/www.instagram.com\/monteccer\/\" target=\"_blank\">\n\t\t\t\t\t\t<span class=\"elementor-screen-only\">Instagram<\/span>\n\t\t\t\t\t\t<svg aria-hidden=\"true\" class=\"e-font-icon-svg e-fab-instagram\" viewBox=\"0 0 448 512\" xmlns=\"http:\/\/www.w3.org\/2000\/svg\"><path d=\"M224.1 141c-63.6 0-114.9 51.3-114.9 114.9s51.3 114.9 114.9 114.9S339 319.5 339 255.9 287.7 141 224.1 141zm0 189.6c-41.1 0-74.7-33.5-74.7-74.7s33.5-74.7 74.7-74.7 74.7 33.5 74.7 74.7-33.6 74.7-74.7 74.7zm146.4-194.3c0 14.9-12 26.8-26.8 26.8-14.9 0-26.8-12-26.8-26.8s12-26.8 26.8-26.8 26.8 12 26.8 26.8zm76.1 27.2c-1.7-35.9-9.9-67.7-36.2-93.9-26.2-26.2-58-34.4-93.9-36.2-37-2.1-147.9-2.1-184.9 0-35.8 1.7-67.6 9.9-93.9 36.1s-34.4 58-36.2 93.9c-2.1 37-2.1 147.9 0 184.9 1.7 35.9 9.9 67.7 36.2 93.9s58 34.4 93.9 36.2c37 2.1 147.9 2.1 184.9 0 35.9-1.7 67.7-9.9 93.9-36.2 26.2-26.2 34.4-58 36.2-93.9 2.1-37 2.1-147.8 0-184.8zM398.8 388c-7.8 19.6-22.9 34.7-42.6 42.6-29.5 11.7-99.5 9-132.1 9s-102.7 2.6-132.1-9c-19.6-7.8-34.7-22.9-42.6-42.6-11.7-29.5-9-99.5-9-132.1s-2.6-102.7 9-132.1c7.8-19.6 22.9-34.7 42.6-42.6 29.5-11.7 99.5-9 132.1-9s102.7-2.6 132.1 9c19.6 7.8 34.7 22.9 42.6 42.6 11.7 29.5 9 99.5 9 132.1s2.7 102.7-9 132.1z\"><\/path><\/svg>\t\t\t\t\t<\/a>\n\t\t\t\t<\/span>\n\t\t\t\t\t\t\t<span class=\"elementor-grid-item\" role=\"listitem\">\n\t\t\t\t\t<a class=\"elementor-icon elementor-social-icon elementor-social-icon-linkedin-in elementor-repeater-item-9f47b9d\" href=\"https:\/\/www.linkedin.com\/company\/monteccer\/\" target=\"_blank\">\n\t\t\t\t\t\t<span class=\"elementor-screen-only\">Linkedin-in<\/span>\n\t\t\t\t\t\t<svg aria-hidden=\"true\" class=\"e-font-icon-svg e-fab-linkedin-in\" viewBox=\"0 0 448 512\" xmlns=\"http:\/\/www.w3.org\/2000\/svg\"><path d=\"M100.28 448H7.4V148.9h92.88zM53.79 108.1C24.09 108.1 0 83.5 0 53.8a53.79 53.79 0 0 1 107.58 0c0 29.7-24.1 54.3-53.79 54.3zM447.9 448h-92.68V302.4c0-34.7-.7-79.2-48.29-79.2-48.29 0-55.69 37.7-55.69 76.7V448h-92.78V148.9h89.08v40.8h1.3c12.4-23.5 42.69-48.3 87.88-48.3 94 0 111.28 61.9 111.28 142.3V448z\"><\/path><\/svg>\t\t\t\t\t<\/a>\n\t\t\t\t<\/span>\n\t\t\t\t\t<\/div>\n\t\t\t\t\t\t<\/div>\n\t\t\t\t<\/div>\n\t\t\t\t\t<\/div>\n\t\t\t\t<\/div>\n\t\t<div class=\"elementor-element elementor-element-54d1c9b8 e-flex e-con-boxed e-con e-parent\" data-id=\"54d1c9b8\" data-element_type=\"container\" data-e-type=\"container\" data-settings=\"{&quot;background_background&quot;:&quot;classic&quot;}\">\n\t\t\t\t\t<div class=\"e-con-inner\">\n\t\t<div class=\"elementor-element elementor-element-16727f19 e-con-full e-flex e-con e-child\" data-id=\"16727f19\" data-element_type=\"container\" data-e-type=\"container\">\n\t\t\t\t<div class=\"elementor-element elementor-element-7286b26d elementor-widget elementor-widget-heading\" data-id=\"7286b26d\" data-element_type=\"widget\" data-e-type=\"widget\" data-widget_type=\"heading.default\">\n\t\t\t\t<div class=\"elementor-widget-container\">\n\t\t\t\t\t<p class=\"elementor-heading-title elementor-size-default\"><a href=\"https:\/\/jornadacafecarbononeutro.com.br\/wordpress\/politica-de-privacidade\/\">Desenvolvido por<\/a><\/p>\t\t\t\t<\/div>\n\t\t\t\t<\/div>\n\t\t\t\t<div class=\"elementor-element elementor-element-95d6c08 elementor-widget elementor-widget-image\" data-id=\"95d6c08\" data-element_type=\"widget\" data-e-type=\"widget\" data-widget_type=\"image.default\">\n\t\t\t\t<div class=\"elementor-widget-container\">\n\t\t\t\t\t\t\t\t\t\t\t\t\t\t\t\t<a href=\"https:\/\/midiatica.com\" target=\"_blank\">\n\t\t\t\t\t\t\t<img decoding=\"async\" src=\"https:\/\/jornadacafecarbononeutro.com.br\/wordpress\/wp-content\/uploads\/elementor\/thumbs\/Logo-Midiatica_B5-qmlmwpne94533a4d07vkvxpq1beyn9l04ikg0cpr56.png\" title=\"logo midiatica O mercado e o Caf\u00e9 Carbono Neutro\" alt=\"logo midiatica O mercado e o Caf\u00e9 Carbono Neutro\" loading=\"lazy\" \/>\t\t\t\t\t\t\t\t<\/a>\n\t\t\t\t\t\t\t\t\t\t\t\t\t\t\t<\/div>\n\t\t\t\t<\/div>\n\t\t\t\t<\/div>\n\t\t\t\t\t<\/div>\n\t\t\t\t<\/div>\n\t\t\t\t<\/div>\n\t\t","protected":false},"excerpt":{"rendered":"<p>10 de Junho In\u00edcio O Evento Programa\u00e7\u00e3o Local de Realiza\u00e7\u00e3o 15 de Maio In\u00edcio O Evento Programa\u00e7\u00e3o Local de Realiza\u00e7\u00e3o Seja um Patrocinador Inscreva-se Agora o evento A 3\u00aa Jornada consolida a monteCCer como protagonista na cafeicultura do futuro. Al\u00e9m da neutralidade de carbono, o foco agora \u00e9 o Caf\u00e9 Regenerativo: um modelo que prioriza [&hellip;]<\/p>\n","protected":false},"author":1,"featured_media":0,"parent":0,"menu_order":0,"comment_status":"closed","ping_status":"closed","template":"elementor_canvas","meta":{"footnotes":""},"class_list":["post-1705","page","type-page","status-publish","hentry"],"yoast_head":"<!-- This site is optimized with the Yoast SEO plugin v27.5 - https:\/\/yoast.com\/product\/yoast-seo-wordpress\/ -->\n<title>Jornada O Mercado, o carbono e o caf\u00e9 regenerativo - Jornada O mercado, o carbono e o caf\u00e9 regenerativo<\/title>\n<meta name=\"robots\" content=\"index, follow, max-snippet:-1, max-image-preview:large, max-video-preview:-1\" \/>\n<link rel=\"canonical\" href=\"https:\/\/jornadacafecarbononeutro.com.br\/wordpress\/\" \/>\n<meta property=\"og:locale\" content=\"pt_BR\" \/>\n<meta property=\"og:type\" content=\"article\" \/>\n<meta property=\"og:title\" content=\"Jornada O Mercado, o carbono e o caf\u00e9 regenerativo - Jornada O mercado, o carbono e o caf\u00e9 regenerativo\" \/>\n<meta property=\"og:description\" content=\"10 de Junho In\u00edcio O Evento Programa\u00e7\u00e3o Local de Realiza\u00e7\u00e3o 15 de Maio In\u00edcio O Evento Programa\u00e7\u00e3o Local de Realiza\u00e7\u00e3o Seja um Patrocinador Inscreva-se Agora o evento A 3\u00aa Jornada consolida a monteCCer como protagonista na cafeicultura do futuro. Al\u00e9m da neutralidade de carbono, o foco agora \u00e9 o Caf\u00e9 Regenerativo: um modelo que prioriza [&hellip;]\" \/>\n<meta property=\"og:url\" content=\"https:\/\/jornadacafecarbononeutro.com.br\/wordpress\/\" \/>\n<meta property=\"og:site_name\" content=\"Jornada O mercado, o carbono e o caf\u00e9 regenerativo\" \/>\n<meta property=\"article:modified_time\" content=\"2026-04-29T11:11:10+00:00\" \/>\n<meta property=\"og:image\" content=\"https:\/\/jornadacafecarbononeutro.com.br\/wordpress\/wp-content\/uploads\/2026\/04\/logo-jornada.webp\" \/>\n\t<meta property=\"og:image:width\" content=\"208\" \/>\n\t<meta property=\"og:image:height\" content=\"109\" \/>\n\t<meta property=\"og:image:type\" content=\"image\/webp\" \/>\n<meta name=\"twitter:card\" content=\"summary_large_image\" \/>\n<meta name=\"twitter:label1\" content=\"Est. tempo de leitura\" \/>\n\t<meta name=\"twitter:data1\" content=\"29 minutos\" \/>\n<script type=\"application\/ld+json\" class=\"yoast-schema-graph\">{\"@context\":\"https:\\\/\\\/schema.org\",\"@graph\":[{\"@type\":\"WebPage\",\"@id\":\"https:\\\/\\\/jornadacafecarbononeutro.com.br\\\/wordpress\\\/\",\"url\":\"https:\\\/\\\/jornadacafecarbononeutro.com.br\\\/wordpress\\\/\",\"name\":\"Jornada O Mercado, o carbono e o caf\u00e9 regenerativo - Jornada O mercado, o carbono e o caf\u00e9 regenerativo\",\"isPartOf\":{\"@id\":\"https:\\\/\\\/jornadacafecarbononeutro.com.br\\\/wordpress\\\/#website\"},\"primaryImageOfPage\":{\"@id\":\"https:\\\/\\\/jornadacafecarbononeutro.com.br\\\/wordpress\\\/#primaryimage\"},\"image\":{\"@id\":\"https:\\\/\\\/jornadacafecarbononeutro.com.br\\\/wordpress\\\/#primaryimage\"},\"thumbnailUrl\":\"https:\\\/\\\/jornadacafecarbononeutro.com.br\\\/wordpress\\\/wp-content\\\/uploads\\\/2026\\\/04\\\/logo-jornada.webp\",\"datePublished\":\"2026-04-21T16:49:04+00:00\",\"dateModified\":\"2026-04-29T11:11:10+00:00\",\"breadcrumb\":{\"@id\":\"https:\\\/\\\/jornadacafecarbononeutro.com.br\\\/wordpress\\\/#breadcrumb\"},\"inLanguage\":\"pt-BR\",\"potentialAction\":[{\"@type\":\"ReadAction\",\"target\":[\"https:\\\/\\\/jornadacafecarbononeutro.com.br\\\/wordpress\\\/\"]}]},{\"@type\":\"ImageObject\",\"inLanguage\":\"pt-BR\",\"@id\":\"https:\\\/\\\/jornadacafecarbononeutro.com.br\\\/wordpress\\\/#primaryimage\",\"url\":\"https:\\\/\\\/jornadacafecarbononeutro.com.br\\\/wordpress\\\/wp-content\\\/uploads\\\/2026\\\/04\\\/logo-jornada.webp\",\"contentUrl\":\"https:\\\/\\\/jornadacafecarbononeutro.com.br\\\/wordpress\\\/wp-content\\\/uploads\\\/2026\\\/04\\\/logo-jornada.webp\",\"width\":208,\"height\":109},{\"@type\":\"BreadcrumbList\",\"@id\":\"https:\\\/\\\/jornadacafecarbononeutro.com.br\\\/wordpress\\\/#breadcrumb\",\"itemListElement\":[{\"@type\":\"ListItem\",\"position\":1,\"name\":\"In\u00edcio\",\"item\":\"https:\\\/\\\/jornadacafecarbononeutro.com.br\\\/wordpress\\\/\"},{\"@type\":\"ListItem\",\"position\":2,\"name\":\"Jornada O Mercado, o carbono e o caf\u00e9 regenerativo\"}]},{\"@type\":\"WebSite\",\"@id\":\"https:\\\/\\\/jornadacafecarbononeutro.com.br\\\/wordpress\\\/#website\",\"url\":\"https:\\\/\\\/jornadacafecarbononeutro.com.br\\\/wordpress\\\/\",\"name\":\"2\u00aa Jornada O mercado e o Caf\u00e9 Carbono Neutro\",\"description\":\"Jornada O mercado, o carbono e o caf\u00e9 regenerativo\",\"publisher\":{\"@id\":\"https:\\\/\\\/jornadacafecarbononeutro.com.br\\\/wordpress\\\/#organization\"},\"potentialAction\":[{\"@type\":\"SearchAction\",\"target\":{\"@type\":\"EntryPoint\",\"urlTemplate\":\"https:\\\/\\\/jornadacafecarbononeutro.com.br\\\/wordpress\\\/?s={search_term_string}\"},\"query-input\":{\"@type\":\"PropertyValueSpecification\",\"valueRequired\":true,\"valueName\":\"search_term_string\"}}],\"inLanguage\":\"pt-BR\"},{\"@type\":\"Organization\",\"@id\":\"https:\\\/\\\/jornadacafecarbononeutro.com.br\\\/wordpress\\\/#organization\",\"name\":\"2\u00aa Jornada O mercado e o Caf\u00e9 Carbono Neutro\",\"url\":\"https:\\\/\\\/jornadacafecarbononeutro.com.br\\\/wordpress\\\/\",\"logo\":{\"@type\":\"ImageObject\",\"inLanguage\":\"pt-BR\",\"@id\":\"https:\\\/\\\/jornadacafecarbononeutro.com.br\\\/wordpress\\\/#\\\/schema\\\/logo\\\/image\\\/\",\"url\":\"https:\\\/\\\/jornadacafecarbononeutro.com.br\\\/wordpress\\\/wp-content\\\/uploads\\\/2024\\\/03\\\/cropped-cropped-Mais-Verde_grande.png\",\"contentUrl\":\"https:\\\/\\\/jornadacafecarbononeutro.com.br\\\/wordpress\\\/wp-content\\\/uploads\\\/2024\\\/03\\\/cropped-cropped-Mais-Verde_grande.png\",\"width\":512,\"height\":512,\"caption\":\"2\u00aa Jornada O mercado e o Caf\u00e9 Carbono Neutro\"},\"image\":{\"@id\":\"https:\\\/\\\/jornadacafecarbononeutro.com.br\\\/wordpress\\\/#\\\/schema\\\/logo\\\/image\\\/\"}}]}<\/script>\n<!-- \/ Yoast SEO plugin. -->","yoast_head_json":{"title":"Jornada O Mercado, o carbono e o caf\u00e9 regenerativo - Jornada O mercado, o carbono e o caf\u00e9 regenerativo","robots":{"index":"index","follow":"follow","max-snippet":"max-snippet:-1","max-image-preview":"max-image-preview:large","max-video-preview":"max-video-preview:-1"},"canonical":"https:\/\/jornadacafecarbononeutro.com.br\/wordpress\/","og_locale":"pt_BR","og_type":"article","og_title":"Jornada O Mercado, o carbono e o caf\u00e9 regenerativo - Jornada O mercado, o carbono e o caf\u00e9 regenerativo","og_description":"10 de Junho In\u00edcio O Evento Programa\u00e7\u00e3o Local de Realiza\u00e7\u00e3o 15 de Maio In\u00edcio O Evento Programa\u00e7\u00e3o Local de Realiza\u00e7\u00e3o Seja um Patrocinador Inscreva-se Agora o evento A 3\u00aa Jornada consolida a monteCCer como protagonista na cafeicultura do futuro. Al\u00e9m da neutralidade de carbono, o foco agora \u00e9 o Caf\u00e9 Regenerativo: um modelo que prioriza [&hellip;]","og_url":"https:\/\/jornadacafecarbononeutro.com.br\/wordpress\/","og_site_name":"Jornada O mercado, o carbono e o caf\u00e9 regenerativo","article_modified_time":"2026-04-29T11:11:10+00:00","og_image":[{"width":208,"height":109,"url":"https:\/\/jornadacafecarbononeutro.com.br\/wordpress\/wp-content\/uploads\/2026\/04\/logo-jornada.webp","type":"image\/webp"}],"twitter_card":"summary_large_image","twitter_misc":{"Est. tempo de leitura":"29 minutos"},"schema":{"@context":"https:\/\/schema.org","@graph":[{"@type":"WebPage","@id":"https:\/\/jornadacafecarbononeutro.com.br\/wordpress\/","url":"https:\/\/jornadacafecarbononeutro.com.br\/wordpress\/","name":"Jornada O Mercado, o carbono e o caf\u00e9 regenerativo - Jornada O mercado, o carbono e o caf\u00e9 regenerativo","isPartOf":{"@id":"https:\/\/jornadacafecarbononeutro.com.br\/wordpress\/#website"},"primaryImageOfPage":{"@id":"https:\/\/jornadacafecarbononeutro.com.br\/wordpress\/#primaryimage"},"image":{"@id":"https:\/\/jornadacafecarbononeutro.com.br\/wordpress\/#primaryimage"},"thumbnailUrl":"https:\/\/jornadacafecarbononeutro.com.br\/wordpress\/wp-content\/uploads\/2026\/04\/logo-jornada.webp","datePublished":"2026-04-21T16:49:04+00:00","dateModified":"2026-04-29T11:11:10+00:00","breadcrumb":{"@id":"https:\/\/jornadacafecarbononeutro.com.br\/wordpress\/#breadcrumb"},"inLanguage":"pt-BR","potentialAction":[{"@type":"ReadAction","target":["https:\/\/jornadacafecarbononeutro.com.br\/wordpress\/"]}]},{"@type":"ImageObject","inLanguage":"pt-BR","@id":"https:\/\/jornadacafecarbononeutro.com.br\/wordpress\/#primaryimage","url":"https:\/\/jornadacafecarbononeutro.com.br\/wordpress\/wp-content\/uploads\/2026\/04\/logo-jornada.webp","contentUrl":"https:\/\/jornadacafecarbononeutro.com.br\/wordpress\/wp-content\/uploads\/2026\/04\/logo-jornada.webp","width":208,"height":109},{"@type":"BreadcrumbList","@id":"https:\/\/jornadacafecarbononeutro.com.br\/wordpress\/#breadcrumb","itemListElement":[{"@type":"ListItem","position":1,"name":"In\u00edcio","item":"https:\/\/jornadacafecarbononeutro.com.br\/wordpress\/"},{"@type":"ListItem","position":2,"name":"Jornada O Mercado, o carbono e o caf\u00e9 regenerativo"}]},{"@type":"WebSite","@id":"https:\/\/jornadacafecarbononeutro.com.br\/wordpress\/#website","url":"https:\/\/jornadacafecarbononeutro.com.br\/wordpress\/","name":"2\u00aa Jornada O mercado e o Caf\u00e9 Carbono Neutro","description":"Jornada O mercado, o carbono e o caf\u00e9 regenerativo","publisher":{"@id":"https:\/\/jornadacafecarbononeutro.com.br\/wordpress\/#organization"},"potentialAction":[{"@type":"SearchAction","target":{"@type":"EntryPoint","urlTemplate":"https:\/\/jornadacafecarbononeutro.com.br\/wordpress\/?s={search_term_string}"},"query-input":{"@type":"PropertyValueSpecification","valueRequired":true,"valueName":"search_term_string"}}],"inLanguage":"pt-BR"},{"@type":"Organization","@id":"https:\/\/jornadacafecarbononeutro.com.br\/wordpress\/#organization","name":"2\u00aa Jornada O mercado e o Caf\u00e9 Carbono Neutro","url":"https:\/\/jornadacafecarbononeutro.com.br\/wordpress\/","logo":{"@type":"ImageObject","inLanguage":"pt-BR","@id":"https:\/\/jornadacafecarbononeutro.com.br\/wordpress\/#\/schema\/logo\/image\/","url":"https:\/\/jornadacafecarbononeutro.com.br\/wordpress\/wp-content\/uploads\/2024\/03\/cropped-cropped-Mais-Verde_grande.png","contentUrl":"https:\/\/jornadacafecarbononeutro.com.br\/wordpress\/wp-content\/uploads\/2024\/03\/cropped-cropped-Mais-Verde_grande.png","width":512,"height":512,"caption":"2\u00aa Jornada O mercado e o Caf\u00e9 Carbono Neutro"},"image":{"@id":"https:\/\/jornadacafecarbononeutro.com.br\/wordpress\/#\/schema\/logo\/image\/"}}]}},"_links":{"self":[{"href":"https:\/\/jornadacafecarbononeutro.com.br\/wordpress\/wp-json\/wp\/v2\/pages\/1705","targetHints":{"allow":["GET"]}}],"collection":[{"href":"https:\/\/jornadacafecarbononeutro.com.br\/wordpress\/wp-json\/wp\/v2\/pages"}],"about":[{"href":"https:\/\/jornadacafecarbononeutro.com.br\/wordpress\/wp-json\/wp\/v2\/types\/page"}],"author":[{"embeddable":true,"href":"https:\/\/jornadacafecarbononeutro.com.br\/wordpress\/wp-json\/wp\/v2\/users\/1"}],"replies":[{"embeddable":true,"href":"https:\/\/jornadacafecarbononeutro.com.br\/wordpress\/wp-json\/wp\/v2\/comments?post=1705"}],"version-history":[{"count":88,"href":"https:\/\/jornadacafecarbononeutro.com.br\/wordpress\/wp-json\/wp\/v2\/pages\/1705\/revisions"}],"predecessor-version":[{"id":1832,"href":"https:\/\/jornadacafecarbononeutro.com.br\/wordpress\/wp-json\/wp\/v2\/pages\/1705\/revisions\/1832"}],"wp:attachment":[{"href":"https:\/\/jornadacafecarbononeutro.com.br\/wordpress\/wp-json\/wp\/v2\/media?parent=1705"}],"curies":[{"name":"wp","href":"https:\/\/api.w.org\/{rel}","templated":true}]}}